{"id":4795,"date":"2021-10-19T15:21:07","date_gmt":"2021-10-19T13:21:07","guid":{"rendered":"https:\/\/ecrevis.eco\/site\/?page_id=4795"},"modified":"2025-06-30T11:42:07","modified_gmt":"2025-06-30T09:42:07","slug":"valeurs","status":"publish","type":"page","link":"https:\/\/ecrevis.eco\/site\/valeurs\/","title":{"rendered":"les valeurs"},"content":{"rendered":"\t\t<div data-elementor-type=\"wp-page\" data-elementor-id=\"4795\" class=\"elementor elementor-4795\">\n\t\t\t\t\t\t<section class=\"elementor-section elementor-top-section elementor-element elementor-element-afed2df elementor-section-boxed elementor-section-height-default elementor-section-height-default\" data-id=\"afed2df\" data-element_type=\"section\">\n\t\t\t\t\t\t<div class=\"elementor-container elementor-column-gap-default\">\n\t\t\t\t\t<div class=\"elementor-column elementor-col-100 elementor-top-column elementor-element elementor-element-4313c57\" data-id=\"4313c57\" data-element_type=\"column\">\n\t\t\t<div class=\"elementor-widget-wrap elementor-element-populated\">\n\t\t\t\t\t\t<div class=\"elementor-element elementor-element-2b4fd18 elementor-widget elementor-widget-heading\" data-id=\"2b4fd18\" data-element_type=\"widget\" data-widget_type=\"heading.default\">\n\t\t\t\t<div class=\"elementor-widget-container\">\n\t\t\t\t\t<h1 class=\"elementor-heading-title elementor-size-default\">CHARTE DES VALEURS DE L'ECREVIS<\/h1>\t\t\t\t<\/div>\n\t\t\t\t<\/div>\n\t\t\t\t\t<\/div>\n\t\t<\/div>\n\t\t\t\t\t<\/div>\n\t\t<\/section>\n\t\t\t\t<section class=\"elementor-section elementor-top-section elementor-element elementor-element-ce87ad4 elementor-section-boxed elementor-section-height-default elementor-section-height-default\" data-id=\"ce87ad4\" data-element_type=\"section\">\n\t\t\t\t\t\t<div class=\"elementor-container elementor-column-gap-default\">\n\t\t\t\t\t<div class=\"elementor-column elementor-col-100 elementor-top-column elementor-element elementor-element-ed447c1\" data-id=\"ed447c1\" data-element_type=\"column\">\n\t\t\t<div class=\"elementor-widget-wrap elementor-element-populated\">\n\t\t\t\t\t\t<div class=\"elementor-element elementor-element-afb3111 elementor-widget elementor-widget-heading\" data-id=\"afb3111\" data-element_type=\"widget\" data-widget_type=\"heading.default\">\n\t\t\t\t<div class=\"elementor-widget-container\">\n\t\t\t\t\t<h2 class=\"elementor-heading-title elementor-size-default\">UNE VISION<\/h2>\t\t\t\t<\/div>\n\t\t\t\t<\/div>\n\t\t\t\t\t<\/div>\n\t\t<\/div>\n\t\t\t\t\t<\/div>\n\t\t<\/section>\n\t\t\t\t<section class=\"elementor-section elementor-top-section elementor-element elementor-element-849f1b8 elementor-section-boxed elementor-section-height-default elementor-section-height-default\" data-id=\"849f1b8\" data-element_type=\"section\">\n\t\t\t\t\t\t<div class=\"elementor-container elementor-column-gap-default\">\n\t\t\t\t\t<div class=\"elementor-column elementor-col-100 elementor-top-column elementor-element elementor-element-4488f2d\" data-id=\"4488f2d\" data-element_type=\"column\">\n\t\t\t<div class=\"elementor-widget-wrap elementor-element-populated\">\n\t\t\t\t\t\t<div class=\"elementor-element elementor-element-7238bf6 elementor-widget elementor-widget-text-editor\" data-id=\"7238bf6\" data-element_type=\"widget\" data-widget_type=\"text-editor.default\">\n\t\t\t\t<div class=\"elementor-widget-container\">\n\t\t\t\t\t\t\t\t\t<p>Penser et Cr\u00e9er un autre mod\u00e8le de Soci\u00e9t\u00e9, plus juste et solidaire, gr\u00e2ce aux Communs, afin de permettre une \u00e9mancipation* collective et individuelle.<br \/>*<em>Action de s&rsquo;affranchir d&rsquo;un lien, d&rsquo;une entrave, d&rsquo;un \u00e9tat de d\u00e9pendance, d&rsquo;une domination, d&rsquo;un pr\u00e9jug\u00e9.<\/em><\/p>\t\t\t\t\t\t\t\t<\/div>\n\t\t\t\t<\/div>\n\t\t\t\t<div class=\"elementor-element elementor-element-12950b2 elementor-widget elementor-widget-heading\" data-id=\"12950b2\" data-element_type=\"widget\" data-widget_type=\"heading.default\">\n\t\t\t\t<div class=\"elementor-widget-container\">\n\t\t\t\t\t<h1 class=\"elementor-heading-title elementor-size-default\">5 VALEURS<\/h1>\t\t\t\t<\/div>\n\t\t\t\t<\/div>\n\t\t\t\t\t<\/div>\n\t\t<\/div>\n\t\t\t\t\t<\/div>\n\t\t<\/section>\n\t\t\t\t<section class=\"elementor-section elementor-top-section elementor-element elementor-element-a1c8a52 elementor-section-boxed elementor-section-height-default elementor-section-height-default\" data-id=\"a1c8a52\" data-element_type=\"section\">\n\t\t\t\t\t\t<div class=\"elementor-container elementor-column-gap-default\">\n\t\t\t\t\t<div class=\"elementor-column elementor-col-100 elementor-top-column elementor-element elementor-element-eed1c47\" data-id=\"eed1c47\" data-element_type=\"column\">\n\t\t\t<div class=\"elementor-widget-wrap elementor-element-populated\">\n\t\t\t\t\t\t<div class=\"elementor-element elementor-element-152c82b elementor-widget elementor-widget-heading\" data-id=\"152c82b\" data-element_type=\"widget\" data-widget_type=\"heading.default\">\n\t\t\t\t<div class=\"elementor-widget-container\">\n\t\t\t\t\t<h2 class=\"elementor-heading-title elementor-size-default\">CR\u00c9ATIVIT\u00c9<\/h2>\t\t\t\t<\/div>\n\t\t\t\t<\/div>\n\t\t\t\t\t<\/div>\n\t\t<\/div>\n\t\t\t\t\t<\/div>\n\t\t<\/section>\n\t\t\t\t<section class=\"elementor-section elementor-top-section elementor-element elementor-element-2e3b95a elementor-section-boxed elementor-section-height-default elementor-section-height-default\" data-id=\"2e3b95a\" data-element_type=\"section\">\n\t\t\t\t\t\t<div class=\"elementor-container elementor-column-gap-default\">\n\t\t\t\t\t<div class=\"elementor-column elementor-col-100 elementor-top-column elementor-element elementor-element-b728351\" data-id=\"b728351\" data-element_type=\"column\">\n\t\t\t<div class=\"elementor-widget-wrap elementor-element-populated\">\n\t\t\t\t\t\t<div class=\"elementor-element elementor-element-b6673e5 elementor-widget elementor-widget-text-editor\" data-id=\"b6673e5\" data-element_type=\"widget\" data-widget_type=\"text-editor.default\">\n\t\t\t\t<div class=\"elementor-widget-container\">\n\t\t\t\t\t\t\t\t\t<p>La cr\u00e9ativit\u00e9 nous permet de r\u00eaver, d\u2019imaginer, de r\u00e9inventer des liens, des connexions entre les mondes vivants, de cr\u00e9er des nouvelles mani\u00e8res de vivre et de coexister qui expriment nos valeurs anti-consum\u00e9ristes. La cr\u00e9ativit\u00e9 pour nous, c\u2019est nous r\u00e9approprier les savoirs faire, d\u00e9velopper des productions autonomes, l\u2019artisanat, faire vivre des moments spontan\u00e9s de cr\u00e9ations collectives ou individuelles\u2026<\/p><p><span style=\"font-size: 14px;\">Nous tenons beaucoup \u00e0 la pr\u00e9sence de toutes ces formes d\u2019artisanat qui habitent le lieu depuis sa\u00a0<\/span><span style=\"font-size: 14px;\">cr\u00e9ation, ces artisan.es qui forgent, travaillent le m\u00e9tal, font du tournage sur bois, de la menuiserie,\u00a0<\/span><span style=\"font-size: 14px;\">de la vannerie, de la poterie, du cyanotype&#8230; et ces personnes qui viennent s\u2019essayer, exp\u00e9rimenter\u00a0<\/span><span style=\"font-size: 14px;\">ponctuellement ou de fa\u00e7on r\u00e9guli\u00e8re dans les ateliers partag\u00e9s de bois et de m\u00e9tal. Les espaces\u00a0<\/span><span style=\"font-size: 14px;\">investis par l\u2019artisanat permettent des \u00e9changes de pratiques et de savoir-faire, un terrain de jeu\u00a0<\/span><span style=\"font-size: 14px;\">\u00e9norme pour s\u2019empouvoirer collectivement.<br \/><\/span><span style=\"font-size: 14px;\">A travers la cr\u00e9ativit\u00e9, nous souhaitons aussi exp\u00e9rimenter des formes d\u2019\u00e9conomie circulaire et de\u00a0<\/span><span style=\"font-size: 14px;\">sursyclage, r\u00e9cup\u00e9rer des objets et leur donner une nouvelle vie au sein du lieu : cr\u00e9er des d\u00f4mes\u00a0<\/span><span style=\"font-size: 14px;\">avec des skis, exp\u00e9rimenter des technologies low-tech comme les rocket stove ou les s\u00e9choirs\u00a0<\/span><span style=\"font-size: 14px;\">solaires qui permettent d\u2019essayer des formes d\u2019autonomie \u00e9nerg\u00e9tique.<\/span><\/p><p><span style=\"font-size: 14px;\">Nous avons aussi envie que l\u2019Ecrevis soit un espace qui permette \u00e0 chacun.e de reconnecter avec sa c<\/span><span style=\"font-size: 14px;\">r\u00e9ativit\u00e9. Dessiner tout.e seule sous un arbre, cr\u00e9er ensemble des pancartes de signal\u00e9tique trop\u00a0<\/span><span style=\"font-size: 14px;\">belles, d\u00e9corer les bancs du jardin, d\u00e9couper une chute de cuir pour faire des masques&#8230;que ce soit\u00a0<\/span><span style=\"font-size: 14px;\">au service du collectif, que ce soit sortir des cadres ou tout autre chose, tout ce qui compte c\u2019est ces\u00a0<\/span><span style=\"font-size: 14px;\">petits \u00e9lans de cr\u00e9ativit\u00e9 qui am\u00e8nent toute cette vie dans notre lieu et des ambiances toujours\u00a0<\/span><span style=\"font-size: 14px;\">diff\u00e9rentes qui se d\u00e9gagent au travers des liens qui se tissent.<\/span><\/p>\t\t\t\t\t\t\t\t<\/div>\n\t\t\t\t<\/div>\n\t\t\t\t\t<\/div>\n\t\t<\/div>\n\t\t\t\t\t<\/div>\n\t\t<\/section>\n\t\t\t\t<section class=\"elementor-section elementor-top-section elementor-element elementor-element-74c0f2e elementor-section-boxed elementor-section-height-default elementor-section-height-default\" data-id=\"74c0f2e\" data-element_type=\"section\">\n\t\t\t\t\t\t<div class=\"elementor-container elementor-column-gap-default\">\n\t\t\t\t\t<div class=\"elementor-column elementor-col-100 elementor-top-column elementor-element elementor-element-c4d5a60\" data-id=\"c4d5a60\" data-element_type=\"column\">\n\t\t\t<div class=\"elementor-widget-wrap elementor-element-populated\">\n\t\t\t\t\t\t<div class=\"elementor-element elementor-element-5fd33dd elementor-widget elementor-widget-heading\" data-id=\"5fd33dd\" data-element_type=\"widget\" data-widget_type=\"heading.default\">\n\t\t\t\t<div class=\"elementor-widget-container\">\n\t\t\t\t\t<h2 class=\"elementor-heading-title elementor-size-default\">SOLIDARIT\u00c9 et MIXIT\u00c9<\/h2>\t\t\t\t<\/div>\n\t\t\t\t<\/div>\n\t\t\t\t\t<\/div>\n\t\t<\/div>\n\t\t\t\t\t<\/div>\n\t\t<\/section>\n\t\t\t\t<section class=\"elementor-section elementor-top-section elementor-element elementor-element-e1eedaf elementor-section-boxed elementor-section-height-default elementor-section-height-default\" data-id=\"e1eedaf\" data-element_type=\"section\">\n\t\t\t\t\t\t<div class=\"elementor-container elementor-column-gap-default\">\n\t\t\t\t\t<div class=\"elementor-column elementor-col-100 elementor-top-column elementor-element elementor-element-50959dd\" data-id=\"50959dd\" data-element_type=\"column\">\n\t\t\t<div class=\"elementor-widget-wrap elementor-element-populated\">\n\t\t\t\t\t\t<div class=\"elementor-element elementor-element-38a3e51 elementor-widget elementor-widget-text-editor\" data-id=\"38a3e51\" data-element_type=\"widget\" data-widget_type=\"text-editor.default\">\n\t\t\t\t<div class=\"elementor-widget-container\">\n\t\t\t\t\t\t\t\t\t<p>Nous souhaitons vivre dans un lieu ouvert mixte et inclusif dans l&rsquo;acceptation des diff\u00e9rences de chacun.e. Nous ne parlons pas tous les m\u00eames langages, n&rsquo;avons pas les m\u00eames fonctionnements du fait de notre \u00e9ducation, de notre langue, de notre classe sociale mais nous souhaitons toustes cohabiter ensemble avec bienveillance et une grande tol\u00e9rance pour ce qui est diff\u00e9rent de nous.<br \/>Nous sommes fi\u00e8r.es de cette mixit\u00e9 sociale, culturelle et g\u00e9n\u00e9rationnelle qui transpire en passant la porte bleue.<\/p><p>La solidarit\u00e9 entre adh\u00e9rent.es se retrouve dans la transmission des savoirs, dans le partage culturel et d\u2019exp\u00e9riences, le prix libre, la r\u00e9cup\u00e9ration d&rsquo;invendus ou dans l&rsquo;accueil des personnes invalides et des peuples exil\u00e9s qui animent le lieu. Elle transpire au travers les liens entre pr\u00e9caires et plus ais\u00e9s, entre Blancs et Noirs, entre jeunes et plus ag\u00e9.es&#8230; La solidarit\u00e9 se vit aussi de mani\u00e8re informelle, par une entraide et des \u00e9changes entre les membres de toute la communaut\u00e9, \u00e0 l\u2019Ecrevis et en dehors. \u00ab Un jour je fais la vidange, des fois je re\u00e7ois des heures d&rsquo;informatique, un autre jour je fais un bon repas pour remercier d&rsquo;un aller\/retour \u00e0 la d\u00e9chetterie&#8230; \u00bb<\/p>\t\t\t\t\t\t\t\t<\/div>\n\t\t\t\t<\/div>\n\t\t\t\t\t<\/div>\n\t\t<\/div>\n\t\t\t\t\t<\/div>\n\t\t<\/section>\n\t\t\t\t<section class=\"elementor-section elementor-top-section elementor-element elementor-element-8887d9c elementor-section-boxed elementor-section-height-default elementor-section-height-default\" data-id=\"8887d9c\" data-element_type=\"section\">\n\t\t\t\t\t\t<div class=\"elementor-container elementor-column-gap-default\">\n\t\t\t\t\t<div class=\"elementor-column elementor-col-100 elementor-top-column elementor-element elementor-element-c17248e\" data-id=\"c17248e\" data-element_type=\"column\">\n\t\t\t<div class=\"elementor-widget-wrap elementor-element-populated\">\n\t\t\t\t\t\t<div class=\"elementor-element elementor-element-9729ffb elementor-widget elementor-widget-heading\" data-id=\"9729ffb\" data-element_type=\"widget\" data-widget_type=\"heading.default\">\n\t\t\t\t<div class=\"elementor-widget-container\">\n\t\t\t\t\t<h2 class=\"elementor-heading-title elementor-size-default\">CONSENTEMENT<\/h2>\t\t\t\t<\/div>\n\t\t\t\t<\/div>\n\t\t\t\t<div class=\"elementor-element elementor-element-b273956 elementor-widget elementor-widget-text-editor\" data-id=\"b273956\" data-element_type=\"widget\" data-widget_type=\"text-editor.default\">\n\t\t\t\t<div class=\"elementor-widget-container\">\n\t\t\t\t\t\t\t\t\t<p>Nous souhaitons que l&rsquo;ECREVIS soit un lieu s\u00e9curisant et non source de malaise, d\u2019oppression ou d&rsquo;agression. C\u2019est pourquoi le CONSENTEMENT est indispensable : \u201cSi c\u2019est pas oui, c\u2019est NON !\u201d Une fois qu\u2019on a dit \u00e7a, on a encore rien dit.<\/p><p>Pour que le consentement soit valable il doit \u00eatre :<br \/>&#8211; Pr\u00e9alable : on demande avant, on laisse un temps de r\u00e9flexion, et on agit apr\u00e8s. Pas l\u2019inverse !<br \/>&#8211; R\u00e9vocable : c\u2019est pas parce qu\u2019une personne a dit oui \u00e0 un moment pour une interaction, qu\u2019elle ne peut pas dire non apr\u00e8s\u2026<br \/>&#8211; Libre : toute forme de contrainte est bien \u00e9videmment prohib\u00e9e. Cela signifie aussi que la personne doit \u00eatre en \u00e9tat de donner son consentement !<br \/>&#8211; Sp\u00e9cifique : dire oui pour une interaction, ce n\u2019est pas dire oui pour une autre\u2026<br \/>&#8211; \u00c9clair\u00e9 : j\u2019informe la personne avec qui j&rsquo;interagis sur les choses qu\u2019elle doit savoir.<br \/>&#8211; Enthousiaste : il faut un grand OUI !!!<\/p><p>Ainsi, je demande autour de moi : avant de mettre la musique trop forte, avant de fumer \u00e0 cot\u00e9 de quelqu&rsquo;un.e, de faire des c\u00e2lins en publique, d&rsquo;enlever la laisse de mon chien, d&#8217;embrasser mon crush en soir\u00e9e ou de monopoliser quelqu\u2019un.e avec mes soucis &#8230;<\/p>\t\t\t\t\t\t\t\t<\/div>\n\t\t\t\t<\/div>\n\t\t\t\t\t<\/div>\n\t\t<\/div>\n\t\t\t\t\t<\/div>\n\t\t<\/section>\n\t\t\t\t<section class=\"elementor-section elementor-top-section elementor-element elementor-element-4e55103 elementor-section-boxed elementor-section-height-default elementor-section-height-default\" data-id=\"4e55103\" data-element_type=\"section\">\n\t\t\t\t\t\t<div class=\"elementor-container elementor-column-gap-default\">\n\t\t\t\t\t<div class=\"elementor-column elementor-col-100 elementor-top-column elementor-element elementor-element-5d90ef0\" data-id=\"5d90ef0\" data-element_type=\"column\">\n\t\t\t<div class=\"elementor-widget-wrap elementor-element-populated\">\n\t\t\t\t\t\t<div class=\"elementor-element elementor-element-2974b87 elementor-widget elementor-widget-heading\" data-id=\"2974b87\" data-element_type=\"widget\" data-widget_type=\"heading.default\">\n\t\t\t\t<div class=\"elementor-widget-container\">\n\t\t\t\t\t<h2 class=\"elementor-heading-title elementor-size-default\">INTERSECTIONNALIT\u00c9<\/h2>\t\t\t\t<\/div>\n\t\t\t\t<\/div>\n\t\t\t\t<div class=\"elementor-element elementor-element-a5f3e21 elementor-widget elementor-widget-text-editor\" data-id=\"a5f3e21\" data-element_type=\"widget\" data-widget_type=\"text-editor.default\">\n\t\t\t\t<div class=\"elementor-widget-container\">\n\t\t\t\t\t\t\t\t\t<p>Nous souhaitons cr\u00e9er un petit monde o\u00f9 on se sent bien, o\u00f9 on se sent \u00e0 l\u2019aise de regarder en face tous ces sch\u00e9mas int\u00e9gr\u00e9s par la soci\u00e9t\u00e9, o\u00f9 on essaye de d\u00e9construire ensemble toutes ces formes de domination, d\u2019oppression et de discrimination du vivant.<br \/><span style=\"font-size: 14px;\"><br \/>Nous d\u00e9fendons une ligne politique syst\u00e9mique et intersectionnelle, dans le sens o\u00f9 nous pensons\u00a0<\/span><span style=\"font-size: 14px;\">que toutes ces luttes sont li\u00e9es et entrecrois\u00e9es. Ainsi nous soutenons la lutte des classes, la lutte\u00a0<\/span><span style=\"font-size: 14px;\">anti-capitaliste, la lutte queer et f\u00e9ministe, la lutte anti-raciste et d\u00e9colonialiste, la lutte anti-fachiste,\u00a0<\/span><span style=\"font-size: 14px;\">la lutte anti-validiste, la lutte anti-sp\u00e9ciste, la lutte paysanne et des peuples autochtones, la lutte\u00a0<\/span><span style=\"font-size: 14px;\">pour une \u00e9cologie profonde et contre les projets mortif\u00e8res de destruction du vivant&#8230;<\/span><\/p><p>Nous nous questionnons ensemble sur ce que cela implique d\u2019\u00eatre un mec cisgenre ou une personn MINT (meuf, intersexe, non binaire, trans), d\u2019\u00eatre blanc.he ou racis\u00e9.e, issu.e de classe moyenne\/sup ou de classe populaire, h\u00e9t\u00e9ro ou queer, valide ou invalide&#8230; Toutes ces \u00e9tiquettes coll\u00e9es par la soci\u00e9t\u00e9 se croisent \u00e0 travers nos codes sociaux, nos mani\u00e8res d\u2019interagir et notre \u00ab position \u00bb dans cette soci\u00e9t\u00e9, entre privil\u00e8ges et discriminations. Nous allons deconstruire les choses en nous inconfortable et se nourrir ensemble de nouvelles mani\u00e8res de fonctionner.<\/p><p>Et pour cela, nous avons la chance d\u2019avoir ce collectif, o\u00f9 nous avons envie de se confronter ensemble \u00e0 ces questions dans des espaces s\u00e9curisants (par exemple en mixit\u00e9 choisie) et o\u00f9 nous pouvons soutenir les collectifs et organisations qui se battent pour moins d\u2019oppression (mise \u00e0 disposition des locaux, soir\u00e9e th\u00e9matique, projection, actions de sensibilisation&#8230;).<\/p>\t\t\t\t\t\t\t\t<\/div>\n\t\t\t\t<\/div>\n\t\t\t\t\t<\/div>\n\t\t<\/div>\n\t\t\t\t\t<\/div>\n\t\t<\/section>\n\t\t\t\t<section class=\"elementor-section elementor-top-section elementor-element elementor-element-a3af59a elementor-section-boxed elementor-section-height-default elementor-section-height-default\" data-id=\"a3af59a\" data-element_type=\"section\">\n\t\t\t\t\t\t<div class=\"elementor-container elementor-column-gap-default\">\n\t\t\t\t\t<div class=\"elementor-column elementor-col-100 elementor-top-column elementor-element elementor-element-8f46120\" data-id=\"8f46120\" data-element_type=\"column\">\n\t\t\t<div class=\"elementor-widget-wrap elementor-element-populated\">\n\t\t\t\t\t\t<div class=\"elementor-element elementor-element-b0a4213 elementor-widget elementor-widget-heading\" data-id=\"b0a4213\" data-element_type=\"widget\" data-widget_type=\"heading.default\">\n\t\t\t\t<div class=\"elementor-widget-container\">\n\t\t\t\t\t<h2 class=\"elementor-heading-title elementor-size-default\">AUTOGESTION<\/h2>\t\t\t\t<\/div>\n\t\t\t\t<\/div>\n\t\t\t\t<div class=\"elementor-element elementor-element-21a37e6 elementor-widget elementor-widget-text-editor\" data-id=\"21a37e6\" data-element_type=\"widget\" data-widget_type=\"text-editor.default\">\n\t\t\t\t<div class=\"elementor-widget-container\">\n\t\t\t\t\t\t\t\t\t<p>Nous souhaitons retourner le syst\u00e8me social autoritaire pour cr\u00e9er des maillages locaux de collectifs auto-g\u00e9r\u00e9s et anarchistes interconnect\u00e9s, qui coop\u00e8rent sans domination.<br \/>C\u2019est dans ce sens que l\u2019auto-gestion est centrale pour nous \u00e0 l\u2019ECREVIS, pour exp\u00e9rimenter des formes d\u2019organisation qui tendent le plus possible vers l\u2019horizontalit\u00e9.<\/p><p>Pour nous, l\u2019autogestion c\u2019est s\u2019organiser et faire de mani\u00e8re autonome et collective. Valoriser les savoir-faire de chacun.e pour construire en commun. Se r\u00e9approprier l\u2019espace, nos modes de vie, notre travail, notre temps de cerveau disponible. C\u2019est un peu la cl\u00e9 pour nous, un socle pour pouvoir exp\u00e9rimenter le fonctionnement d\u2019un Commun au quotidien.<\/p><p>Pour exp\u00e9rimenter l\u2019auto-gestion, il est essentiel pour nous que l\u2019ECREVIS reste un lieu autonome et ind\u00e9pendant, apartisan* libre d&rsquo;agir en fonction des choix des membres de sa communaut\u00e9 et donc ind\u00e9pendant des partis et de toutes les institutions politiques et \u00e9conomiques.<\/p>\t\t\t\t\t\t\t\t<\/div>\n\t\t\t\t<\/div>\n\t\t\t\t<div class=\"elementor-element elementor-element-685c16e elementor-widget elementor-widget-heading\" data-id=\"685c16e\" data-element_type=\"widget\" data-widget_type=\"heading.default\">\n\t\t\t\t<div class=\"elementor-widget-container\">\n\t\t\t\t\t<h1 class=\"elementor-heading-title elementor-size-default\">5 OUTILS<\/h1>\t\t\t\t<\/div>\n\t\t\t\t<\/div>\n\t\t\t\t\t<\/div>\n\t\t<\/div>\n\t\t\t\t\t<\/div>\n\t\t<\/section>\n\t\t\t\t<section class=\"elementor-section elementor-top-section elementor-element elementor-element-a726d93 elementor-section-boxed elementor-section-height-default elementor-section-height-default\" data-id=\"a726d93\" data-element_type=\"section\">\n\t\t\t\t\t\t<div class=\"elementor-container elementor-column-gap-default\">\n\t\t\t\t\t<div class=\"elementor-column elementor-col-100 elementor-top-column elementor-element elementor-element-ca8e99b\" data-id=\"ca8e99b\" data-element_type=\"column\">\n\t\t\t<div class=\"elementor-widget-wrap elementor-element-populated\">\n\t\t\t\t\t\t<div class=\"elementor-element elementor-element-a3eea19 elementor-widget elementor-widget-heading\" data-id=\"a3eea19\" data-element_type=\"widget\" data-widget_type=\"heading.default\">\n\t\t\t\t<div class=\"elementor-widget-container\">\n\t\t\t\t\t<h2 class=\"elementor-heading-title elementor-size-default\">LE PRIX LIBRE<\/h2>\t\t\t\t<\/div>\n\t\t\t\t<\/div>\n\t\t\t\t<div class=\"elementor-element elementor-element-58c795b elementor-widget elementor-widget-text-editor\" data-id=\"58c795b\" data-element_type=\"widget\" data-widget_type=\"text-editor.default\">\n\t\t\t\t<div class=\"elementor-widget-container\">\n\t\t\t\t\t\t\t\t\t<p>La contribution libre et consciente est au c\u0153ur du fonctionnement de l\u2019ECREVIS, c\u2019est un pilier pour assurer les valeurs d\u2019accessibilit\u00e9, d\u2019\u00e9quit\u00e9 et d\u2019anti-consum\u00e9risme du lieu. Quel est le prix juste ? Combien je peux donner ? Combien je veux donner ?<\/p>\t\t\t\t\t\t\t\t<\/div>\n\t\t\t\t<\/div>\n\t\t\t\t\t<\/div>\n\t\t<\/div>\n\t\t\t\t\t<\/div>\n\t\t<\/section>\n\t\t\t\t<section class=\"elementor-section elementor-top-section elementor-element elementor-element-3792cab elementor-section-boxed elementor-section-height-default elementor-section-height-default\" data-id=\"3792cab\" data-element_type=\"section\">\n\t\t\t\t\t\t<div class=\"elementor-container elementor-column-gap-default\">\n\t\t\t\t\t<div class=\"elementor-column elementor-col-100 elementor-top-column elementor-element elementor-element-1c6bed1\" data-id=\"1c6bed1\" data-element_type=\"column\">\n\t\t\t<div class=\"elementor-widget-wrap elementor-element-populated\">\n\t\t\t\t\t\t<div class=\"elementor-element elementor-element-1878d06 elementor-widget elementor-widget-heading\" data-id=\"1878d06\" data-element_type=\"widget\" data-widget_type=\"heading.default\">\n\t\t\t\t<div class=\"elementor-widget-container\">\n\t\t\t\t\t<h2 class=\"elementor-heading-title elementor-size-default\">LA GOUVERNANCE PARTAGEE<\/h2>\t\t\t\t<\/div>\n\t\t\t\t<\/div>\n\t\t\t\t<div class=\"elementor-element elementor-element-3263f09 elementor-widget elementor-widget-text-editor\" data-id=\"3263f09\" data-element_type=\"widget\" data-widget_type=\"text-editor.default\">\n\t\t\t\t<div class=\"elementor-widget-container\">\n\t\t\t\t\t\t\t\t\t<p>Nous exp\u00e9rimentons une autre mani\u00e8re de s&rsquo;organiser loin du sch\u00e9ma vertical et pyramidal de notre soci\u00e9t\u00e9. Nous souhaitons tendre \u00e0 l&rsquo;horizontalit\u00e9, gr\u00e2ce notamment \u00e0 l&rsquo;organisation de notre collectif en d\u00e9centralisant les d\u00e9cisions. Nous ne voulons pas de chefs et des syst\u00e8mes qui vont avec.<br \/>Nous utilisons les gestes de facilitation.<\/p>\t\t\t\t\t\t\t\t<\/div>\n\t\t\t\t<\/div>\n\t\t\t\t\t<\/div>\n\t\t<\/div>\n\t\t\t\t\t<\/div>\n\t\t<\/section>\n\t\t\t\t<section class=\"elementor-section elementor-top-section elementor-element elementor-element-47f2e95 elementor-section-boxed elementor-section-height-default elementor-section-height-default\" data-id=\"47f2e95\" data-element_type=\"section\">\n\t\t\t\t\t\t<div class=\"elementor-container elementor-column-gap-default\">\n\t\t\t\t\t<div class=\"elementor-column elementor-col-100 elementor-top-column elementor-element elementor-element-d7797b1\" data-id=\"d7797b1\" data-element_type=\"column\">\n\t\t\t<div class=\"elementor-widget-wrap elementor-element-populated\">\n\t\t\t\t\t\t<div class=\"elementor-element elementor-element-96bd3bb elementor-widget elementor-widget-heading\" data-id=\"96bd3bb\" data-element_type=\"widget\" data-widget_type=\"heading.default\">\n\t\t\t\t<div class=\"elementor-widget-container\">\n\t\t\t\t\t<h2 class=\"elementor-heading-title elementor-size-default\">LA CO-RESPONSABILITE<\/h2>\t\t\t\t<\/div>\n\t\t\t\t<\/div>\n\t\t\t\t<div class=\"elementor-element elementor-element-3425acf elementor-widget elementor-widget-text-editor\" data-id=\"3425acf\" data-element_type=\"widget\" data-widget_type=\"text-editor.default\">\n\t\t\t\t<div class=\"elementor-widget-container\">\n\t\t\t\t\t\t\t\t\t<p>Nous sommes organis\u00e9s en groupes de travail l\u00e9gitimes pour prendre des d\u00e9cisions dans leurs domaines d\u2019action respectifs. Nous nous faisons confiance, \u00e0 nous m\u00eame et en son groupe, nous nous sentons l\u00e9gitimes pour prendre des d\u00e9cision. Et nous faisons confiance aux d\u00e9cisions prises dans les autres groupes.<\/p>\t\t\t\t\t\t\t\t<\/div>\n\t\t\t\t<\/div>\n\t\t\t\t\t<\/div>\n\t\t<\/div>\n\t\t\t\t\t<\/div>\n\t\t<\/section>\n\t\t\t\t<section class=\"elementor-section elementor-top-section elementor-element elementor-element-7dbca12 elementor-section-boxed elementor-section-height-default elementor-section-height-default\" data-id=\"7dbca12\" data-element_type=\"section\">\n\t\t\t\t\t\t<div class=\"elementor-container elementor-column-gap-default\">\n\t\t\t\t\t<div class=\"elementor-column elementor-col-100 elementor-top-column elementor-element elementor-element-5ea28b4\" data-id=\"5ea28b4\" data-element_type=\"column\">\n\t\t\t<div class=\"elementor-widget-wrap elementor-element-populated\">\n\t\t\t\t\t\t<div class=\"elementor-element elementor-element-83d9fd9 elementor-widget elementor-widget-heading\" data-id=\"83d9fd9\" data-element_type=\"widget\" data-widget_type=\"heading.default\">\n\t\t\t\t<div class=\"elementor-widget-container\">\n\t\t\t\t\t<h2 class=\"elementor-heading-title elementor-size-default\">LA TRANSMISSION DE SAVOIRS (FAIRE et ETRE)<\/h2>\t\t\t\t<\/div>\n\t\t\t\t<\/div>\n\t\t\t\t<div class=\"elementor-element elementor-element-6dd59af elementor-widget elementor-widget-text-editor\" data-id=\"6dd59af\" data-element_type=\"widget\" data-widget_type=\"text-editor.default\">\n\t\t\t\t<div class=\"elementor-widget-container\">\n\t\t\t\t\t\t\t\t\t<p>Enseignement mutuel, mutualisation des comp\u00e9tences et des id\u00e9es, du lien social, qui brillent un peu diff\u00e9remment dans chaque espace, des ambiances toujours diff\u00e9rentes qui se d\u00e9gagent au travers des liens qui se tissent.<\/p>\t\t\t\t\t\t\t\t<\/div>\n\t\t\t\t<\/div>\n\t\t\t\t\t<\/div>\n\t\t<\/div>\n\t\t\t\t\t<\/div>\n\t\t<\/section>\n\t\t\t\t<section class=\"elementor-section elementor-top-section elementor-element elementor-element-544feb4 elementor-section-boxed elementor-section-height-default elementor-section-height-default\" data-id=\"544feb4\" data-element_type=\"section\">\n\t\t\t\t\t\t<div class=\"elementor-container elementor-column-gap-default\">\n\t\t\t\t\t<div class=\"elementor-column elementor-col-100 elementor-top-column elementor-element elementor-element-7cdbb30\" data-id=\"7cdbb30\" data-element_type=\"column\">\n\t\t\t<div class=\"elementor-widget-wrap elementor-element-populated\">\n\t\t\t\t\t\t<div class=\"elementor-element elementor-element-87f09ab elementor-widget elementor-widget-heading\" data-id=\"87f09ab\" data-element_type=\"widget\" data-widget_type=\"heading.default\">\n\t\t\t\t<div class=\"elementor-widget-container\">\n\t\t\t\t\t<h2 class=\"elementor-heading-title elementor-size-default\">L'EDUCATION POPULAIRE<\/h2>\t\t\t\t<\/div>\n\t\t\t\t<\/div>\n\t\t\t\t<div class=\"elementor-element elementor-element-91a30e6 elementor-widget elementor-widget-text-editor\" data-id=\"91a30e6\" data-element_type=\"widget\" data-widget_type=\"text-editor.default\">\n\t\t\t\t<div class=\"elementor-widget-container\">\n\t\t\t\t\t\t\t\t\t<p>Nous voulons une \u00e9ducation visant l&rsquo;am\u00e9lioration du syst\u00e8me social. Une \u00e9ducation qui permette de d\u00e9velopper autant la main que le cerveau, autant l\u2019individu que la capacit\u00e9 de celui-ci \u00e0 coop\u00e9rer collectivement dans l\u2019\u00e9galit\u00e9. Une \u00e9ducation visant \u00e0 produire de la conscience, de l\u2019\u00e9mancipation, de la citoyennet\u00e9 et de la libert\u00e9. Il s\u2019agit, plus largement, de faciliter l\u2019acc\u00e8s aux savoirs et \u00e0 la culture en en recourant aux p\u00e9dagogies actives pour rendre chacun.e acteur.ice.<\/p>\t\t\t\t\t\t\t\t<\/div>\n\t\t\t\t<\/div>\n\t\t\t\t\t<\/div>\n\t\t<\/div>\n\t\t\t\t\t<\/div>\n\t\t<\/section>\n\t\t\t\t<section class=\"elementor-section elementor-top-section elementor-element elementor-element-56a90eb elementor-section-boxed elementor-section-height-default elementor-section-height-default\" data-id=\"56a90eb\" data-element_type=\"section\">\n\t\t\t\t\t\t<div class=\"elementor-container elementor-column-gap-default\">\n\t\t\t\t\t<div class=\"elementor-column elementor-col-100 elementor-top-column elementor-element elementor-element-9a77b3f\" data-id=\"9a77b3f\" data-element_type=\"column\">\n\t\t\t<div class=\"elementor-widget-wrap elementor-element-populated\">\n\t\t\t\t\t\t<div class=\"elementor-element elementor-element-1fc7df6 elementor-widget elementor-widget-spacer\" data-id=\"1fc7df6\" data-element_type=\"widget\" data-widget_type=\"spacer.default\">\n\t\t\t\t<div class=\"elementor-widget-container\">\n\t\t\t\t\t\t\t<div class=\"elementor-spacer\">\n\t\t\t<div class=\"elementor-spacer-inner\"><\/div>\n\t\t<\/div>\n\t\t\t\t\t\t<\/div>\n\t\t\t\t<\/div>\n\t\t\t\t\t<\/div>\n\t\t<\/div>\n\t\t\t\t\t<\/div>\n\t\t<\/section>\n\t\t\t\t<section class=\"elementor-section elementor-top-section elementor-element elementor-element-658ee9f elementor-section-boxed elementor-section-height-default elementor-section-height-default\" data-id=\"658ee9f\" data-element_type=\"section\">\n\t\t\t\t\t\t<div class=\"elementor-container elementor-column-gap-default\">\n\t\t\t\t\t<div class=\"elementor-column elementor-col-50 elementor-top-column elementor-element elementor-element-dab127b\" data-id=\"dab127b\" data-element_type=\"column\">\n\t\t\t<div class=\"elementor-widget-wrap elementor-element-populated\">\n\t\t\t\t\t\t<div class=\"elementor-element elementor-element-884d2ea elementor-widget elementor-widget-image\" data-id=\"884d2ea\" data-element_type=\"widget\" data-widget_type=\"image.default\">\n\t\t\t\t<div class=\"elementor-widget-container\">\n\t\t\t\t\t\t\t\t\t\t\t\t\t\t\t\t<a href=\"https:\/\/nextcloud.ecrevis.eco\/s\/iT5pCN8Ksa9H4wH\">\n\t\t\t\t\t\t\t<img decoding=\"async\" width=\"152\" height=\"191\" src=\"https:\/\/ecrevis.eco\/site\/wp-content\/uploads\/2025\/06\/Capture-decran-2025-06-23-161951.png\" class=\"attachment-large size-large wp-image-6540\" alt=\"\" \/>\t\t\t\t\t\t\t\t<\/a>\n\t\t\t\t\t\t\t\t\t\t\t\t\t\t\t<\/div>\n\t\t\t\t<\/div>\n\t\t\t\t\t<\/div>\n\t\t<\/div>\n\t\t\t\t<div class=\"elementor-column elementor-col-50 elementor-top-column elementor-element elementor-element-beae134\" data-id=\"beae134\" data-element_type=\"column\">\n\t\t\t<div class=\"elementor-widget-wrap elementor-element-populated\">\n\t\t\t\t\t\t<div class=\"elementor-element elementor-element-33f0ed3 elementor-widget elementor-widget-text-editor\" data-id=\"33f0ed3\" data-element_type=\"widget\" data-widget_type=\"text-editor.default\">\n\t\t\t\t<div class=\"elementor-widget-container\">\n\t\t\t\t\t\t\t\t\t<p>Tu trouveras ici la charte de l&rsquo;ECREVIS, en PDF t\u00e9l\u00e9chargeable.\u00a0<\/p>\t\t\t\t\t\t\t\t<\/div>\n\t\t\t\t<\/div>\n\t\t\t\t\t<\/div>\n\t\t<\/div>\n\t\t\t\t\t<\/div>\n\t\t<\/section>\n\t\t\t\t<\/div>\n\t\t","protected":false},"excerpt":{"rendered":"<p>CHARTE DES VALEURS DE L&rsquo;ECREVIS UNE VISION Penser et Cr\u00e9er un autre mod\u00e8le de Soci\u00e9t\u00e9, plus juste et solidaire, gr\u00e2ce aux Communs, afin de permettre une \u00e9mancipation* collective et individuelle.*Action de s&rsquo;affranchir d&rsquo;un lien, d&rsquo;une entrave, d&rsquo;un \u00e9tat de d\u00e9pendance, d&rsquo;une domination, d&rsquo;un pr\u00e9jug\u00e9. 5 VALEURS CR\u00c9ATIVIT\u00c9 La cr\u00e9ativit\u00e9 nous permet de r\u00eaver, d\u2019imaginer, de [&hellip;]<\/p>\n","protected":false},"author":4,"featured_media":0,"parent":0,"menu_order":0,"comment_status":"closed","ping_status":"closed","template":"","meta":{"ocean_post_layout":"","ocean_both_sidebars_style":"","ocean_both_sidebars_content_width":0,"ocean_both_sidebars_sidebars_width":0,"ocean_sidebar":"0","ocean_second_sidebar":"0","ocean_disable_margins":"enable","ocean_add_body_class":"","ocean_shortcode_before_top_bar":"","ocean_shortcode_after_top_bar":"","ocean_shortcode_before_header":"","ocean_shortcode_after_header":"","ocean_has_shortcode":"","ocean_shortcode_after_title":"","ocean_shortcode_before_footer_widgets":"","ocean_shortcode_after_footer_widgets":"","ocean_shortcode_before_footer_bottom":"","ocean_shortcode_after_footer_bottom":"","ocean_display_top_bar":"default","ocean_display_header":"default","ocean_header_style":"","ocean_center_header_left_menu":"0","ocean_custom_header_template":"0","ocean_custom_logo":0,"ocean_custom_retina_logo":0,"ocean_custom_logo_max_width":0,"ocean_custom_logo_tablet_max_width":0,"ocean_custom_logo_mobile_max_width":0,"ocean_custom_logo_max_height":0,"ocean_custom_logo_tablet_max_height":0,"ocean_custom_logo_mobile_max_height":0,"ocean_header_custom_menu":"0","ocean_menu_typo_font_family":"0","ocean_menu_typo_font_subset":"","ocean_menu_typo_font_size":0,"ocean_menu_typo_font_size_tablet":0,"ocean_menu_typo_font_size_mobile":0,"ocean_menu_typo_font_size_unit":"px","ocean_menu_typo_font_weight":"","ocean_menu_typo_font_weight_tablet":"","ocean_menu_typo_font_weight_mobile":"","ocean_menu_typo_transform":"","ocean_menu_typo_transform_tablet":"","ocean_menu_typo_transform_mobile":"","ocean_menu_typo_line_height":0,"ocean_menu_typo_line_height_tablet":0,"ocean_menu_typo_line_height_mobile":0,"ocean_menu_typo_line_height_unit":"","ocean_menu_typo_spacing":0,"ocean_menu_typo_spacing_tablet":0,"ocean_menu_typo_spacing_mobile":0,"ocean_menu_typo_spacing_unit":"","ocean_menu_link_color":"","ocean_menu_link_color_hover":"","ocean_menu_link_color_active":"","ocean_menu_link_background":"","ocean_menu_link_hover_background":"","ocean_menu_link_active_background":"","ocean_menu_social_links_bg":"","ocean_menu_social_hover_links_bg":"","ocean_menu_social_links_color":"","ocean_menu_social_hover_links_color":"","ocean_disable_title":"default","ocean_disable_heading":"default","ocean_post_title":"","ocean_post_subheading":"","ocean_post_title_style":"","ocean_post_title_background_color":"","ocean_post_title_background":0,"ocean_post_title_bg_image_position":"","ocean_post_title_bg_image_attachment":"","ocean_post_title_bg_image_repeat":"","ocean_post_title_bg_image_size":"","ocean_post_title_height":0,"ocean_post_title_bg_overlay":0.5,"ocean_post_title_bg_overlay_color":"","ocean_disable_breadcrumbs":"default","ocean_breadcrumbs_color":"","ocean_breadcrumbs_separator_color":"","ocean_breadcrumbs_links_color":"","ocean_breadcrumbs_links_hover_color":"","ocean_display_footer_widgets":"default","ocean_display_footer_bottom":"default","ocean_custom_footer_template":"0","omw_enable_modal_window":"enable","footnotes":""},"yoast_head":"<!-- This site is optimized with the Yoast SEO plugin v24.5 - https:\/\/yoast.com\/wordpress\/plugins\/seo\/ -->\n<title>les valeurs - L&#039;ECREVIS<\/title>\n<meta name=\"robots\" content=\"index, follow, max-snippet:-1, max-image-preview:large, max-video-preview:-1\" \/>\n<link rel=\"canonical\" href=\"https:\/\/ecrevis.eco\/site\/valeurs\/\" \/>\n<meta property=\"og:locale\" content=\"fr_FR\" \/>\n<meta property=\"og:type\" content=\"article\" \/>\n<meta property=\"og:title\" content=\"les valeurs - L&#039;ECREVIS\" \/>\n<meta property=\"og:description\" content=\"CHARTE DES VALEURS DE L&rsquo;ECREVIS UNE VISION Penser et Cr\u00e9er un autre mod\u00e8le de Soci\u00e9t\u00e9, plus juste et solidaire, gr\u00e2ce aux Communs, afin de permettre une \u00e9mancipation* collective et individuelle.*Action de s&rsquo;affranchir d&rsquo;un lien, d&rsquo;une entrave, d&rsquo;un \u00e9tat de d\u00e9pendance, d&rsquo;une domination, d&rsquo;un pr\u00e9jug\u00e9. 5 VALEURS CR\u00c9ATIVIT\u00c9 La cr\u00e9ativit\u00e9 nous permet de r\u00eaver, d\u2019imaginer, de [&hellip;]\" \/>\n<meta property=\"og:url\" content=\"https:\/\/ecrevis.eco\/site\/valeurs\/\" \/>\n<meta property=\"og:site_name\" content=\"L&#039;ECREVIS\" \/>\n<meta property=\"article:publisher\" content=\"https:\/\/www.facebook.com\/ecrevis.annecy\" \/>\n<meta property=\"article:modified_time\" content=\"2025-06-30T09:42:07+00:00\" \/>\n<meta property=\"og:image\" content=\"https:\/\/ecrevis.eco\/site\/wp-content\/uploads\/2025\/06\/Capture-decran-2025-06-23-161951.png\" \/>\n\t<meta property=\"og:image:width\" content=\"152\" \/>\n\t<meta property=\"og:image:height\" content=\"191\" \/>\n\t<meta property=\"og:image:type\" content=\"image\/png\" \/>\n<meta name=\"twitter:card\" content=\"summary_large_image\" \/>\n<meta name=\"twitter:label1\" content=\"Dur\u00e9e de lecture estim\u00e9e\" \/>\n\t<meta name=\"twitter:data1\" content=\"8 minutes\" \/>\n<script type=\"application\/ld+json\" class=\"yoast-schema-graph\">{\"@context\":\"https:\/\/schema.org\",\"@graph\":[{\"@type\":\"WebPage\",\"@id\":\"https:\/\/ecrevis.eco\/site\/valeurs\/\",\"url\":\"https:\/\/ecrevis.eco\/site\/valeurs\/\",\"name\":\"les valeurs - L&#039;ECREVIS\",\"isPartOf\":{\"@id\":\"https:\/\/ecrevis.eco\/site\/#website\"},\"primaryImageOfPage\":{\"@id\":\"https:\/\/ecrevis.eco\/site\/valeurs\/#primaryimage\"},\"image\":{\"@id\":\"https:\/\/ecrevis.eco\/site\/valeurs\/#primaryimage\"},\"thumbnailUrl\":\"https:\/\/ecrevis.eco\/site\/wp-content\/uploads\/2025\/06\/Capture-decran-2025-06-23-161951.png\",\"datePublished\":\"2021-10-19T13:21:07+00:00\",\"dateModified\":\"2025-06-30T09:42:07+00:00\",\"breadcrumb\":{\"@id\":\"https:\/\/ecrevis.eco\/site\/valeurs\/#breadcrumb\"},\"inLanguage\":\"fr-FR\",\"potentialAction\":[{\"@type\":\"ReadAction\",\"target\":[\"https:\/\/ecrevis.eco\/site\/valeurs\/\"]}]},{\"@type\":\"ImageObject\",\"inLanguage\":\"fr-FR\",\"@id\":\"https:\/\/ecrevis.eco\/site\/valeurs\/#primaryimage\",\"url\":\"https:\/\/ecrevis.eco\/site\/wp-content\/uploads\/2025\/06\/Capture-decran-2025-06-23-161951.png\",\"contentUrl\":\"https:\/\/ecrevis.eco\/site\/wp-content\/uploads\/2025\/06\/Capture-decran-2025-06-23-161951.png\",\"width\":152,\"height\":191},{\"@type\":\"BreadcrumbList\",\"@id\":\"https:\/\/ecrevis.eco\/site\/valeurs\/#breadcrumb\",\"itemListElement\":[{\"@type\":\"ListItem\",\"position\":1,\"name\":\"Accueil\",\"item\":\"https:\/\/ecrevis.eco\/site\/\"},{\"@type\":\"ListItem\",\"position\":2,\"name\":\"les valeurs\"}]},{\"@type\":\"WebSite\",\"@id\":\"https:\/\/ecrevis.eco\/site\/#website\",\"url\":\"https:\/\/ecrevis.eco\/site\/\",\"name\":\"L'ECREVIS\",\"description\":\"\",\"publisher\":{\"@id\":\"https:\/\/ecrevis.eco\/site\/#organization\"},\"potentialAction\":[{\"@type\":\"SearchAction\",\"target\":{\"@type\":\"EntryPoint\",\"urlTemplate\":\"https:\/\/ecrevis.eco\/site\/?s={search_term_string}\"},\"query-input\":{\"@type\":\"PropertyValueSpecification\",\"valueRequired\":true,\"valueName\":\"search_term_string\"}}],\"inLanguage\":\"fr-FR\"},{\"@type\":\"Organization\",\"@id\":\"https:\/\/ecrevis.eco\/site\/#organization\",\"name\":\"L'ECREVIS\",\"url\":\"https:\/\/ecrevis.eco\/site\/\",\"logo\":{\"@type\":\"ImageObject\",\"inLanguage\":\"fr-FR\",\"@id\":\"https:\/\/ecrevis.eco\/site\/#\/schema\/logo\/image\/\",\"url\":\"https:\/\/ecrevis.eco\/site\/wp-content\/uploads\/2019\/03\/cropped-LOGO-E-CRE-VIS-BLEU-1.jpg\",\"contentUrl\":\"https:\/\/ecrevis.eco\/site\/wp-content\/uploads\/2019\/03\/cropped-LOGO-E-CRE-VIS-BLEU-1.jpg\",\"width\":1529,\"height\":1174,\"caption\":\"L'ECREVIS\"},\"image\":{\"@id\":\"https:\/\/ecrevis.eco\/site\/#\/schema\/logo\/image\/\"},\"sameAs\":[\"https:\/\/www.facebook.com\/ecrevis.annecy\",\"https:\/\/www.instagram.com\/ecrevis.annecy\",\"https:\/\/www.linkedin.com\/company\/ecrevisannecy\/\"]}]}<\/script>\n<!-- \/ Yoast SEO plugin. -->","yoast_head_json":{"title":"les valeurs - L&#039;ECREVIS","robots":{"index":"index","follow":"follow","max-snippet":"max-snippet:-1","max-image-preview":"max-image-preview:large","max-video-preview":"max-video-preview:-1"},"canonical":"https:\/\/ecrevis.eco\/site\/valeurs\/","og_locale":"fr_FR","og_type":"article","og_title":"les valeurs - L&#039;ECREVIS","og_description":"CHARTE DES VALEURS DE L&rsquo;ECREVIS UNE VISION Penser et Cr\u00e9er un autre mod\u00e8le de Soci\u00e9t\u00e9, plus juste et solidaire, gr\u00e2ce aux Communs, afin de permettre une \u00e9mancipation* collective et individuelle.*Action de s&rsquo;affranchir d&rsquo;un lien, d&rsquo;une entrave, d&rsquo;un \u00e9tat de d\u00e9pendance, d&rsquo;une domination, d&rsquo;un pr\u00e9jug\u00e9. 5 VALEURS CR\u00c9ATIVIT\u00c9 La cr\u00e9ativit\u00e9 nous permet de r\u00eaver, d\u2019imaginer, de [&hellip;]","og_url":"https:\/\/ecrevis.eco\/site\/valeurs\/","og_site_name":"L&#039;ECREVIS","article_publisher":"https:\/\/www.facebook.com\/ecrevis.annecy","article_modified_time":"2025-06-30T09:42:07+00:00","og_image":[{"width":152,"height":191,"url":"https:\/\/ecrevis.eco\/site\/wp-content\/uploads\/2025\/06\/Capture-decran-2025-06-23-161951.png","type":"image\/png"}],"twitter_card":"summary_large_image","twitter_misc":{"Dur\u00e9e de lecture estim\u00e9e":"8 minutes"},"schema":{"@context":"https:\/\/schema.org","@graph":[{"@type":"WebPage","@id":"https:\/\/ecrevis.eco\/site\/valeurs\/","url":"https:\/\/ecrevis.eco\/site\/valeurs\/","name":"les valeurs - L&#039;ECREVIS","isPartOf":{"@id":"https:\/\/ecrevis.eco\/site\/#website"},"primaryImageOfPage":{"@id":"https:\/\/ecrevis.eco\/site\/valeurs\/#primaryimage"},"image":{"@id":"https:\/\/ecrevis.eco\/site\/valeurs\/#primaryimage"},"thumbnailUrl":"https:\/\/ecrevis.eco\/site\/wp-content\/uploads\/2025\/06\/Capture-decran-2025-06-23-161951.png","datePublished":"2021-10-19T13:21:07+00:00","dateModified":"2025-06-30T09:42:07+00:00","breadcrumb":{"@id":"https:\/\/ecrevis.eco\/site\/valeurs\/#breadcrumb"},"inLanguage":"fr-FR","potentialAction":[{"@type":"ReadAction","target":["https:\/\/ecrevis.eco\/site\/valeurs\/"]}]},{"@type":"ImageObject","inLanguage":"fr-FR","@id":"https:\/\/ecrevis.eco\/site\/valeurs\/#primaryimage","url":"https:\/\/ecrevis.eco\/site\/wp-content\/uploads\/2025\/06\/Capture-decran-2025-06-23-161951.png","contentUrl":"https:\/\/ecrevis.eco\/site\/wp-content\/uploads\/2025\/06\/Capture-decran-2025-06-23-161951.png","width":152,"height":191},{"@type":"BreadcrumbList","@id":"https:\/\/ecrevis.eco\/site\/valeurs\/#breadcrumb","itemListElement":[{"@type":"ListItem","position":1,"name":"Accueil","item":"https:\/\/ecrevis.eco\/site\/"},{"@type":"ListItem","position":2,"name":"les valeurs"}]},{"@type":"WebSite","@id":"https:\/\/ecrevis.eco\/site\/#website","url":"https:\/\/ecrevis.eco\/site\/","name":"L'ECREVIS","description":"","publisher":{"@id":"https:\/\/ecrevis.eco\/site\/#organization"},"potentialAction":[{"@type":"SearchAction","target":{"@type":"EntryPoint","urlTemplate":"https:\/\/ecrevis.eco\/site\/?s={search_term_string}"},"query-input":{"@type":"PropertyValueSpecification","valueRequired":true,"valueName":"search_term_string"}}],"inLanguage":"fr-FR"},{"@type":"Organization","@id":"https:\/\/ecrevis.eco\/site\/#organization","name":"L'ECREVIS","url":"https:\/\/ecrevis.eco\/site\/","logo":{"@type":"ImageObject","inLanguage":"fr-FR","@id":"https:\/\/ecrevis.eco\/site\/#\/schema\/logo\/image\/","url":"https:\/\/ecrevis.eco\/site\/wp-content\/uploads\/2019\/03\/cropped-LOGO-E-CRE-VIS-BLEU-1.jpg","contentUrl":"https:\/\/ecrevis.eco\/site\/wp-content\/uploads\/2019\/03\/cropped-LOGO-E-CRE-VIS-BLEU-1.jpg","width":1529,"height":1174,"caption":"L'ECREVIS"},"image":{"@id":"https:\/\/ecrevis.eco\/site\/#\/schema\/logo\/image\/"},"sameAs":["https:\/\/www.facebook.com\/ecrevis.annecy","https:\/\/www.instagram.com\/ecrevis.annecy","https:\/\/www.linkedin.com\/company\/ecrevisannecy\/"]}]}},"_links":{"self":[{"href":"https:\/\/ecrevis.eco\/site\/wp-json\/wp\/v2\/pages\/4795"}],"collection":[{"href":"https:\/\/ecrevis.eco\/site\/wp-json\/wp\/v2\/pages"}],"about":[{"href":"https:\/\/ecrevis.eco\/site\/wp-json\/wp\/v2\/types\/page"}],"author":[{"embeddable":true,"href":"https:\/\/ecrevis.eco\/site\/wp-json\/wp\/v2\/users\/4"}],"replies":[{"embeddable":true,"href":"https:\/\/ecrevis.eco\/site\/wp-json\/wp\/v2\/comments?post=4795"}],"version-history":[{"count":20,"href":"https:\/\/ecrevis.eco\/site\/wp-json\/wp\/v2\/pages\/4795\/revisions"}],"predecessor-version":[{"id":6741,"href":"https:\/\/ecrevis.eco\/site\/wp-json\/wp\/v2\/pages\/4795\/revisions\/6741"}],"wp:attachment":[{"href":"https:\/\/ecrevis.eco\/site\/wp-json\/wp\/v2\/media?parent=4795"}],"curies":[{"name":"wp","href":"https:\/\/api.w.org\/{rel}","templated":true}]}}