{"id":5101,"date":"2022-12-20T13:44:44","date_gmt":"2022-12-20T12:44:44","guid":{"rendered":"https:\/\/ecrevis.eco\/site\/?page_id=5101"},"modified":"2025-06-23T16:09:51","modified_gmt":"2025-06-23T14:09:51","slug":"presse-ecrevis","status":"publish","type":"page","link":"https:\/\/ecrevis.eco\/site\/presse-ecrevis\/","title":{"rendered":"On parle de nous !"},"content":{"rendered":"\n<h1 class=\"wp-block-heading has-text-align-center\">On parle de nous !<\/h1>\n\n\n\n<figure class=\"wp-block-video\"><video controls src=\"https:\/\/ecrevis.eco\/site\/wp-content\/uploads\/2023\/02\/215GMP230039.mp4\"><\/video><figcaption class=\"wp-element-caption\">France 3 Alpes &#8211; JT 12\/13 &#8211; 13 f\u00e9vrier 2023<\/figcaption><\/figure>\n\n\n\n<figure class=\"wp-block-gallery aligncenter has-nested-images columns-2 is-cropped wp-block-gallery-1 is-layout-flex wp-block-gallery-is-layout-flex\">\n<figure class=\"wp-block-image size-medium\"><a href=\"https:\/\/www.ledauphine.com\/societe\/2024\/08\/06\/menace-le-tiers-lieu-l-ecrevis-fait-peau-neuve\"><img decoding=\"async\" width=\"300\" height=\"149\" data-id=\"6513\" src=\"https:\/\/ecrevis.eco\/site\/wp-content\/uploads\/2025\/06\/Capture-decran-2025-06-19-145619-300x149.png\" alt=\"\" class=\"wp-image-6513\" srcset=\"https:\/\/ecrevis.eco\/site\/wp-content\/uploads\/2025\/06\/Capture-decran-2025-06-19-145619-300x149.png 300w, https:\/\/ecrevis.eco\/site\/wp-content\/uploads\/2025\/06\/Capture-decran-2025-06-19-145619.png 715w\" sizes=\"(max-width: 300px) 100vw, 300px\" \/><\/a><figcaption class=\"wp-element-caption\">Dauphin\u00e9 Lib\u00e9r\u00e9 &#8211; 6 ao\u00fbt 2024<\/figcaption><\/figure>\n\n\n\n<figure class=\"wp-block-image size-medium\"><a href=\"https:\/\/librinfo74.fr\/radio-librinfo-episode-1-ebullition-a-lecrevis\/\"><img decoding=\"async\" width=\"300\" height=\"165\" data-id=\"6520\" src=\"https:\/\/ecrevis.eco\/site\/wp-content\/uploads\/2025\/06\/Capture-decran-2025-06-19-151916-300x165.png\" alt=\"\" class=\"wp-image-6520\" srcset=\"https:\/\/ecrevis.eco\/site\/wp-content\/uploads\/2025\/06\/Capture-decran-2025-06-19-151916-300x165.png 300w, https:\/\/ecrevis.eco\/site\/wp-content\/uploads\/2025\/06\/Capture-decran-2025-06-19-151916-1024x564.png 1024w, https:\/\/ecrevis.eco\/site\/wp-content\/uploads\/2025\/06\/Capture-decran-2025-06-19-151916-768x423.png 768w, https:\/\/ecrevis.eco\/site\/wp-content\/uploads\/2025\/06\/Capture-decran-2025-06-19-151916.png 1479w\" sizes=\"(max-width: 300px) 100vw, 300px\" \/><\/a><figcaption class=\"wp-element-caption\">Librinfo &#8211; 9 juillet 2024<\/figcaption><\/figure>\n\n\n\n<figure class=\"wp-block-image size-medium\"><a href=\"https:\/\/lessorsavoyard.lemessager.fr\/649318377\/article\/2024-06-10\/meythet-apres-le-rachat-des-murs-l-heure-des-travaux-pour-l-ecrevis\"><img decoding=\"async\" width=\"300\" height=\"132\" data-id=\"6514\" src=\"https:\/\/ecrevis.eco\/site\/wp-content\/uploads\/2025\/06\/Capture-decran-2025-06-19-145707-300x132.png\" alt=\"\" class=\"wp-image-6514\" srcset=\"https:\/\/ecrevis.eco\/site\/wp-content\/uploads\/2025\/06\/Capture-decran-2025-06-19-145707-300x132.png 300w, https:\/\/ecrevis.eco\/site\/wp-content\/uploads\/2025\/06\/Capture-decran-2025-06-19-145707.png 636w\" sizes=\"(max-width: 300px) 100vw, 300px\" \/><\/a><figcaption class=\"wp-element-caption\">L&rsquo;Essor Savoyard &#8211; 10 juin 2024<\/figcaption><\/figure>\n\n\n\n<figure class=\"wp-block-image size-medium\"><a href=\"https:\/\/www.ledauphine.com\/societe\/2023\/10\/11\/annecy-partie-de-rien-une-association-l-ecrevis-achete-une-maison-a-1-2-million-d-euros\"><img loading=\"lazy\" decoding=\"async\" width=\"300\" height=\"127\" data-id=\"6507\" src=\"https:\/\/ecrevis.eco\/site\/wp-content\/uploads\/2025\/06\/Capture-decran-2025-06-19-144348-1-300x127.png\" alt=\"\" class=\"wp-image-6507\" srcset=\"https:\/\/ecrevis.eco\/site\/wp-content\/uploads\/2025\/06\/Capture-decran-2025-06-19-144348-1-300x127.png 300w, https:\/\/ecrevis.eco\/site\/wp-content\/uploads\/2025\/06\/Capture-decran-2025-06-19-144348-1-1024x433.png 1024w, https:\/\/ecrevis.eco\/site\/wp-content\/uploads\/2025\/06\/Capture-decran-2025-06-19-144348-1-768x325.png 768w, https:\/\/ecrevis.eco\/site\/wp-content\/uploads\/2025\/06\/Capture-decran-2025-06-19-144348-1-1536x649.png 1536w, https:\/\/ecrevis.eco\/site\/wp-content\/uploads\/2025\/06\/Capture-decran-2025-06-19-144348-1.png 1919w\" sizes=\"(max-width: 300px) 100vw, 300px\" \/><\/a><figcaption class=\"wp-element-caption\">Dauphin\u00e9 Lib\u00e9r\u00e9 &#8211; 11 octobre 2023<\/figcaption><\/figure>\n\n\n\n<figure class=\"wp-block-image size-medium\"><a href=\"https:\/\/www.lessorsavoyard.fr\/55224\/article\/2023-02-15\/meythet-l-association-l-ecrevis-touche-son-reve-du-bout-des-doigts?fbclid=IwAR3-kkr8oWE19Ep0G8I2LODq-4YjIXoFK-Gca_z-6WVDiRUtOgfd-UJ4A8M\"><img loading=\"lazy\" decoding=\"async\" width=\"1024\" height=\"776\" data-id=\"5296\" src=\"https:\/\/ecrevis.eco\/site\/wp-content\/uploads\/2023\/02\/Essor-savoyard-1024x776.jpg\" alt=\"\" class=\"wp-image-5296\" srcset=\"https:\/\/ecrevis.eco\/site\/wp-content\/uploads\/2023\/02\/Essor-savoyard-1024x776.jpg 1024w, https:\/\/ecrevis.eco\/site\/wp-content\/uploads\/2023\/02\/Essor-savoyard-300x227.jpg 300w, https:\/\/ecrevis.eco\/site\/wp-content\/uploads\/2023\/02\/Essor-savoyard-768x582.jpg 768w, https:\/\/ecrevis.eco\/site\/wp-content\/uploads\/2023\/02\/Essor-savoyard.jpg 1056w\" sizes=\"(max-width: 1024px) 100vw, 1024px\" \/><\/a><figcaption class=\"wp-element-caption\">L&rsquo;Essor Savoyard &#8211; 15 F\u00e9vrier 2023<\/figcaption><\/figure>\n\n\n\n<figure class=\"wp-block-image size-medium\"><a href=\"https:\/\/www.moka-mag.com\/articles\/lecrevis-un-concert-grec-dans-lancienne-menuiserie-dannecy\"><img loading=\"lazy\" decoding=\"async\" width=\"972\" height=\"777\" data-id=\"5209\" src=\"https:\/\/ecrevis.eco\/site\/wp-content\/uploads\/2023\/02\/Moka-mag.jpg\" alt=\"\" class=\"wp-image-5209\" srcset=\"https:\/\/ecrevis.eco\/site\/wp-content\/uploads\/2023\/02\/Moka-mag.jpg 972w, https:\/\/ecrevis.eco\/site\/wp-content\/uploads\/2023\/02\/Moka-mag-300x240.jpg 300w, https:\/\/ecrevis.eco\/site\/wp-content\/uploads\/2023\/02\/Moka-mag-768x614.jpg 768w\" sizes=\"(max-width: 972px) 100vw, 972px\" \/><\/a><figcaption class=\"wp-element-caption\">Moka Mag &#8211; 6 F\u00e9vrier 2023<\/figcaption><\/figure>\n\n\n\n<figure class=\"wp-block-image size-medium\"><a href=\"https:\/\/www.ledauphine.com\/amp\/societe\/2023\/02\/05\/l-association-l-ecrevis-bien-partie-pour-relever-son-pari?fbclid=IwAR3aSnpbzboZQRqzPKy1D4g2YhSEWvTlFFAnfHGscBW82tHSJ-tceWNH8j8\"><img loading=\"lazy\" decoding=\"async\" width=\"1024\" height=\"718\" data-id=\"5294\" src=\"https:\/\/ecrevis.eco\/site\/wp-content\/uploads\/2023\/02\/Dauphine-libere-1024x718.jpg\" alt=\"\" class=\"wp-image-5294\" srcset=\"https:\/\/ecrevis.eco\/site\/wp-content\/uploads\/2023\/02\/Dauphine-libere-1024x718.jpg 1024w, https:\/\/ecrevis.eco\/site\/wp-content\/uploads\/2023\/02\/Dauphine-libere-300x210.jpg 300w, https:\/\/ecrevis.eco\/site\/wp-content\/uploads\/2023\/02\/Dauphine-libere-768x538.jpg 768w, https:\/\/ecrevis.eco\/site\/wp-content\/uploads\/2023\/02\/Dauphine-libere.jpg 1260w\" sizes=\"(max-width: 1024px) 100vw, 1024px\" \/><\/a><figcaption class=\"wp-element-caption\">Dauphin\u00e9 Lib\u00e9r\u00e9 &#8211; 5 F\u00e9vrier 2023<\/figcaption><\/figure>\n\n\n\n<figure class=\"wp-block-image size-medium\"><a href=\"https:\/\/www.politis.fr\/articles\/2023\/02\/le-tiers-lieu-dannecy-a-besoin-de-soutiens\/?fbclid=IwAR0FyAW-WqmYBGBcfDZkKIarOX1MkKdh0MPtUgiGIQl8OLmZ3orr0cJ-tNU\"><img loading=\"lazy\" decoding=\"async\" width=\"1024\" height=\"647\" data-id=\"5295\" src=\"https:\/\/ecrevis.eco\/site\/wp-content\/uploads\/2023\/02\/Politis-1-1024x647.jpg\" alt=\"\" class=\"wp-image-5295\" srcset=\"https:\/\/ecrevis.eco\/site\/wp-content\/uploads\/2023\/02\/Politis-1-1024x647.jpg 1024w, https:\/\/ecrevis.eco\/site\/wp-content\/uploads\/2023\/02\/Politis-1-300x189.jpg 300w, https:\/\/ecrevis.eco\/site\/wp-content\/uploads\/2023\/02\/Politis-1-768x485.jpg 768w, https:\/\/ecrevis.eco\/site\/wp-content\/uploads\/2023\/02\/Politis-1.jpg 1284w\" sizes=\"(max-width: 1024px) 100vw, 1024px\" \/><\/a><figcaption class=\"wp-element-caption\">Politis &#8211; 1er Fevrier 2023<\/figcaption><\/figure>\n\n\n\n<figure class=\"wp-block-image size-medium\"><a href=\"https:\/\/www.ledauphine.com\/economie\/2023\/01\/24\/l-ecrevis-rachete-par-ses-adherents\"><img loading=\"lazy\" decoding=\"async\" width=\"300\" height=\"128\" data-id=\"6537\" src=\"https:\/\/ecrevis.eco\/site\/wp-content\/uploads\/2025\/06\/Capture-decran-2025-06-23-160818-300x128.png\" alt=\"\" class=\"wp-image-6537\" srcset=\"https:\/\/ecrevis.eco\/site\/wp-content\/uploads\/2025\/06\/Capture-decran-2025-06-23-160818-300x128.png 300w, https:\/\/ecrevis.eco\/site\/wp-content\/uploads\/2025\/06\/Capture-decran-2025-06-23-160818-768x327.png 768w, https:\/\/ecrevis.eco\/site\/wp-content\/uploads\/2025\/06\/Capture-decran-2025-06-23-160818.png 890w\" sizes=\"(max-width: 300px) 100vw, 300px\" \/><\/a><figcaption class=\"wp-element-caption\">Dauphin\u00e9 Lib\u00e9r\u00e9 &#8211; 24 janvier 2023<\/figcaption><\/figure>\n\n\n\n<figure class=\"wp-block-image size-medium\"><a href=\"https:\/\/librinfo74.fr\/acheter-des-parts-sociales-pour-sauver-lecrevis\/?fbclid=IwAR2q6s69ocUOStg5mqQHjn88d7ytpTiEjN-EbqzFBSTe23pV18UW7EesTas\"><img loading=\"lazy\" decoding=\"async\" width=\"615\" height=\"357\" data-id=\"5129\" src=\"https:\/\/ecrevis.eco\/site\/wp-content\/uploads\/2023\/01\/Parts-sociales-ECREVIS.jpg\" alt=\"\" class=\"wp-image-5129\" srcset=\"https:\/\/ecrevis.eco\/site\/wp-content\/uploads\/2023\/01\/Parts-sociales-ECREVIS.jpg 615w, https:\/\/ecrevis.eco\/site\/wp-content\/uploads\/2023\/01\/Parts-sociales-ECREVIS-300x174.jpg 300w\" sizes=\"(max-width: 615px) 100vw, 615px\" \/><\/a><figcaption class=\"wp-element-caption\">Libre info 74 &#8211; 21 novembre 2022<\/figcaption><\/figure>\n\n\n\n<figure class=\"wp-block-image size-medium\"><a href=\"https:\/\/lessorsavoyard.lemessager.fr\/49694\/article\/2022-11-01\/meythet-le-tiers-lieu-l-ecrevis-met-tout-en-oeuvrepour-devenir-proprietaire-de\"><img loading=\"lazy\" decoding=\"async\" width=\"300\" height=\"140\" data-id=\"6515\" src=\"https:\/\/ecrevis.eco\/site\/wp-content\/uploads\/2025\/06\/Capture-decran-2025-06-19-150026-300x140.png\" alt=\"\" class=\"wp-image-6515\" srcset=\"https:\/\/ecrevis.eco\/site\/wp-content\/uploads\/2025\/06\/Capture-decran-2025-06-19-150026-300x140.png 300w, https:\/\/ecrevis.eco\/site\/wp-content\/uploads\/2025\/06\/Capture-decran-2025-06-19-150026.png 662w\" sizes=\"(max-width: 300px) 100vw, 300px\" \/><\/a><figcaption class=\"wp-element-caption\">L&rsquo;Essor Savoyard &#8211; 1er novembre 2022<\/figcaption><\/figure>\n\n\n\n<figure class=\"wp-block-image size-full\"><a href=\"https:\/\/www.ledauphine.com\/social\/2022\/10\/15\/l-association-l-ecrevis-veut-devenir-proprietaire-de-ses-murs\"><img loading=\"lazy\" decoding=\"async\" width=\"908\" height=\"571\" data-id=\"5138\" src=\"https:\/\/ecrevis.eco\/site\/wp-content\/uploads\/2023\/01\/Dauphine-2.png\" alt=\"\" class=\"wp-image-5138\" srcset=\"https:\/\/ecrevis.eco\/site\/wp-content\/uploads\/2023\/01\/Dauphine-2.png 908w, https:\/\/ecrevis.eco\/site\/wp-content\/uploads\/2023\/01\/Dauphine-2-300x189.png 300w, https:\/\/ecrevis.eco\/site\/wp-content\/uploads\/2023\/01\/Dauphine-2-768x483.png 768w\" sizes=\"(max-width: 908px) 100vw, 908px\" \/><\/a><figcaption class=\"wp-element-caption\">Le Dauphin\u00e9 Lib\u00e9r\u00e9 &#8211; 15 oct. 2022<\/figcaption><\/figure>\n\n\n\n<figure class=\"wp-block-image size-full\"><a href=\"https:\/\/www.ledauphine.com\/culture-loisirs\/2022\/08\/12\/l-ecrevis-a-deja-recolte-30-000-euros#PlugCommentsList2\"><img loading=\"lazy\" decoding=\"async\" width=\"911\" height=\"492\" data-id=\"5136\" src=\"https:\/\/ecrevis.eco\/site\/wp-content\/uploads\/2023\/01\/Dauphine-1.png\" alt=\"\" class=\"wp-image-5136\" srcset=\"https:\/\/ecrevis.eco\/site\/wp-content\/uploads\/2023\/01\/Dauphine-1.png 911w, https:\/\/ecrevis.eco\/site\/wp-content\/uploads\/2023\/01\/Dauphine-1-300x162.png 300w, https:\/\/ecrevis.eco\/site\/wp-content\/uploads\/2023\/01\/Dauphine-1-768x415.png 768w\" sizes=\"(max-width: 911px) 100vw, 911px\" \/><\/a><figcaption class=\"wp-element-caption\">Le Dauphin\u00e9 Lib\u00e9r\u00e9 &#8211; 12 ao\u00fbt 2022<\/figcaption><\/figure>\n\n\n\n<figure class=\"wp-block-image size-full\"><a href=\"https:\/\/www.lessorsavoyard.fr\/43160\/article\/2022-06-30\/meythet-l-ecrevis-un-tiers-lieu-d-experimentation-qui-prone-l-education\"><img loading=\"lazy\" decoding=\"async\" width=\"933\" height=\"845\" data-id=\"5141\" src=\"https:\/\/ecrevis.eco\/site\/wp-content\/uploads\/2023\/01\/lessor-1.png\" alt=\"\" class=\"wp-image-5141\" srcset=\"https:\/\/ecrevis.eco\/site\/wp-content\/uploads\/2023\/01\/lessor-1.png 933w, https:\/\/ecrevis.eco\/site\/wp-content\/uploads\/2023\/01\/lessor-1-300x272.png 300w, https:\/\/ecrevis.eco\/site\/wp-content\/uploads\/2023\/01\/lessor-1-768x696.png 768w\" sizes=\"(max-width: 933px) 100vw, 933px\" \/><\/a><figcaption class=\"wp-element-caption\">L&rsquo;Essor Savoyard &#8211; 30 juin 2022<\/figcaption><\/figure>\n\n\n\n<figure class=\"wp-block-image size-medium\"><a href=\"https:\/\/lessorsavoyard.lemessager.fr\/\/43171\/article\/2022-06-30\/meythet-le-tiers-lieu-l-ecrevis-mise-sur-la-force-du-collectif-pour-sauver-ses\"><img loading=\"lazy\" decoding=\"async\" width=\"300\" height=\"130\" data-id=\"6525\" src=\"https:\/\/ecrevis.eco\/site\/wp-content\/uploads\/2025\/06\/Capture-decran-2025-06-19-152100-1-300x130.png\" alt=\"\" class=\"wp-image-6525\" srcset=\"https:\/\/ecrevis.eco\/site\/wp-content\/uploads\/2025\/06\/Capture-decran-2025-06-19-152100-1-300x130.png 300w, https:\/\/ecrevis.eco\/site\/wp-content\/uploads\/2025\/06\/Capture-decran-2025-06-19-152100-1-1024x445.png 1024w, https:\/\/ecrevis.eco\/site\/wp-content\/uploads\/2025\/06\/Capture-decran-2025-06-19-152100-1-768x334.png 768w, https:\/\/ecrevis.eco\/site\/wp-content\/uploads\/2025\/06\/Capture-decran-2025-06-19-152100-1-1536x667.png 1536w, https:\/\/ecrevis.eco\/site\/wp-content\/uploads\/2025\/06\/Capture-decran-2025-06-19-152100-1.png 1807w\" sizes=\"(max-width: 300px) 100vw, 300px\" \/><\/a><figcaption class=\"wp-element-caption\">L&rsquo;Essor Savoyard &#8211; 30 juin 2022<\/figcaption><\/figure>\n\n\n\n<figure class=\"wp-block-image size-full\"><a href=\"https:\/\/www.ledauphine.com\/economie\/2022\/06\/08\/a-annecy-l-ecrevis-menace-de-fermeture-pierre-monnier-et-hubert-julien\"><img loading=\"lazy\" decoding=\"async\" width=\"933\" height=\"654\" data-id=\"5140\" src=\"https:\/\/ecrevis.eco\/site\/wp-content\/uploads\/2023\/01\/Dauphine-4-1.png\" alt=\"\" class=\"wp-image-5140\" srcset=\"https:\/\/ecrevis.eco\/site\/wp-content\/uploads\/2023\/01\/Dauphine-4-1.png 933w, https:\/\/ecrevis.eco\/site\/wp-content\/uploads\/2023\/01\/Dauphine-4-1-300x210.png 300w, https:\/\/ecrevis.eco\/site\/wp-content\/uploads\/2023\/01\/Dauphine-4-1-768x538.png 768w\" sizes=\"(max-width: 933px) 100vw, 933px\" \/><\/a><figcaption class=\"wp-element-caption\">Le Dauphin\u00e9 Lib\u00e9r\u00e9 &#8211; 8 juin 2022<\/figcaption><\/figure>\n\n\n\n<figure class=\"wp-block-image size-full\"><a href=\"https:\/\/www.ledauphine.com\/societe\/2022\/06\/07\/annecy-un-appel-aux-dons-lance-pour-sauver-le-tiers-lieu-l-ecrevis\"><img loading=\"lazy\" decoding=\"async\" width=\"925\" height=\"689\" data-id=\"5142\" src=\"https:\/\/ecrevis.eco\/site\/wp-content\/uploads\/2023\/01\/Dauphine-3.png\" alt=\"\" class=\"wp-image-5142\" srcset=\"https:\/\/ecrevis.eco\/site\/wp-content\/uploads\/2023\/01\/Dauphine-3.png 925w, https:\/\/ecrevis.eco\/site\/wp-content\/uploads\/2023\/01\/Dauphine-3-300x223.png 300w, https:\/\/ecrevis.eco\/site\/wp-content\/uploads\/2023\/01\/Dauphine-3-768x572.png 768w\" sizes=\"(max-width: 925px) 100vw, 925px\" \/><\/a><figcaption class=\"wp-element-caption\">Le Dauphin\u00e9 Lib\u00e9r\u00e9 &#8211; 7 juin 2022<\/figcaption><\/figure>\n\n\n\n<figure class=\"wp-block-image size-medium\"><a href=\"https:\/\/www.ledauphine.com\/haute-savoie\/2019\/09\/25\/l-ecrevis-un-espace-collaboratif-qui-multiplie-les-rencontres-extraordinaires\"><img loading=\"lazy\" decoding=\"async\" width=\"300\" height=\"127\" data-id=\"6535\" src=\"https:\/\/ecrevis.eco\/site\/wp-content\/uploads\/2025\/06\/Capture-decran-2025-06-23-160657-300x127.png\" alt=\"\" class=\"wp-image-6535\" srcset=\"https:\/\/ecrevis.eco\/site\/wp-content\/uploads\/2025\/06\/Capture-decran-2025-06-23-160657-300x127.png 300w, https:\/\/ecrevis.eco\/site\/wp-content\/uploads\/2025\/06\/Capture-decran-2025-06-23-160657-768x325.png 768w, https:\/\/ecrevis.eco\/site\/wp-content\/uploads\/2025\/06\/Capture-decran-2025-06-23-160657.png 887w\" sizes=\"(max-width: 300px) 100vw, 300px\" \/><\/a><figcaption class=\"wp-element-caption\">Dauphin\u00e9 Lib\u00e9r\u00e9 &#8211; 25 septembre 2019<\/figcaption><\/figure>\n<\/figure>\n","protected":false},"excerpt":{"rendered":"<p>On parle de nous !<\/p>\n","protected":false},"author":12,"featured_media":0,"parent":0,"menu_order":0,"comment_status":"closed","ping_status":"closed","template":"","meta":{"ocean_post_layout":"","ocean_both_sidebars_style":"","ocean_both_sidebars_content_width":0,"ocean_both_sidebars_sidebars_width":0,"ocean_sidebar":"0","ocean_second_sidebar":"0","ocean_disable_margins":"enable","ocean_add_body_class":"","ocean_shortcode_before_top_bar":"","ocean_shortcode_after_top_bar":"","ocean_shortcode_before_header":"","ocean_shortcode_after_header":"","ocean_has_shortcode":"","ocean_shortcode_after_title":"","ocean_shortcode_before_footer_widgets":"","ocean_shortcode_after_footer_widgets":"","ocean_shortcode_before_footer_bottom":"","ocean_shortcode_after_footer_bottom":"","ocean_display_top_bar":"default","ocean_display_header":"default","ocean_header_style":"","ocean_center_header_left_menu":"0","ocean_custom_header_template":"0","ocean_custom_logo":0,"ocean_custom_retina_logo":0,"ocean_custom_logo_max_width":0,"ocean_custom_logo_tablet_max_width":0,"ocean_custom_logo_mobile_max_width":0,"ocean_custom_logo_max_height":0,"ocean_custom_logo_tablet_max_height":0,"ocean_custom_logo_mobile_max_height":0,"ocean_header_custom_menu":"0","ocean_menu_typo_font_family":"0","ocean_menu_typo_font_subset":"","ocean_menu_typo_font_size":0,"ocean_menu_typo_font_size_tablet":0,"ocean_menu_typo_font_size_mobile":0,"ocean_menu_typo_font_size_unit":"px","ocean_menu_typo_font_weight":"","ocean_menu_typo_font_weight_tablet":"","ocean_menu_typo_font_weight_mobile":"","ocean_menu_typo_transform":"","ocean_menu_typo_transform_tablet":"","ocean_menu_typo_transform_mobile":"","ocean_menu_typo_line_height":0,"ocean_menu_typo_line_height_tablet":0,"ocean_menu_typo_line_height_mobile":0,"ocean_menu_typo_line_height_unit":"","ocean_menu_typo_spacing":0,"ocean_menu_typo_spacing_tablet":0,"ocean_menu_typo_spacing_mobile":0,"ocean_menu_typo_spacing_unit":"","ocean_menu_link_color":"","ocean_menu_link_color_hover":"","ocean_menu_link_color_active":"","ocean_menu_link_background":"","ocean_menu_link_hover_background":"","ocean_menu_link_active_background":"","ocean_menu_social_links_bg":"","ocean_menu_social_hover_links_bg":"","ocean_menu_social_links_color":"","ocean_menu_social_hover_links_color":"","ocean_disable_title":"default","ocean_disable_heading":"default","ocean_post_title":"","ocean_post_subheading":"","ocean_post_title_style":"","ocean_post_title_background_color":"","ocean_post_title_background":0,"ocean_post_title_bg_image_position":"","ocean_post_title_bg_image_attachment":"","ocean_post_title_bg_image_repeat":"","ocean_post_title_bg_image_size":"","ocean_post_title_height":0,"ocean_post_title_bg_overlay":0.5,"ocean_post_title_bg_overlay_color":"","ocean_disable_breadcrumbs":"default","ocean_breadcrumbs_color":"","ocean_breadcrumbs_separator_color":"","ocean_breadcrumbs_links_color":"","ocean_breadcrumbs_links_hover_color":"","ocean_display_footer_widgets":"default","ocean_display_footer_bottom":"default","ocean_custom_footer_template":"0","omw_enable_modal_window":"enable","footnotes":""},"yoast_head":"<!-- This site is optimized with the Yoast SEO plugin v24.5 - https:\/\/yoast.com\/wordpress\/plugins\/seo\/ -->\n<title>On parle de nous ! - L&#039;ECREVIS<\/title>\n<meta name=\"robots\" content=\"index, follow, max-snippet:-1, max-image-preview:large, max-video-preview:-1\" \/>\n<link rel=\"canonical\" href=\"https:\/\/ecrevis.eco\/site\/presse-ecrevis\/\" \/>\n<meta property=\"og:locale\" content=\"fr_FR\" \/>\n<meta property=\"og:type\" content=\"article\" \/>\n<meta property=\"og:title\" content=\"On parle de nous ! - L&#039;ECREVIS\" \/>\n<meta property=\"og:description\" content=\"On parle de nous !\" \/>\n<meta property=\"og:url\" content=\"https:\/\/ecrevis.eco\/site\/presse-ecrevis\/\" \/>\n<meta property=\"og:site_name\" content=\"L&#039;ECREVIS\" \/>\n<meta property=\"article:publisher\" content=\"https:\/\/www.facebook.com\/ecrevis.annecy\" \/>\n<meta property=\"article:modified_time\" content=\"2025-06-23T14:09:51+00:00\" \/>\n<meta property=\"og:image\" content=\"https:\/\/ecrevis.eco\/site\/wp-content\/uploads\/2025\/06\/Capture-decran-2025-06-19-145619.png\" \/>\n\t<meta property=\"og:image:width\" content=\"715\" \/>\n\t<meta property=\"og:image:height\" content=\"354\" \/>\n\t<meta property=\"og:image:type\" content=\"image\/png\" \/>\n<meta name=\"twitter:card\" content=\"summary_large_image\" \/>\n<meta name=\"twitter:label1\" content=\"Dur\u00e9e de lecture estim\u00e9e\" \/>\n\t<meta name=\"twitter:data1\" content=\"4 minutes\" \/>\n<script type=\"application\/ld+json\" class=\"yoast-schema-graph\">{\"@context\":\"https:\/\/schema.org\",\"@graph\":[{\"@type\":\"WebPage\",\"@id\":\"https:\/\/ecrevis.eco\/site\/presse-ecrevis\/\",\"url\":\"https:\/\/ecrevis.eco\/site\/presse-ecrevis\/\",\"name\":\"On parle de nous ! - L&#039;ECREVIS\",\"isPartOf\":{\"@id\":\"https:\/\/ecrevis.eco\/site\/#website\"},\"primaryImageOfPage\":{\"@id\":\"https:\/\/ecrevis.eco\/site\/presse-ecrevis\/#primaryimage\"},\"image\":{\"@id\":\"https:\/\/ecrevis.eco\/site\/presse-ecrevis\/#primaryimage\"},\"thumbnailUrl\":\"https:\/\/ecrevis.eco\/site\/wp-content\/uploads\/2025\/06\/Capture-decran-2025-06-19-145619-300x149.png\",\"datePublished\":\"2022-12-20T12:44:44+00:00\",\"dateModified\":\"2025-06-23T14:09:51+00:00\",\"breadcrumb\":{\"@id\":\"https:\/\/ecrevis.eco\/site\/presse-ecrevis\/#breadcrumb\"},\"inLanguage\":\"fr-FR\",\"potentialAction\":[{\"@type\":\"ReadAction\",\"target\":[\"https:\/\/ecrevis.eco\/site\/presse-ecrevis\/\"]}]},{\"@type\":\"ImageObject\",\"inLanguage\":\"fr-FR\",\"@id\":\"https:\/\/ecrevis.eco\/site\/presse-ecrevis\/#primaryimage\",\"url\":\"https:\/\/ecrevis.eco\/site\/wp-content\/uploads\/2025\/06\/Capture-decran-2025-06-19-145619.png\",\"contentUrl\":\"https:\/\/ecrevis.eco\/site\/wp-content\/uploads\/2025\/06\/Capture-decran-2025-06-19-145619.png\",\"width\":715,\"height\":354},{\"@type\":\"BreadcrumbList\",\"@id\":\"https:\/\/ecrevis.eco\/site\/presse-ecrevis\/#breadcrumb\",\"itemListElement\":[{\"@type\":\"ListItem\",\"position\":1,\"name\":\"Accueil\",\"item\":\"https:\/\/ecrevis.eco\/site\/\"},{\"@type\":\"ListItem\",\"position\":2,\"name\":\"On parle de nous !\"}]},{\"@type\":\"WebSite\",\"@id\":\"https:\/\/ecrevis.eco\/site\/#website\",\"url\":\"https:\/\/ecrevis.eco\/site\/\",\"name\":\"L'ECREVIS\",\"description\":\"\",\"publisher\":{\"@id\":\"https:\/\/ecrevis.eco\/site\/#organization\"},\"potentialAction\":[{\"@type\":\"SearchAction\",\"target\":{\"@type\":\"EntryPoint\",\"urlTemplate\":\"https:\/\/ecrevis.eco\/site\/?s={search_term_string}\"},\"query-input\":{\"@type\":\"PropertyValueSpecification\",\"valueRequired\":true,\"valueName\":\"search_term_string\"}}],\"inLanguage\":\"fr-FR\"},{\"@type\":\"Organization\",\"@id\":\"https:\/\/ecrevis.eco\/site\/#organization\",\"name\":\"L'ECREVIS\",\"url\":\"https:\/\/ecrevis.eco\/site\/\",\"logo\":{\"@type\":\"ImageObject\",\"inLanguage\":\"fr-FR\",\"@id\":\"https:\/\/ecrevis.eco\/site\/#\/schema\/logo\/image\/\",\"url\":\"https:\/\/ecrevis.eco\/site\/wp-content\/uploads\/2019\/03\/cropped-LOGO-E-CRE-VIS-BLEU-1.jpg\",\"contentUrl\":\"https:\/\/ecrevis.eco\/site\/wp-content\/uploads\/2019\/03\/cropped-LOGO-E-CRE-VIS-BLEU-1.jpg\",\"width\":1529,\"height\":1174,\"caption\":\"L'ECREVIS\"},\"image\":{\"@id\":\"https:\/\/ecrevis.eco\/site\/#\/schema\/logo\/image\/\"},\"sameAs\":[\"https:\/\/www.facebook.com\/ecrevis.annecy\",\"https:\/\/www.instagram.com\/ecrevis.annecy\",\"https:\/\/www.linkedin.com\/company\/ecrevisannecy\/\"]}]}<\/script>\n<!-- \/ Yoast SEO plugin. -->","yoast_head_json":{"title":"On parle de nous ! - L&#039;ECREVIS","robots":{"index":"index","follow":"follow","max-snippet":"max-snippet:-1","max-image-preview":"max-image-preview:large","max-video-preview":"max-video-preview:-1"},"canonical":"https:\/\/ecrevis.eco\/site\/presse-ecrevis\/","og_locale":"fr_FR","og_type":"article","og_title":"On parle de nous ! - L&#039;ECREVIS","og_description":"On parle de nous !","og_url":"https:\/\/ecrevis.eco\/site\/presse-ecrevis\/","og_site_name":"L&#039;ECREVIS","article_publisher":"https:\/\/www.facebook.com\/ecrevis.annecy","article_modified_time":"2025-06-23T14:09:51+00:00","og_image":[{"width":715,"height":354,"url":"https:\/\/ecrevis.eco\/site\/wp-content\/uploads\/2025\/06\/Capture-decran-2025-06-19-145619.png","type":"image\/png"}],"twitter_card":"summary_large_image","twitter_misc":{"Dur\u00e9e de lecture estim\u00e9e":"4 minutes"},"schema":{"@context":"https:\/\/schema.org","@graph":[{"@type":"WebPage","@id":"https:\/\/ecrevis.eco\/site\/presse-ecrevis\/","url":"https:\/\/ecrevis.eco\/site\/presse-ecrevis\/","name":"On parle de nous ! - L&#039;ECREVIS","isPartOf":{"@id":"https:\/\/ecrevis.eco\/site\/#website"},"primaryImageOfPage":{"@id":"https:\/\/ecrevis.eco\/site\/presse-ecrevis\/#primaryimage"},"image":{"@id":"https:\/\/ecrevis.eco\/site\/presse-ecrevis\/#primaryimage"},"thumbnailUrl":"https:\/\/ecrevis.eco\/site\/wp-content\/uploads\/2025\/06\/Capture-decran-2025-06-19-145619-300x149.png","datePublished":"2022-12-20T12:44:44+00:00","dateModified":"2025-06-23T14:09:51+00:00","breadcrumb":{"@id":"https:\/\/ecrevis.eco\/site\/presse-ecrevis\/#breadcrumb"},"inLanguage":"fr-FR","potentialAction":[{"@type":"ReadAction","target":["https:\/\/ecrevis.eco\/site\/presse-ecrevis\/"]}]},{"@type":"ImageObject","inLanguage":"fr-FR","@id":"https:\/\/ecrevis.eco\/site\/presse-ecrevis\/#primaryimage","url":"https:\/\/ecrevis.eco\/site\/wp-content\/uploads\/2025\/06\/Capture-decran-2025-06-19-145619.png","contentUrl":"https:\/\/ecrevis.eco\/site\/wp-content\/uploads\/2025\/06\/Capture-decran-2025-06-19-145619.png","width":715,"height":354},{"@type":"BreadcrumbList","@id":"https:\/\/ecrevis.eco\/site\/presse-ecrevis\/#breadcrumb","itemListElement":[{"@type":"ListItem","position":1,"name":"Accueil","item":"https:\/\/ecrevis.eco\/site\/"},{"@type":"ListItem","position":2,"name":"On parle de nous !"}]},{"@type":"WebSite","@id":"https:\/\/ecrevis.eco\/site\/#website","url":"https:\/\/ecrevis.eco\/site\/","name":"L'ECREVIS","description":"","publisher":{"@id":"https:\/\/ecrevis.eco\/site\/#organization"},"potentialAction":[{"@type":"SearchAction","target":{"@type":"EntryPoint","urlTemplate":"https:\/\/ecrevis.eco\/site\/?s={search_term_string}"},"query-input":{"@type":"PropertyValueSpecification","valueRequired":true,"valueName":"search_term_string"}}],"inLanguage":"fr-FR"},{"@type":"Organization","@id":"https:\/\/ecrevis.eco\/site\/#organization","name":"L'ECREVIS","url":"https:\/\/ecrevis.eco\/site\/","logo":{"@type":"ImageObject","inLanguage":"fr-FR","@id":"https:\/\/ecrevis.eco\/site\/#\/schema\/logo\/image\/","url":"https:\/\/ecrevis.eco\/site\/wp-content\/uploads\/2019\/03\/cropped-LOGO-E-CRE-VIS-BLEU-1.jpg","contentUrl":"https:\/\/ecrevis.eco\/site\/wp-content\/uploads\/2019\/03\/cropped-LOGO-E-CRE-VIS-BLEU-1.jpg","width":1529,"height":1174,"caption":"L'ECREVIS"},"image":{"@id":"https:\/\/ecrevis.eco\/site\/#\/schema\/logo\/image\/"},"sameAs":["https:\/\/www.facebook.com\/ecrevis.annecy","https:\/\/www.instagram.com\/ecrevis.annecy","https:\/\/www.linkedin.com\/company\/ecrevisannecy\/"]}]}},"_links":{"self":[{"href":"https:\/\/ecrevis.eco\/site\/wp-json\/wp\/v2\/pages\/5101"}],"collection":[{"href":"https:\/\/ecrevis.eco\/site\/wp-json\/wp\/v2\/pages"}],"about":[{"href":"https:\/\/ecrevis.eco\/site\/wp-json\/wp\/v2\/types\/page"}],"author":[{"embeddable":true,"href":"https:\/\/ecrevis.eco\/site\/wp-json\/wp\/v2\/users\/12"}],"replies":[{"embeddable":true,"href":"https:\/\/ecrevis.eco\/site\/wp-json\/wp\/v2\/comments?post=5101"}],"version-history":[{"count":25,"href":"https:\/\/ecrevis.eco\/site\/wp-json\/wp\/v2\/pages\/5101\/revisions"}],"predecessor-version":[{"id":6538,"href":"https:\/\/ecrevis.eco\/site\/wp-json\/wp\/v2\/pages\/5101\/revisions\/6538"}],"wp:attachment":[{"href":"https:\/\/ecrevis.eco\/site\/wp-json\/wp\/v2\/media?parent=5101"}],"curies":[{"name":"wp","href":"https:\/\/api.w.org\/{rel}","templated":true}]}}