{"id":5956,"date":"2023-10-14T14:12:58","date_gmt":"2023-10-14T12:12:58","guid":{"rendered":"https:\/\/ecrevis.eco\/site\/?page_id=5956"},"modified":"2026-02-16T17:19:49","modified_gmt":"2026-02-16T16:19:49","slug":"les-activites-regulieres","status":"publish","type":"page","link":"https:\/\/ecrevis.eco\/site\/les-activites-regulieres\/","title":{"rendered":"Les activit\u00e9s r\u00e9guli\u00e8res"},"content":{"rendered":"\n<p>Comme toutes les activit\u00e9s \u00e0 l&rsquo;ECREVIS, les activit\u00e9s r\u00e9guli\u00e8res sont \u00e0 prix libre et conscient.<\/p>\n\n\n\n<div class=\"wp-block-cover is-light\" style=\"min-height:180px;aspect-ratio:unset;\"><span aria-hidden=\"true\" class=\"wp-block-cover__background has-white-background-color has-background-dim-100 has-background-dim\"><\/span><div class=\"wp-block-cover__inner-container is-layout-constrained wp-block-cover-is-layout-constrained\">\n<p class=\"has-text-align-center has-large-font-size\">\ud83d\udc49  <strong><mark style=\"background-color:rgba(0, 0, 0, 0)\" class=\"has-inline-color has-luminous-vivid-orange-color\">LUNDI<\/mark><\/strong>  \ud83d\udc48<\/p>\n<\/div><\/div>\n\n\n\n<div class=\"wp-block-media-text alignwide is-stacked-on-mobile\"><figure class=\"wp-block-media-text__media\"><img fetchpriority=\"high\" decoding=\"async\" width=\"1024\" height=\"563\" src=\"https:\/\/ecrevis.eco\/site\/wp-content\/uploads\/2023\/10\/Vannerie-1024x563.jpg\" alt=\"\" class=\"wp-image-5960 size-full\" srcset=\"https:\/\/ecrevis.eco\/site\/wp-content\/uploads\/2023\/10\/Vannerie-1024x563.jpg 1024w, https:\/\/ecrevis.eco\/site\/wp-content\/uploads\/2023\/10\/Vannerie-300x165.jpg 300w, https:\/\/ecrevis.eco\/site\/wp-content\/uploads\/2023\/10\/Vannerie-768x423.jpg 768w, https:\/\/ecrevis.eco\/site\/wp-content\/uploads\/2023\/10\/Vannerie-1536x845.jpg 1536w, https:\/\/ecrevis.eco\/site\/wp-content\/uploads\/2023\/10\/Vannerie.jpg 2032w\" sizes=\"(max-width: 1024px) 100vw, 1024px\" \/><\/figure><div class=\"wp-block-media-text__content\">\n<h2 class=\"wp-block-heading\">Atelier Vannerie<\/h2>\n\n\n\n<p>\u00c0 partir de l\u2019automne 2025, retrouvez la vannerie d\u00e9clin\u00e9s en 2 ateliers :&nbsp;<\/p>\n\n\n\n<ul>\n<li>Les <strong>ateliers d\u00e9couverte<\/strong>, afin de d\u00e9couvrir cet art ! <br>Maximum 6 personnes.&nbsp;<\/li>\n\n\n\n<li>Les <strong>ateliers th\u00e9matiques<\/strong>, dans lesquels un projet complet sera r\u00e9alis\u00e9, dont la dur\u00e9e d\u00e9pendra du projet r\u00e9alis\u00e9 !&nbsp;<br>Maximum 4 personnes, inscriptions 2 semaines en avance. <\/li>\n<\/ul>\n\n\n\n<p>Pensez donc \u00e0 regarder l&rsquo;<a href=\"https:\/\/ecrevis.eco\/site\/agenda\/\">agenda<\/a> et inscrivez vous (les informations d\u00e9taill\u00e9es vous seront envoy\u00e9es par mail) !<\/p>\n\n\n\n<div class=\"wp-block-buttons is-layout-flex wp-block-buttons-is-layout-flex\">\n<div class=\"wp-block-button\"><a class=\"wp-block-button__link wp-element-button\" href=\"mailto:nicolas@ecrevis.eco\">Inscription : nicolas@ecrevis.eco<\/a><\/div>\n<\/div>\n<\/div><\/div>\n\n\n\n<div class=\"wp-block-media-text alignwide has-media-on-the-right is-stacked-on-mobile\"><div class=\"wp-block-media-text__content\">\n<h2 class=\"wp-block-heading has-text-align-right\">Atelier Tricot<\/h2>\n\n\n\n<p class=\"has-text-align-right\">Retrouvons-nous pour tricoter &#8211; crocheter ensemble et papoter. Vous pouvez venir continuer vos travaux ou r\u00e9aliser des petits carr\u00e9s de 15x15cm que nous assemblerons en patchwork pour d\u00e9corer l&rsquo;ECREVIS. Mais c&rsquo;est surtout l&rsquo;occasion d&rsquo;apprendre \u00e0 tricoter &#8211; crocheter, de partager, et de faire na\u00eetre d&rsquo;autres projets. <br><br>Le reste du temps, les pelotes et les aiguilles \u00e0 tricoter sont disponibles si vous souhaitez continuer vos travaux.<br><br><strong>Horaires :<\/strong> 17h-18h30<\/p>\n\n\n\n<div class=\"wp-block-buttons is-content-justification-right is-layout-flex wp-container-core-buttons-is-layout-2 wp-block-buttons-is-layout-flex\">\n<div class=\"wp-block-button\"><a class=\"wp-block-button__link wp-element-button\">Pas d&rsquo;inscription !<\/a><\/div>\n<\/div>\n<\/div><figure class=\"wp-block-media-text__media\"><img decoding=\"async\" width=\"1024\" height=\"771\" src=\"https:\/\/ecrevis.eco\/site\/wp-content\/uploads\/2025\/11\/Tricot-1024x771.jpeg\" alt=\"\" class=\"wp-image-7188 size-full\" srcset=\"https:\/\/ecrevis.eco\/site\/wp-content\/uploads\/2025\/11\/Tricot-1024x771.jpeg 1024w, https:\/\/ecrevis.eco\/site\/wp-content\/uploads\/2025\/11\/Tricot-300x226.jpeg 300w, https:\/\/ecrevis.eco\/site\/wp-content\/uploads\/2025\/11\/Tricot-768x578.jpeg 768w, https:\/\/ecrevis.eco\/site\/wp-content\/uploads\/2025\/11\/Tricot-1536x1156.jpeg 1536w, https:\/\/ecrevis.eco\/site\/wp-content\/uploads\/2025\/11\/Tricot.jpeg 1600w\" sizes=\"(max-width: 1024px) 100vw, 1024px\" \/><\/figure><\/div>\n\n\n\n<div class=\"wp-block-cover is-light\" style=\"min-height:180px;aspect-ratio:unset;\"><span aria-hidden=\"true\" class=\"wp-block-cover__background has-white-background-color has-background-dim-100 has-background-dim\"><\/span><div class=\"wp-block-cover__inner-container is-layout-constrained wp-block-cover-is-layout-constrained\">\n<p class=\"has-text-align-center has-large-font-size\">\ud83d\udc49  <strong><mark style=\"background-color:rgba(0, 0, 0, 0)\" class=\"has-inline-color has-luminous-vivid-orange-color\">MARDI<\/mark><\/strong>  \ud83d\udc48<\/p>\n<\/div><\/div>\n\n\n\n<div class=\"wp-block-media-text alignwide is-stacked-on-mobile\"><figure class=\"wp-block-media-text__media\"><img decoding=\"async\" width=\"1024\" height=\"768\" src=\"https:\/\/ecrevis.eco\/site\/wp-content\/uploads\/2026\/02\/Theatre.jpg-1024x768.jpeg\" alt=\"\" class=\"wp-image-7331 size-full\" srcset=\"https:\/\/ecrevis.eco\/site\/wp-content\/uploads\/2026\/02\/Theatre.jpg-1024x768.jpeg 1024w, https:\/\/ecrevis.eco\/site\/wp-content\/uploads\/2026\/02\/Theatre.jpg-300x225.jpeg 300w, https:\/\/ecrevis.eco\/site\/wp-content\/uploads\/2026\/02\/Theatre.jpg-768x576.jpeg 768w, https:\/\/ecrevis.eco\/site\/wp-content\/uploads\/2026\/02\/Theatre.jpg-1536x1152.jpeg 1536w, https:\/\/ecrevis.eco\/site\/wp-content\/uploads\/2026\/02\/Theatre.jpg.jpeg 1600w\" sizes=\"(max-width: 1024px) 100vw, 1024px\" \/><\/figure><div class=\"wp-block-media-text__content\">\n<h2 class=\"wp-block-heading\">Th\u00e9\u00e2tre d&rsquo;impro<\/h2>\n\n\n\n<p>Les mardis soir, nous nous retrouvons pour explorer et pour jouer. Jouer dans tous les sens du terme. Nous nous entra\u00eenons sans rel\u00e2che \u00e0 retrouver ce go\u00fbt enfantin d&rsquo;inventer de nouveaux mondes, de les faire vivre et de les donner \u00e0 voir. \ud83c\udfad<\/p>\n\n\n\n<p>Ces ateliers alternent entre th\u00e9orie, travail technique (th\u00e9\u00e2tre, chant, etc.) et jeux en tout genre. Le tout est divis\u00e9 en modules de 6 \u00e0 8 semaines et chaque module se termine par une restitution publique \u00e0 l&rsquo;ECREVIS.<\/p>\n\n\n\n<p>La session 2025-2026 est d\u00e9j\u00e0 bien remplie, probablement compl\u00e8te sur la majorit\u00e9 des sessions, mais il est possible de contacter Geoffrey pour plus de renseignements.<\/p>\n\n\n\n<p><strong>Horaires :<\/strong> 19h30-22h30<\/p>\n\n\n\n<div class=\"wp-block-buttons is-layout-flex wp-block-buttons-is-layout-flex\">\n<div class=\"wp-block-button\"><a class=\"wp-block-button__link wp-element-button\" href=\"https:\/\/chat.whatsapp.com\/GXMb4WDeY316TGfxlrrIzV?mode=wwt\">Contact par ici !<\/a><\/div>\n<\/div>\n<\/div><\/div>\n\n\n\n<div class=\"wp-block-cover is-light\" style=\"min-height:180px;aspect-ratio:unset;\"><span aria-hidden=\"true\" class=\"wp-block-cover__background has-white-background-color has-background-dim-100 has-background-dim\"><\/span><div class=\"wp-block-cover__inner-container is-layout-constrained wp-block-cover-is-layout-constrained\">\n<p class=\"has-text-align-center has-large-font-size\">\ud83d\udc49  <strong><mark style=\"background-color:rgba(0, 0, 0, 0)\" class=\"has-inline-color has-luminous-vivid-orange-color\">MERCREDI<\/mark><\/strong>  \ud83d\udc48<\/p>\n<\/div><\/div>\n\n\n\n<div class=\"wp-block-media-text alignwide has-media-on-the-right is-stacked-on-mobile\"><div class=\"wp-block-media-text__content\">\n<h2 class=\"wp-block-heading has-text-align-right\">La Dissonante, chorale militante<\/h2>\n\n\n\n<p class=\"has-text-align-right\">\ud83c\udfb6 La Dissonante, chorale militante de l&rsquo;ECREVIS reprend du service !!! <br>\ud83d\udd38 Tous les mercredis, de 19h \u00e0 21h dans l&rsquo;atelier photo.<br> Temps d&rsquo;accueil et d&rsquo;\u00e9chauffement, puis transmission d&rsquo;une chanson, et chants libres ! <br>\ud83d\udd38 Chorale autog\u00e9r\u00e9e : des bin\u00f4mes volontaires transmettent les chansons ! <br>\ud83d\udd38 Pas besoin de savoir chanter, juste de vouloir partager un moment touxtes ensemble !<\/p>\n\n\n\n<p class=\"has-text-align-right\"><strong>Horaires :<\/strong> 19h-21h<\/p>\n\n\n\n<div class=\"wp-block-buttons is-content-justification-right is-layout-flex wp-container-core-buttons-is-layout-4 wp-block-buttons-is-layout-flex\">\n<div class=\"wp-block-button\"><a class=\"wp-block-button__link wp-element-button\">Pas d&rsquo;inscription !<\/a><\/div>\n<\/div>\n<\/div><figure class=\"wp-block-media-text__media\"><img loading=\"lazy\" decoding=\"async\" width=\"1024\" height=\"546\" src=\"https:\/\/ecrevis.eco\/site\/wp-content\/uploads\/2023\/10\/82-1024x546.jpg\" alt=\"\" class=\"wp-image-5961 size-full\" srcset=\"https:\/\/ecrevis.eco\/site\/wp-content\/uploads\/2023\/10\/82-1024x546.jpg 1024w, https:\/\/ecrevis.eco\/site\/wp-content\/uploads\/2023\/10\/82-300x160.jpg 300w, https:\/\/ecrevis.eco\/site\/wp-content\/uploads\/2023\/10\/82-768x410.jpg 768w, https:\/\/ecrevis.eco\/site\/wp-content\/uploads\/2023\/10\/82.jpg 1485w\" sizes=\"(max-width: 1024px) 100vw, 1024px\" \/><\/figure><\/div>\n\n\n\n<div class=\"wp-block-media-text alignwide is-stacked-on-mobile\"><figure class=\"wp-block-media-text__media\"><img loading=\"lazy\" decoding=\"async\" width=\"940\" height=\"788\" src=\"https:\/\/ecrevis.eco\/site\/wp-content\/uploads\/2025\/10\/6d68c34b-7382-4105-bdfc-e9c8c5f201b4.jpg\" alt=\"\" class=\"wp-image-7073 size-full\" srcset=\"https:\/\/ecrevis.eco\/site\/wp-content\/uploads\/2025\/10\/6d68c34b-7382-4105-bdfc-e9c8c5f201b4.jpg 940w, https:\/\/ecrevis.eco\/site\/wp-content\/uploads\/2025\/10\/6d68c34b-7382-4105-bdfc-e9c8c5f201b4-300x251.jpg 300w, https:\/\/ecrevis.eco\/site\/wp-content\/uploads\/2025\/10\/6d68c34b-7382-4105-bdfc-e9c8c5f201b4-768x644.jpg 768w\" sizes=\"(max-width: 940px) 100vw, 940px\" \/><\/figure><div class=\"wp-block-media-text__content\">\n<h2 class=\"wp-block-heading\">Atelier Poterie &#8211; 1 mercredi sur 2<\/h2>\n\n\n\n<p>Venez d\u00e9couvrir les diff\u00e9rentes techniques de modelage en poterie avec Am\u00e9lie !<br>Quelques exemples : pinc\u00e9, colombin, plaque\u2026<br>\ud83c\udffa Vous apprendrez \u00e0 cr\u00e9er des objets vari\u00e9s au cours des semaines que vous pourrez confier \u00e0 Am\u00e9lie \u00e0 la fin des cours afin qu&rsquo;elle les cuise dans son four et vous les ram\u00e8ne, pr\u00eates \u00e0 \u00eatre utilis\u00e9es au quotidien.<\/p>\n\n\n\n<p><strong>Horaires :<\/strong> 18h30-20h (Sauf pendant les vacances scolaires)<\/p>\n\n\n\n<div class=\"wp-block-buttons is-layout-flex wp-block-buttons-is-layout-flex\">\n<div class=\"wp-block-button\"><a class=\"wp-block-button__link wp-element-button\" href=\"https:\/\/docs.google.com\/forms\/d\/e\/1FAIpQLSdRTkcpMM4JtL7kTrrLwxS3lGs_dB4EyfJ5VvLmpqtfsEnSsg\/viewform?vc=0&amp;c=0&amp;w=1&amp;flr=0&amp;usp=mail_form_link\">Contact par ici !<\/a><\/div>\n<\/div>\n<\/div><\/div>\n\n\n\n<div class=\"wp-block-media-text alignwide has-media-on-the-right is-stacked-on-mobile\"><div class=\"wp-block-media-text__content\">\n<h2 class=\"wp-block-heading has-text-align-right\">Th\u00e9\u00e2tre<\/h2>\n\n\n\n<p class=\"has-text-align-right\">Dans ces ateliers, nous effleurons le travail du com\u00e9dien\u00b7ne.                                          Porter un texte, ressentir son \u00e9motion et donner vie \u00e0 un \u00ab\u00a0personnage\u00a0\u00bb.\u00a0                            Ne pas faire voir, ne pas faire semblant. Jouer.                                                                 Vivre la situation pour transmettre aux autres l&rsquo;intensit\u00e9 de ce qui se joue.                        Un voyage aux racines du spectacle vivant et de ce qui fait qu&rsquo;une pi\u00e8ce de th\u00e9\u00e2tre vit. \ud83c\udfad<\/p>\n\n\n\n<p class=\"has-text-align-right\">Cycle complet pour la saison 25-26, plus d&rsquo;information \u00e0 venir pour septembre 2026<\/p>\n\n\n\n<p class=\"has-text-align-right\"><strong>Horaires :<\/strong> 19h30-22h<\/p>\n\n\n\n<div class=\"wp-block-buttons is-content-justification-right is-layout-flex wp-container-core-buttons-is-layout-6 wp-block-buttons-is-layout-flex\">\n<div class=\"wp-block-button\"><a class=\"wp-block-button__link wp-element-button\" href=\"https:\/\/chat.whatsapp.com\/GXMb4WDeY316TGfxlrrIzV?mode=wwt\">Contact par ici !<\/a><\/div>\n<\/div>\n<\/div><figure class=\"wp-block-media-text__media\"><img loading=\"lazy\" decoding=\"async\" width=\"1024\" height=\"576\" src=\"https:\/\/ecrevis.eco\/site\/wp-content\/uploads\/2026\/02\/WhatsApp-Image-2026-02-14-at-20.15.31-1024x576.jpg\" alt=\"\" class=\"wp-image-7330 size-full\" srcset=\"https:\/\/ecrevis.eco\/site\/wp-content\/uploads\/2026\/02\/WhatsApp-Image-2026-02-14-at-20.15.31-1024x576.jpg 1024w, https:\/\/ecrevis.eco\/site\/wp-content\/uploads\/2026\/02\/WhatsApp-Image-2026-02-14-at-20.15.31-300x169.jpg 300w, https:\/\/ecrevis.eco\/site\/wp-content\/uploads\/2026\/02\/WhatsApp-Image-2026-02-14-at-20.15.31-768x432.jpg 768w, https:\/\/ecrevis.eco\/site\/wp-content\/uploads\/2026\/02\/WhatsApp-Image-2026-02-14-at-20.15.31-800x450.jpg 800w, https:\/\/ecrevis.eco\/site\/wp-content\/uploads\/2026\/02\/WhatsApp-Image-2026-02-14-at-20.15.31.jpg 1489w\" sizes=\"(max-width: 1024px) 100vw, 1024px\" \/><\/figure><\/div>\n\n\n\n<div class=\"wp-block-cover is-light\" style=\"min-height:180px;aspect-ratio:unset;\"><span aria-hidden=\"true\" class=\"wp-block-cover__background has-white-background-color has-background-dim-100 has-background-dim\"><\/span><div class=\"wp-block-cover__inner-container is-layout-constrained wp-block-cover-is-layout-constrained\">\n<p class=\"has-text-align-center has-large-font-size\">\ud83d\udc49  <strong><mark style=\"background-color:rgba(0, 0, 0, 0)\" class=\"has-inline-color has-luminous-vivid-orange-color\">JEUDI<\/mark><\/strong>  \ud83d\udc48<\/p>\n<\/div><\/div>\n\n\n\n<div class=\"wp-block-media-text alignwide has-media-on-the-right is-stacked-on-mobile\" style=\"grid-template-columns:auto 49%\"><div class=\"wp-block-media-text__content\">\n<h2 class=\"wp-block-heading has-text-align-right\">Cours de Fran\u00e7ais<\/h2>\n\n\n\n<p class=\"has-text-align-right\">Cours de fran\u00e7ais FLE avec Fran\u00e7oise. Ouvert \u00e0 toustes !<br>Pour s&rsquo;inscrire vous pouvez directement venir le jour m\u00eame et demander Fran\u00e7oise.<br>Un engagement sur quelques mois est pr\u00e9f\u00e9rable ! <\/p>\n\n\n\n<p class=\"has-text-align-right\"><strong>Horaires <\/strong>:&nbsp;14h15 &#8211; 15h15 : D\u00e9butant niveau A1<br>15h30 &#8211; 17h : Niveau Interm\u00e9diaire A2\/B1<br><br><strong>Lieu :<\/strong> Salle transfo au 1er \u00e9tage<\/p>\n\n\n\n<div class=\"wp-block-buttons is-content-justification-right is-layout-flex wp-container-core-buttons-is-layout-7 wp-block-buttons-is-layout-flex\">\n<div class=\"wp-block-button\"><a class=\"wp-block-button__link wp-element-button\">Inscription : francoise.vanderbiest@orange.fr \/ 06 08 18 24 08<\/a><\/div>\n<\/div>\n<\/div><figure class=\"wp-block-media-text__media\"><img loading=\"lazy\" decoding=\"async\" width=\"1024\" height=\"546\" src=\"https:\/\/ecrevis.eco\/site\/wp-content\/uploads\/2023\/10\/27-1024x546.jpg\" alt=\"\" class=\"wp-image-5959 size-full\" srcset=\"https:\/\/ecrevis.eco\/site\/wp-content\/uploads\/2023\/10\/27-1024x546.jpg 1024w, https:\/\/ecrevis.eco\/site\/wp-content\/uploads\/2023\/10\/27-300x160.jpg 300w, https:\/\/ecrevis.eco\/site\/wp-content\/uploads\/2023\/10\/27-768x410.jpg 768w, https:\/\/ecrevis.eco\/site\/wp-content\/uploads\/2023\/10\/27.jpg 1485w\" sizes=\"(max-width: 1024px) 100vw, 1024px\" \/><\/figure><\/div>\n\n\n\n<div class=\"wp-block-media-text alignwide is-stacked-on-mobile\"><figure class=\"wp-block-media-text__media\"><img loading=\"lazy\" decoding=\"async\" width=\"1024\" height=\"546\" src=\"https:\/\/ecrevis.eco\/site\/wp-content\/uploads\/2025\/10\/Bar-asso1-1024x546.jpg\" alt=\"\" class=\"wp-image-7070 size-full\" srcset=\"https:\/\/ecrevis.eco\/site\/wp-content\/uploads\/2025\/10\/Bar-asso1-1024x546.jpg 1024w, https:\/\/ecrevis.eco\/site\/wp-content\/uploads\/2025\/10\/Bar-asso1-300x160.jpg 300w, https:\/\/ecrevis.eco\/site\/wp-content\/uploads\/2025\/10\/Bar-asso1-768x410.jpg 768w, https:\/\/ecrevis.eco\/site\/wp-content\/uploads\/2025\/10\/Bar-asso1.jpg 1485w\" sizes=\"(max-width: 1024px) 100vw, 1024px\" \/><\/figure><div class=\"wp-block-media-text__content\">\n<h2 class=\"wp-block-heading\">Bar associatif<\/h2>\n\n\n\n<p>Venez d\u00e9couvrir nos vins et bi\u00e8res bios, locales et artisanales ! Les softs ne sont pas en reste avec des jus de pommes locaux, mais aussi du kombucha, du mat\u00e9 glac\u00e9 et de la ginger beer !&nbsp;\ud83c\udf7b<br><br>R\u00e9guli\u00e8rement, nous proposons des \u00e9v\u00e9nements lors de ces soir\u00e9es (concerts, conf\u00e9rences gesticul\u00e9es, spectacles, soir\u00e9es jeux&#8230;) Suivez la prog sur l&rsquo;<a href=\"https:\/\/ecrevis.eco\/site\/agenda\/\">Agenda<\/a> ! \ud83d\ude42<\/p>\n\n\n\n<p><strong>Horaires :<\/strong> 19h-22h<\/p>\n<\/div><\/div>\n\n\n\n<div class=\"wp-block-cover is-light\" style=\"min-height:180px;aspect-ratio:unset;\"><span aria-hidden=\"true\" class=\"wp-block-cover__background has-white-background-color has-background-dim-100 has-background-dim\"><\/span><div class=\"wp-block-cover__inner-container is-layout-constrained wp-block-cover-is-layout-constrained\">\n<p class=\"has-text-align-center has-large-font-size\">\ud83d\udc49  <strong><mark style=\"background-color:rgba(0, 0, 0, 0)\" class=\"has-inline-color has-luminous-vivid-orange-color\">SAMEDI<\/mark><\/strong>  \ud83d\udc48<\/p>\n<\/div><\/div>\n\n\n\n<div class=\"wp-block-media-text alignwide is-stacked-on-mobile\"><figure class=\"wp-block-media-text__media\"><img loading=\"lazy\" decoding=\"async\" width=\"1024\" height=\"546\" src=\"https:\/\/ecrevis.eco\/site\/wp-content\/uploads\/2024\/10\/repair-cafe-info-1024x546.jpg\" alt=\"\" class=\"wp-image-6314 size-full\" srcset=\"https:\/\/ecrevis.eco\/site\/wp-content\/uploads\/2024\/10\/repair-cafe-info-1024x546.jpg 1024w, https:\/\/ecrevis.eco\/site\/wp-content\/uploads\/2024\/10\/repair-cafe-info-300x160.jpg 300w, https:\/\/ecrevis.eco\/site\/wp-content\/uploads\/2024\/10\/repair-cafe-info-768x410.jpg 768w, https:\/\/ecrevis.eco\/site\/wp-content\/uploads\/2024\/10\/repair-cafe-info.jpg 1485w\" sizes=\"(max-width: 1024px) 100vw, 1024px\" \/><\/figure><div class=\"wp-block-media-text__content\">\n<h2 class=\"wp-block-heading\">Repair Caf\u00e9 informatique &#8211; Tous les 1ers samedis du mois<\/h2>\n\n\n\n<p>Votre ordinateur est trop lent, il ne d\u00e9marre plus, vous avez besoin de r\u00e9installer le syst\u00e8me d&rsquo;exploitation ou un logiciel, faire une mise \u00e0 jour, une sauvegarde de vos documents, installer un nouveau disque dur ou ajouter de la m\u00e9moire vive&#8230; ?<br>Amenez votre ordinateur ce samedi matin, des b\u00e9n\u00e9voles vous aideront \u00e0 le r\u00e9parer, et ensemble, nous lutterons ensemble contre l&rsquo;obsolescence autour d&rsquo;un caf\u00e9 ! \ud83d\udcbb\u2615<\/p>\n\n\n\n<p>Vous avez la fibre informatique ? Nous sommes aussi \u00e0 la recherche de b\u00e9n\u00e9voles, alors si vous souhaitez nous donner un coup de main, n&rsquo;h\u00e9sitez pas \u00e0 faire signe !<\/p>\n\n\n\n<p>! Attention ! Pas de r\u00e9paration mat\u00e9rielle (r\u00e9paration d&rsquo;une imprimante, remplacement d&rsquo;un \u00e9cran, ou n\u00e9cessitant une soudure \u2026). Il est pr\u00e9f\u00e9rable de se tourner vers l&rsquo;association RepairCaf\u00e9 74 qui a ses permanences les autres samedis du mois : http:\/\/repaircafe74.free.fr<\/p>\n\n\n\n<p><strong>Horaires :<\/strong> 9h30-13h00<\/p>\n\n\n\n<div class=\"wp-block-buttons is-layout-flex wp-block-buttons-is-layout-flex\">\n<div class=\"wp-block-button\"><a class=\"wp-block-button__link wp-element-button\">Pas d&rsquo;inscription !<\/a><\/div>\n<\/div>\n<\/div><\/div>\n\n\n\n<div class=\"wp-block-cover is-light\" style=\"min-height:160px;aspect-ratio:unset;\"><span aria-hidden=\"true\" class=\"wp-block-cover__background has-white-background-color has-background-dim-100 has-background-dim\"><\/span><div class=\"wp-block-cover__inner-container is-layout-constrained wp-block-cover-is-layout-constrained\">\n<p class=\"has-text-align-center has-large-font-size\"><\/p>\n<\/div><\/div>\n\n\n\n<div class=\"wp-block-columns is-layout-flex wp-container-core-columns-is-layout-1 wp-block-columns-is-layout-flex\">\n<div class=\"wp-block-column is-layout-flow wp-block-column-is-layout-flow\"><\/div>\n\n\n\n<div class=\"wp-block-column is-layout-flow wp-block-column-is-layout-flow\"><\/div>\n<\/div>\n","protected":false},"excerpt":{"rendered":"<p>Comme toutes les activit\u00e9s \u00e0 l&rsquo;ECREVIS, les activit\u00e9s r\u00e9guli\u00e8res sont \u00e0 prix libre et conscient. Bar associatif Venez d\u00e9couvrir nos vins et bi\u00e8res bios, locales et artisanales ! Les softs ne sont pas en reste avec des jus de pommes locaux, mais aussi du kombucha, du mat\u00e9 glac\u00e9 et de la ginger beer !&nbsp;\ud83c\udf7b R\u00e9guli\u00e8rement, [&hellip;]<\/p>\n","protected":false},"author":12,"featured_media":0,"parent":0,"menu_order":0,"comment_status":"closed","ping_status":"closed","template":"","meta":{"ocean_post_layout":"","ocean_both_sidebars_style":"","ocean_both_sidebars_content_width":0,"ocean_both_sidebars_sidebars_width":0,"ocean_sidebar":"","ocean_second_sidebar":"","ocean_disable_margins":"enable","ocean_add_body_class":"","ocean_shortcode_before_top_bar":"","ocean_shortcode_after_top_bar":"","ocean_shortcode_before_header":"","ocean_shortcode_after_header":"","ocean_has_shortcode":"","ocean_shortcode_after_title":"","ocean_shortcode_before_footer_widgets":"","ocean_shortcode_after_footer_widgets":"","ocean_shortcode_before_footer_bottom":"","ocean_shortcode_after_footer_bottom":"","ocean_display_top_bar":"default","ocean_display_header":"default","ocean_header_style":"","ocean_center_header_left_menu":"","ocean_custom_header_template":"","ocean_custom_logo":0,"ocean_custom_retina_logo":0,"ocean_custom_logo_max_width":0,"ocean_custom_logo_tablet_max_width":0,"ocean_custom_logo_mobile_max_width":0,"ocean_custom_logo_max_height":0,"ocean_custom_logo_tablet_max_height":0,"ocean_custom_logo_mobile_max_height":0,"ocean_header_custom_menu":"","ocean_menu_typo_font_family":"","ocean_menu_typo_font_subset":"","ocean_menu_typo_font_size":0,"ocean_menu_typo_font_size_tablet":0,"ocean_menu_typo_font_size_mobile":0,"ocean_menu_typo_font_size_unit":"px","ocean_menu_typo_font_weight":"","ocean_menu_typo_font_weight_tablet":"","ocean_menu_typo_font_weight_mobile":"","ocean_menu_typo_transform":"","ocean_menu_typo_transform_tablet":"","ocean_menu_typo_transform_mobile":"","ocean_menu_typo_line_height":0,"ocean_menu_typo_line_height_tablet":0,"ocean_menu_typo_line_height_mobile":0,"ocean_menu_typo_line_height_unit":"","ocean_menu_typo_spacing":0,"ocean_menu_typo_spacing_tablet":0,"ocean_menu_typo_spacing_mobile":0,"ocean_menu_typo_spacing_unit":"","ocean_menu_link_color":"","ocean_menu_link_color_hover":"","ocean_menu_link_color_active":"","ocean_menu_link_background":"","ocean_menu_link_hover_background":"","ocean_menu_link_active_background":"","ocean_menu_social_links_bg":"","ocean_menu_social_hover_links_bg":"","ocean_menu_social_links_color":"","ocean_menu_social_hover_links_color":"","ocean_disable_title":"default","ocean_disable_heading":"default","ocean_post_title":"","ocean_post_subheading":"","ocean_post_title_style":"","ocean_post_title_background_color":"","ocean_post_title_background":0,"ocean_post_title_bg_image_position":"","ocean_post_title_bg_image_attachment":"","ocean_post_title_bg_image_repeat":"","ocean_post_title_bg_image_size":"","ocean_post_title_height":0,"ocean_post_title_bg_overlay":0.5,"ocean_post_title_bg_overlay_color":"","ocean_disable_breadcrumbs":"default","ocean_breadcrumbs_color":"","ocean_breadcrumbs_separator_color":"","ocean_breadcrumbs_links_color":"","ocean_breadcrumbs_links_hover_color":"","ocean_display_footer_widgets":"default","ocean_display_footer_bottom":"default","ocean_custom_footer_template":"","omw_enable_modal_window":"enable","footnotes":""},"yoast_head":"<!-- This site is optimized with the Yoast SEO plugin v24.5 - https:\/\/yoast.com\/wordpress\/plugins\/seo\/ -->\n<title>Les activit\u00e9s r\u00e9guli\u00e8res - L&#039;ECREVIS<\/title>\n<meta name=\"robots\" content=\"index, follow, max-snippet:-1, max-image-preview:large, max-video-preview:-1\" \/>\n<link rel=\"canonical\" href=\"https:\/\/ecrevis.eco\/site\/les-activites-regulieres\/\" \/>\n<meta property=\"og:locale\" content=\"fr_FR\" \/>\n<meta property=\"og:type\" content=\"article\" \/>\n<meta property=\"og:title\" content=\"Les activit\u00e9s r\u00e9guli\u00e8res - L&#039;ECREVIS\" \/>\n<meta property=\"og:description\" content=\"Comme toutes les activit\u00e9s \u00e0 l&rsquo;ECREVIS, les activit\u00e9s r\u00e9guli\u00e8res sont \u00e0 prix libre et conscient. Bar associatif Venez d\u00e9couvrir nos vins et bi\u00e8res bios, locales et artisanales ! Les softs ne sont pas en reste avec des jus de pommes locaux, mais aussi du kombucha, du mat\u00e9 glac\u00e9 et de la ginger beer !&nbsp;\ud83c\udf7b R\u00e9guli\u00e8rement, [&hellip;]\" \/>\n<meta property=\"og:url\" content=\"https:\/\/ecrevis.eco\/site\/les-activites-regulieres\/\" \/>\n<meta property=\"og:site_name\" content=\"L&#039;ECREVIS\" \/>\n<meta property=\"article:publisher\" content=\"https:\/\/www.facebook.com\/ecrevis.annecy\" \/>\n<meta property=\"article:modified_time\" content=\"2026-02-16T16:19:49+00:00\" \/>\n<meta property=\"og:image\" content=\"https:\/\/ecrevis.eco\/site\/wp-content\/uploads\/2023\/10\/Vannerie.jpg\" \/>\n\t<meta property=\"og:image:width\" content=\"2032\" \/>\n\t<meta property=\"og:image:height\" content=\"1118\" \/>\n\t<meta property=\"og:image:type\" content=\"image\/jpeg\" \/>\n<meta name=\"twitter:card\" content=\"summary_large_image\" \/>\n<meta name=\"twitter:label1\" content=\"Dur\u00e9e de lecture estim\u00e9e\" \/>\n\t<meta name=\"twitter:data1\" content=\"6 minutes\" \/>\n<script type=\"application\/ld+json\" class=\"yoast-schema-graph\">{\"@context\":\"https:\/\/schema.org\",\"@graph\":[{\"@type\":\"WebPage\",\"@id\":\"https:\/\/ecrevis.eco\/site\/les-activites-regulieres\/\",\"url\":\"https:\/\/ecrevis.eco\/site\/les-activites-regulieres\/\",\"name\":\"Les activit\u00e9s r\u00e9guli\u00e8res - L&#039;ECREVIS\",\"isPartOf\":{\"@id\":\"https:\/\/ecrevis.eco\/site\/#website\"},\"primaryImageOfPage\":{\"@id\":\"https:\/\/ecrevis.eco\/site\/les-activites-regulieres\/#primaryimage\"},\"image\":{\"@id\":\"https:\/\/ecrevis.eco\/site\/les-activites-regulieres\/#primaryimage\"},\"thumbnailUrl\":\"https:\/\/ecrevis.eco\/site\/wp-content\/uploads\/2023\/10\/Vannerie-1024x563.jpg\",\"datePublished\":\"2023-10-14T12:12:58+00:00\",\"dateModified\":\"2026-02-16T16:19:49+00:00\",\"breadcrumb\":{\"@id\":\"https:\/\/ecrevis.eco\/site\/les-activites-regulieres\/#breadcrumb\"},\"inLanguage\":\"fr-FR\",\"potentialAction\":[{\"@type\":\"ReadAction\",\"target\":[\"https:\/\/ecrevis.eco\/site\/les-activites-regulieres\/\"]}]},{\"@type\":\"ImageObject\",\"inLanguage\":\"fr-FR\",\"@id\":\"https:\/\/ecrevis.eco\/site\/les-activites-regulieres\/#primaryimage\",\"url\":\"https:\/\/ecrevis.eco\/site\/wp-content\/uploads\/2023\/10\/Vannerie.jpg\",\"contentUrl\":\"https:\/\/ecrevis.eco\/site\/wp-content\/uploads\/2023\/10\/Vannerie.jpg\",\"width\":2032,\"height\":1118},{\"@type\":\"BreadcrumbList\",\"@id\":\"https:\/\/ecrevis.eco\/site\/les-activites-regulieres\/#breadcrumb\",\"itemListElement\":[{\"@type\":\"ListItem\",\"position\":1,\"name\":\"Accueil\",\"item\":\"https:\/\/ecrevis.eco\/site\/\"},{\"@type\":\"ListItem\",\"position\":2,\"name\":\"Les activit\u00e9s r\u00e9guli\u00e8res\"}]},{\"@type\":\"WebSite\",\"@id\":\"https:\/\/ecrevis.eco\/site\/#website\",\"url\":\"https:\/\/ecrevis.eco\/site\/\",\"name\":\"L'ECREVIS\",\"description\":\"\",\"publisher\":{\"@id\":\"https:\/\/ecrevis.eco\/site\/#organization\"},\"potentialAction\":[{\"@type\":\"SearchAction\",\"target\":{\"@type\":\"EntryPoint\",\"urlTemplate\":\"https:\/\/ecrevis.eco\/site\/?s={search_term_string}\"},\"query-input\":{\"@type\":\"PropertyValueSpecification\",\"valueRequired\":true,\"valueName\":\"search_term_string\"}}],\"inLanguage\":\"fr-FR\"},{\"@type\":\"Organization\",\"@id\":\"https:\/\/ecrevis.eco\/site\/#organization\",\"name\":\"L'ECREVIS\",\"url\":\"https:\/\/ecrevis.eco\/site\/\",\"logo\":{\"@type\":\"ImageObject\",\"inLanguage\":\"fr-FR\",\"@id\":\"https:\/\/ecrevis.eco\/site\/#\/schema\/logo\/image\/\",\"url\":\"https:\/\/ecrevis.eco\/site\/wp-content\/uploads\/2019\/03\/cropped-LOGO-E-CRE-VIS-BLEU-1.jpg\",\"contentUrl\":\"https:\/\/ecrevis.eco\/site\/wp-content\/uploads\/2019\/03\/cropped-LOGO-E-CRE-VIS-BLEU-1.jpg\",\"width\":1529,\"height\":1174,\"caption\":\"L'ECREVIS\"},\"image\":{\"@id\":\"https:\/\/ecrevis.eco\/site\/#\/schema\/logo\/image\/\"},\"sameAs\":[\"https:\/\/www.facebook.com\/ecrevis.annecy\",\"https:\/\/www.instagram.com\/ecrevis.annecy\",\"https:\/\/www.linkedin.com\/company\/ecrevisannecy\/\"]}]}<\/script>\n<!-- \/ Yoast SEO plugin. -->","yoast_head_json":{"title":"Les activit\u00e9s r\u00e9guli\u00e8res - L&#039;ECREVIS","robots":{"index":"index","follow":"follow","max-snippet":"max-snippet:-1","max-image-preview":"max-image-preview:large","max-video-preview":"max-video-preview:-1"},"canonical":"https:\/\/ecrevis.eco\/site\/les-activites-regulieres\/","og_locale":"fr_FR","og_type":"article","og_title":"Les activit\u00e9s r\u00e9guli\u00e8res - L&#039;ECREVIS","og_description":"Comme toutes les activit\u00e9s \u00e0 l&rsquo;ECREVIS, les activit\u00e9s r\u00e9guli\u00e8res sont \u00e0 prix libre et conscient. Bar associatif Venez d\u00e9couvrir nos vins et bi\u00e8res bios, locales et artisanales ! Les softs ne sont pas en reste avec des jus de pommes locaux, mais aussi du kombucha, du mat\u00e9 glac\u00e9 et de la ginger beer !&nbsp;\ud83c\udf7b R\u00e9guli\u00e8rement, [&hellip;]","og_url":"https:\/\/ecrevis.eco\/site\/les-activites-regulieres\/","og_site_name":"L&#039;ECREVIS","article_publisher":"https:\/\/www.facebook.com\/ecrevis.annecy","article_modified_time":"2026-02-16T16:19:49+00:00","og_image":[{"width":2032,"height":1118,"url":"https:\/\/ecrevis.eco\/site\/wp-content\/uploads\/2023\/10\/Vannerie.jpg","type":"image\/jpeg"}],"twitter_card":"summary_large_image","twitter_misc":{"Dur\u00e9e de lecture estim\u00e9e":"6 minutes"},"schema":{"@context":"https:\/\/schema.org","@graph":[{"@type":"WebPage","@id":"https:\/\/ecrevis.eco\/site\/les-activites-regulieres\/","url":"https:\/\/ecrevis.eco\/site\/les-activites-regulieres\/","name":"Les activit\u00e9s r\u00e9guli\u00e8res - L&#039;ECREVIS","isPartOf":{"@id":"https:\/\/ecrevis.eco\/site\/#website"},"primaryImageOfPage":{"@id":"https:\/\/ecrevis.eco\/site\/les-activites-regulieres\/#primaryimage"},"image":{"@id":"https:\/\/ecrevis.eco\/site\/les-activites-regulieres\/#primaryimage"},"thumbnailUrl":"https:\/\/ecrevis.eco\/site\/wp-content\/uploads\/2023\/10\/Vannerie-1024x563.jpg","datePublished":"2023-10-14T12:12:58+00:00","dateModified":"2026-02-16T16:19:49+00:00","breadcrumb":{"@id":"https:\/\/ecrevis.eco\/site\/les-activites-regulieres\/#breadcrumb"},"inLanguage":"fr-FR","potentialAction":[{"@type":"ReadAction","target":["https:\/\/ecrevis.eco\/site\/les-activites-regulieres\/"]}]},{"@type":"ImageObject","inLanguage":"fr-FR","@id":"https:\/\/ecrevis.eco\/site\/les-activites-regulieres\/#primaryimage","url":"https:\/\/ecrevis.eco\/site\/wp-content\/uploads\/2023\/10\/Vannerie.jpg","contentUrl":"https:\/\/ecrevis.eco\/site\/wp-content\/uploads\/2023\/10\/Vannerie.jpg","width":2032,"height":1118},{"@type":"BreadcrumbList","@id":"https:\/\/ecrevis.eco\/site\/les-activites-regulieres\/#breadcrumb","itemListElement":[{"@type":"ListItem","position":1,"name":"Accueil","item":"https:\/\/ecrevis.eco\/site\/"},{"@type":"ListItem","position":2,"name":"Les activit\u00e9s r\u00e9guli\u00e8res"}]},{"@type":"WebSite","@id":"https:\/\/ecrevis.eco\/site\/#website","url":"https:\/\/ecrevis.eco\/site\/","name":"L'ECREVIS","description":"","publisher":{"@id":"https:\/\/ecrevis.eco\/site\/#organization"},"potentialAction":[{"@type":"SearchAction","target":{"@type":"EntryPoint","urlTemplate":"https:\/\/ecrevis.eco\/site\/?s={search_term_string}"},"query-input":{"@type":"PropertyValueSpecification","valueRequired":true,"valueName":"search_term_string"}}],"inLanguage":"fr-FR"},{"@type":"Organization","@id":"https:\/\/ecrevis.eco\/site\/#organization","name":"L'ECREVIS","url":"https:\/\/ecrevis.eco\/site\/","logo":{"@type":"ImageObject","inLanguage":"fr-FR","@id":"https:\/\/ecrevis.eco\/site\/#\/schema\/logo\/image\/","url":"https:\/\/ecrevis.eco\/site\/wp-content\/uploads\/2019\/03\/cropped-LOGO-E-CRE-VIS-BLEU-1.jpg","contentUrl":"https:\/\/ecrevis.eco\/site\/wp-content\/uploads\/2019\/03\/cropped-LOGO-E-CRE-VIS-BLEU-1.jpg","width":1529,"height":1174,"caption":"L'ECREVIS"},"image":{"@id":"https:\/\/ecrevis.eco\/site\/#\/schema\/logo\/image\/"},"sameAs":["https:\/\/www.facebook.com\/ecrevis.annecy","https:\/\/www.instagram.com\/ecrevis.annecy","https:\/\/www.linkedin.com\/company\/ecrevisannecy\/"]}]}},"_links":{"self":[{"href":"https:\/\/ecrevis.eco\/site\/wp-json\/wp\/v2\/pages\/5956"}],"collection":[{"href":"https:\/\/ecrevis.eco\/site\/wp-json\/wp\/v2\/pages"}],"about":[{"href":"https:\/\/ecrevis.eco\/site\/wp-json\/wp\/v2\/types\/page"}],"author":[{"embeddable":true,"href":"https:\/\/ecrevis.eco\/site\/wp-json\/wp\/v2\/users\/12"}],"replies":[{"embeddable":true,"href":"https:\/\/ecrevis.eco\/site\/wp-json\/wp\/v2\/comments?post=5956"}],"version-history":[{"count":38,"href":"https:\/\/ecrevis.eco\/site\/wp-json\/wp\/v2\/pages\/5956\/revisions"}],"predecessor-version":[{"id":7332,"href":"https:\/\/ecrevis.eco\/site\/wp-json\/wp\/v2\/pages\/5956\/revisions\/7332"}],"wp:attachment":[{"href":"https:\/\/ecrevis.eco\/site\/wp-json\/wp\/v2\/media?parent=5956"}],"curies":[{"name":"wp","href":"https:\/\/api.w.org\/{rel}","templated":true}]}}