{"id":6661,"date":"2025-07-03T15:26:53","date_gmt":"2025-07-03T13:26:53","guid":{"rendered":"https:\/\/ecrevis.eco\/site\/?page_id=6661"},"modified":"2025-07-03T15:26:57","modified_gmt":"2025-07-03T13:26:57","slug":"le-fonctionnement-interne","status":"publish","type":"page","link":"https:\/\/ecrevis.eco\/site\/le-fonctionnement-interne\/","title":{"rendered":"Le fonctionnement interne"},"content":{"rendered":"\t\t<div data-elementor-type=\"wp-page\" data-elementor-id=\"6661\" class=\"elementor elementor-6661\">\n\t\t\t\t\t\t<section class=\"elementor-section elementor-top-section elementor-element elementor-element-d4f9973 elementor-section-full_width elementor-section-height-default elementor-section-height-default\" data-id=\"d4f9973\" data-element_type=\"section\">\n\t\t\t\t\t\t<div class=\"elementor-container elementor-column-gap-default\">\n\t\t\t\t\t<div class=\"elementor-column elementor-col-100 elementor-top-column elementor-element elementor-element-dbcb231\" data-id=\"dbcb231\" data-element_type=\"column\">\n\t\t\t<div class=\"elementor-widget-wrap elementor-element-populated\">\n\t\t\t\t\t\t<div class=\"elementor-element elementor-element-63d4c22 elementor-widget elementor-widget-heading\" data-id=\"63d4c22\" data-element_type=\"widget\" data-widget_type=\"heading.default\">\n\t\t\t\t<div class=\"elementor-widget-container\">\n\t\t\t\t\t<h1 class=\"elementor-heading-title elementor-size-default\">Le fonctionnement interne <\/h1>\t\t\t\t<\/div>\n\t\t\t\t<\/div>\n\t\t\t\t\t<\/div>\n\t\t<\/div>\n\t\t\t\t\t<\/div>\n\t\t<\/section>\n\t\t\t\t<section class=\"elementor-section elementor-top-section elementor-element elementor-element-09c875c elementor-section-boxed elementor-section-height-default elementor-section-height-default\" data-id=\"09c875c\" data-element_type=\"section\">\n\t\t\t\t\t\t<div class=\"elementor-container elementor-column-gap-default\">\n\t\t\t\t\t<div class=\"elementor-column elementor-col-100 elementor-top-column elementor-element elementor-element-f5cc8a7\" data-id=\"f5cc8a7\" data-element_type=\"column\">\n\t\t\t<div class=\"elementor-widget-wrap elementor-element-populated\">\n\t\t\t\t\t\t<div class=\"elementor-element elementor-element-aea6647 elementor-widget elementor-widget-text-editor\" data-id=\"aea6647\" data-element_type=\"widget\" data-widget_type=\"text-editor.default\">\n\t\t\t\t<div class=\"elementor-widget-container\">\n\t\t\t\t\t\t\t\t\t<p dir=\"ltr\" style=\"line-height: 1.38; margin-top: 0pt; margin-bottom: 0pt;\"><span style=\"font-size: 11pt; font-family: Arial,sans-serif; color: #000000; background-color: transparent; font-weight: 400; font-style: normal; font-variant: normal; text-decoration: none; vertical-align: baseline; white-space: pre-wrap;\">L&rsquo;ECREVIS est un lieu \u00e0 part, dont le fonctionnement est unique. <br \/><\/span><span style=\"background-color: transparent; color: #000000; font-family: Arial, sans-serif; font-size: 11pt; font-style: normal; font-variant-ligatures: normal; font-variant-caps: normal; font-weight: 400; white-space-collapse: preserve;\">Voici une <\/span><span style=\"color: #000000; font-family: Arial, sans-serif; font-size: 14.6667px; font-style: normal; font-variant-ligatures: normal; font-variant-caps: normal; font-weight: 400; white-space-collapse: preserve;\">br\u00e8ve <\/span><span style=\"background-color: transparent; color: #000000; font-family: Arial, sans-serif; font-size: 11pt; font-style: normal; font-variant-ligatures: normal; font-variant-caps: normal; font-weight: 400; white-space-collapse: preserve;\">explication du fonctionnement interne :<\/span><\/p>\t\t\t\t\t\t\t\t<\/div>\n\t\t\t\t<\/div>\n\t\t\t\t\t<\/div>\n\t\t<\/div>\n\t\t\t\t\t<\/div>\n\t\t<\/section>\n\t\t\t\t<section class=\"elementor-section elementor-top-section elementor-element elementor-element-16eb347 elementor-section-boxed elementor-section-height-default elementor-section-height-default\" data-id=\"16eb347\" data-element_type=\"section\">\n\t\t\t\t\t\t<div class=\"elementor-container elementor-column-gap-default\">\n\t\t\t\t\t<div class=\"elementor-column elementor-col-100 elementor-top-column elementor-element elementor-element-743c6d1\" data-id=\"743c6d1\" data-element_type=\"column\">\n\t\t\t<div class=\"elementor-widget-wrap elementor-element-populated\">\n\t\t\t\t\t\t<div class=\"elementor-element elementor-element-c12d743 elementor-widget elementor-widget-spacer\" data-id=\"c12d743\" data-element_type=\"widget\" data-widget_type=\"spacer.default\">\n\t\t\t\t<div class=\"elementor-widget-container\">\n\t\t\t\t\t\t\t<div class=\"elementor-spacer\">\n\t\t\t<div class=\"elementor-spacer-inner\"><\/div>\n\t\t<\/div>\n\t\t\t\t\t\t<\/div>\n\t\t\t\t<\/div>\n\t\t\t\t\t<\/div>\n\t\t<\/div>\n\t\t\t\t\t<\/div>\n\t\t<\/section>\n\t\t\t\t<section class=\"elementor-section elementor-top-section elementor-element elementor-element-a07263f elementor-section-boxed elementor-section-height-default elementor-section-height-default\" data-id=\"a07263f\" data-element_type=\"section\">\n\t\t\t\t\t\t<div class=\"elementor-container elementor-column-gap-default\">\n\t\t\t\t\t<div class=\"elementor-column elementor-col-100 elementor-top-column elementor-element elementor-element-088066f\" data-id=\"088066f\" data-element_type=\"column\">\n\t\t\t<div class=\"elementor-widget-wrap elementor-element-populated\">\n\t\t\t\t\t\t<div class=\"elementor-element elementor-element-43c7ecc elementor-widget elementor-widget-heading\" data-id=\"43c7ecc\" data-element_type=\"widget\" data-widget_type=\"heading.default\">\n\t\t\t\t<div class=\"elementor-widget-container\">\n\t\t\t\t\t<h2 class=\"elementor-heading-title elementor-size-default\">Le projet associatif <\/h2>\t\t\t\t<\/div>\n\t\t\t\t<\/div>\n\t\t\t\t\t<\/div>\n\t\t<\/div>\n\t\t\t\t\t<\/div>\n\t\t<\/section>\n\t\t\t\t<section class=\"elementor-section elementor-top-section elementor-element elementor-element-990ed97 elementor-section-boxed elementor-section-height-default elementor-section-height-default\" data-id=\"990ed97\" data-element_type=\"section\">\n\t\t\t\t\t\t<div class=\"elementor-container elementor-column-gap-default\">\n\t\t\t\t\t<div class=\"elementor-column elementor-col-100 elementor-top-column elementor-element elementor-element-bdd7331\" data-id=\"bdd7331\" data-element_type=\"column\">\n\t\t\t<div class=\"elementor-widget-wrap elementor-element-populated\">\n\t\t\t\t\t\t<div class=\"elementor-element elementor-element-2d803a1 elementor-widget elementor-widget-text-editor\" data-id=\"2d803a1\" data-element_type=\"widget\" data-widget_type=\"text-editor.default\">\n\t\t\t\t<div class=\"elementor-widget-container\">\n\t\t\t\t\t\t\t\t\t<p dir=\"ltr\" style=\"line-height: 1.38; margin-top: 0pt; margin-bottom: 0pt;\"><span style=\"font-size: 11pt; font-family: Arial, sans-serif; color: #000000; background-color: transparent; font-style: normal; font-variant: normal; text-decoration: none; vertical-align: baseline; white-space: pre-wrap;\"><b>Notre <\/b><\/span><span style=\"font-size: 11pt; font-family: Arial, sans-serif; color: #000000; background-color: transparent; font-style: normal; font-variant: normal; text-decoration: none; vertical-align: baseline; white-space: pre-wrap;\"><b>vision <\/b><\/span><span style=\"font-size: 11pt; font-family: Arial,sans-serif; color: #000000; background-color: transparent; font-weight: 400; font-style: normal; font-variant: normal; text-decoration: none; vertical-align: baseline; white-space: pre-wrap;\">: un autre mod\u00e8le est possible<\/span><\/p><p dir=\"ltr\" style=\"line-height: 1.38; margin-top: 0pt; margin-bottom: 0pt;\"><span style=\"font-size: 11pt; font-family: Arial,sans-serif; color: #000000; background-color: transparent; font-weight: 400; font-style: normal; font-variant: normal; text-decoration: none; vertical-align: baseline; white-space: pre-wrap;\">Nous partons du constat que le monde actuel ne r\u00e9pond plus aux enjeux du vivant et qu\u2019un autre mod\u00e8le est possible, n\u00e9cessaire et souhaitable.\u00a0<\/span><\/p><p dir=\"ltr\" style=\"line-height: 1.38; margin-top: 0pt; margin-bottom: 0pt;\"><span style=\"font-size: 11pt; font-family: Arial,sans-serif; color: #000000; background-color: transparent; font-weight: 400; font-style: normal; font-variant: normal; text-decoration: none; vertical-align: baseline; white-space: pre-wrap;\">Ce mod\u00e8le, nous le construisons collectivement, \u00e0 notre \u00e9chelle, par l\u2019exp\u00e9rimentation et la co-cr\u00e9ation, \u00e0 travers les communs.\u00a0<br \/><\/span><span style=\"background-color: transparent; color: #000000; font-family: Arial, sans-serif; font-size: 11pt; font-style: normal; font-variant-ligatures: normal; font-variant-caps: normal; font-weight: 400; white-space-collapse: preserve;\">Notre ambition est de penser, exp\u00e9rimenter et co-construire une organisation sociale juste, solidaire et \u00e9cologique. Nous voulons d\u00e9montrer qu\u2019il est possible de vivre et de faire autrement, de proposer des alternatives humanistes &#8211; en cultivant la solidarit\u00e9, la justice, la libert\u00e9, et le lien au vivant.<\/span><\/p><p dir=\"ltr\" style=\"line-height: 1.38; margin-top: 0pt; margin-bottom: 0pt;\"><span style=\"font-size: 11pt; font-family: Arial,sans-serif; color: #000000; background-color: transparent; font-weight: 400; font-style: normal; font-variant: normal; text-decoration: none; vertical-align: baseline; white-space: pre-wrap;\">\u00a0<\/span><\/p><p dir=\"ltr\" style=\"line-height: 1.38; margin-top: 0pt; margin-bottom: 0pt;\"><span style=\"font-size: 11pt; font-family: Arial, sans-serif; color: #000000; background-color: transparent; font-style: normal; font-variant: normal; text-decoration: none; vertical-align: baseline; white-space: pre-wrap;\"><b>Nos <\/b><\/span><span style=\"font-size: 11pt; font-family: Arial, sans-serif; color: #000000; background-color: transparent; font-style: normal; font-variant: normal; text-decoration: none; vertical-align: baseline; white-space: pre-wrap;\"><b>communs <\/b><\/span><span style=\"font-size: 11pt; font-family: Arial,sans-serif; color: #000000; background-color: transparent; font-weight: 400; font-style: normal; font-variant: normal; text-decoration: none; vertical-align: baseline; white-space: pre-wrap;\">: source et levier de transformation<\/span><\/p><p dir=\"ltr\" style=\"line-height: 1.38; margin-top: 0pt; margin-bottom: 0pt;\"><span style=\"font-size: 11pt; font-family: Arial,sans-serif; color: #000000; background-color: transparent; font-weight: 400; font-style: normal; font-variant: normal; text-decoration: none; vertical-align: baseline; white-space: pre-wrap;\">Ce qui nous unit, c\u2019est un d\u00e9sir commun : celui de faire exister un lieu ouvert \u00e0 toutes et tous, une maison commune o\u00f9 chacun\u00b7e se sent bien, accueilli\u00b7e, respect\u00e9\u00b7e. Un espace qui n\u2019appartient \u00e0 personne mais qui est \u00e0 tout le monde &#8211; et dont la gouvernance est horizontale et \u00e9volutive. <br \/><\/span><span style=\"background-color: transparent; color: #000000; font-family: Arial, sans-serif; font-size: 11pt; font-style: normal; font-variant-ligatures: normal; font-variant-caps: normal; font-weight: 400; white-space-collapse: preserve;\">Nos communs sont multiples : ce sont des espaces mat\u00e9riels (maison, jardin, cuisine, bureaux, ateliers, outils), mais aussi des ressources immat\u00e9rielles &#8211; des savoir-faire, des savoir-\u00eatre, des pratiques concr\u00e8tes et collectives. Ce patrimoine immat\u00e9riel se construit, se transmet, s\u2019enrichit \u00e0 mesure qu\u2019il est investi. Il se partage comme un h\u00e9ritage vivant au sein du collectif et constitue notre bien le plus pr\u00e9cieux. <\/span><\/p><p dir=\"ltr\" style=\"line-height: 1.38; margin-top: 0pt; margin-bottom: 0pt;\"><span style=\"font-size: 11pt; font-family: Arial,sans-serif; color: #000000; background-color: transparent; font-weight: 400; font-style: normal; font-variant: normal; text-decoration: none; vertical-align: baseline; white-space: pre-wrap;\">\u00a0<\/span><\/p><p dir=\"ltr\" style=\"line-height: 1.38; margin-top: 0pt; margin-bottom: 0pt;\"><span style=\"font-size: 11pt; font-family: Arial, sans-serif; color: #000000; background-color: transparent; font-style: normal; font-variant: normal; text-decoration: none; vertical-align: baseline; white-space: pre-wrap;\"><b>Une <\/b><\/span><span style=\"font-size: 11pt; font-family: Arial, sans-serif; color: #000000; background-color: transparent; font-style: normal; font-variant: normal; text-decoration: none; vertical-align: baseline; white-space: pre-wrap;\"><b>organisation politique, radicale, apartisane.<\/b><\/span><span style=\"font-size: 11pt; font-family: Arial,sans-serif; color: #000000; background-color: transparent; font-weight: 400; font-style: normal; font-variant: normal; text-decoration: none; vertical-align: baseline; white-space: pre-wrap;\"><br \/><\/span><span style=\"font-size: 11pt; font-family: Arial,sans-serif; color: #000000; background-color: transparent; font-weight: 400; font-style: normal; font-variant: normal; text-decoration: none; vertical-align: baseline; white-space: pre-wrap;\">L\u2019ECREVIS se situe hors des cadres \u00e9tablis. C\u2019est un espace politique, mais apartisan, assumant une posture radicale. C\u2019est un lieu qui interroge, bouscule, invite \u00e0 penser autrement, o\u00f9 les mod\u00e8les dominants sont d\u00e9construits, o\u00f9 l\u2019on fait le choix du lien plut\u00f4t que du repli. Pr\u00e9server notre autonomie dans l\u2019espace public, prot\u00e9ger nos communs et construire un lieu ouvert : c\u2019est notre engagement politique.<\/span><\/p><p dir=\"ltr\" style=\"line-height: 1.38; margin-top: 0pt; margin-bottom: 0pt;\"><span style=\"font-size: 11pt; font-family: Arial,sans-serif; color: #000000; background-color: transparent; font-weight: 400; font-style: normal; font-variant: normal; text-decoration: none; vertical-align: baseline; white-space: pre-wrap;\">Notre gouvernance partag\u00e9e est \u00e0 la fois une ressource et une m\u00e9thode d\u2019apprentissage du vivre-ensemble. Elle garantit le respect de notre vision tout en laissant place \u00e0 la diversit\u00e9 des voix.\u00a0<\/span><\/p><p dir=\"ltr\" style=\"line-height: 1.38; margin-top: 0pt; margin-bottom: 0pt;\"><span style=\"font-size: 11pt; font-family: Arial,sans-serif; color: #000000; background-color: transparent; font-weight: 400; font-style: normal; font-variant: normal; text-decoration: none; vertical-align: baseline; white-space: pre-wrap;\">\u00a0<\/span><\/p><p dir=\"ltr\" style=\"line-height: 1.38; margin-top: 0pt; margin-bottom: 0pt;\"><span style=\"font-size: 11pt; font-family: Arial, sans-serif; color: #000000; background-color: transparent; font-style: normal; font-variant: normal; text-decoration: none; vertical-align: baseline; white-space: pre-wrap;\"><b>Nos domaines d&rsquo;activit\u00e9<\/b><\/span><\/p><p dir=\"ltr\" style=\"line-height: 1.38; margin-top: 0pt; margin-bottom: 0pt;\"><span style=\"background-color: transparent; color: #000000; font-family: Arial, sans-serif; font-size: 11pt; font-style: normal; font-variant-ligatures: normal; font-variant-caps: normal; font-weight: 400; white-space-collapse: preserve;\">L&rsquo;ECREVIS se veut un lieu d&rsquo;accueil, de travail et de vie.<\/span><\/p><p dir=\"ltr\" style=\"line-height: 1.38; margin-top: 0pt; margin-bottom: 0pt;\"><span style=\"font-size: 11pt; font-family: Arial,sans-serif; color: #000000; background-color: transparent; font-weight: 400; font-style: normal; font-variant: normal; text-decoration: none; vertical-align: baseline; white-space: pre-wrap;\">Plus qu&rsquo;un espace \u00e0 partager, nous proposons un lieu et des syst\u00e8mes de contribution, des mani\u00e8res de prendre part : un lieu o\u00f9 l\u2019on ne vient pas seulement faire, mais o\u00f9 l\u2019on vient \u00eatre, avec les autres, dans une logique de participation active.<\/span><\/p><p dir=\"ltr\" style=\"line-height: 1.38; margin-top: 0pt; margin-bottom: 0pt;\"><span style=\"font-size: 11pt; font-family: Arial,sans-serif; color: #000000; background-color: transparent; font-weight: 400; font-style: normal; font-variant: normal; text-decoration: none; vertical-align: baseline; white-space: pre-wrap;\">Cela signifie que nous accueillons des personnes, des collectifs ou des individus qui partagent nos valeurs et pas seulement des activit\u00e9s. Ce ne sont pas des usagers, mais des r\u00e9sident\u00b7es-acteur\u00b7ices qui s\u2019impliquent, font vivre le lieu, le font rayonner dans leurs cercles et bien au-del\u00e0, en portant les valeurs que nous d\u00e9fendons.<\/span><\/p><p dir=\"ltr\" style=\"line-height: 1.38; margin-top: 0pt; margin-bottom: 0pt;\"><span style=\"font-size: 11pt; font-family: Arial,sans-serif; color: #000000; background-color: transparent; font-weight: 400; font-style: normal; font-variant: normal; text-decoration: none; vertical-align: baseline; white-space: pre-wrap;\">Pour le collectif, la finalit\u00e9 de ses actions passe avant les outils ou les formes qu\u2019elles prennent. Ce que nous cherchons, ce n\u2019est pas simplement \u00e0 faire venir, mais \u00e0 rassembler, faire circuler, faire des ponts.<\/span><\/p><p dir=\"ltr\" style=\"line-height: 1.38; margin-top: 0pt; margin-bottom: 0pt;\"><span style=\"font-size: 11pt; font-family: Arial,sans-serif; color: #000000; background-color: transparent; font-weight: 400; font-style: normal; font-variant: normal; text-decoration: none; vertical-align: baseline; white-space: pre-wrap;\">Aussi, les collectifs et les activit\u00e9s qui sont accueillies peuvent \u00e9voluer dans le temps en fonction des rencontres, des dynamiques et des ressources disponibles.<\/span><\/p><p dir=\"ltr\" style=\"line-height: 1.38; margin-top: 0pt; margin-bottom: 0pt;\"><span style=\"font-size: 11pt; font-family: Arial,sans-serif; color: #000000; background-color: transparent; font-weight: 400; font-style: normal; font-variant: normal; text-decoration: none; vertical-align: baseline; white-space: pre-wrap;\">Notre r\u00f4le est donc double : \u00e0 la fois \u00eatre un espace accueillant, mais\u00a0 aussi un espace qui f\u00e9d\u00e8re des synergies entre les acteur\u00b7ices, pour que chacun\u00b7e contribue et b\u00e9n\u00e9ficie, dans un \u00e9change r\u00e9ciproque.<\/span><\/p><p dir=\"ltr\" style=\"line-height: 1.38; margin-top: 0pt; margin-bottom: 0pt;\"><span style=\"font-size: 11pt; font-family: Arial,sans-serif; color: #000000; background-color: transparent; font-weight: 400; font-style: normal; font-variant: normal; text-decoration: none; vertical-align: baseline; white-space: pre-wrap;\"><b style=\"font-weight: normal;\">\u00a0<\/b><\/span><\/p><p dir=\"ltr\" style=\"line-height: 1.38; margin-top: 0pt; margin-bottom: 0pt;\"><span style=\"font-size: 11pt; font-family: Arial, sans-serif; color: #000000; background-color: transparent; font-style: normal; font-variant: normal; text-decoration: none; vertical-align: baseline; white-space: pre-wrap;\"><b>Nos <\/b><\/span><span style=\"font-size: 11pt; font-family: Arial, sans-serif; color: #000000; background-color: transparent; font-style: normal; font-variant: normal; text-decoration: none; vertical-align: baseline; white-space: pre-wrap;\"><b>activit\u00e9s <\/b><\/span><span style=\"font-size: 11pt; font-family: Arial,sans-serif; color: #000000; background-color: transparent; font-weight: 400; font-style: normal; font-variant: normal; text-decoration: none; vertical-align: baseline; white-space: pre-wrap;\">: nos actions se d\u00e9ploient autour de plusieurs piliers\u00a0<\/span><\/p><ul style=\"margin-top: 0; margin-bottom: 0; padding-inline-start: 48px;\"><li dir=\"ltr\" style=\"list-style-type: disc; font-size: 11pt; font-family: Arial,sans-serif; color: #000000; background-color: transparent; font-weight: 400; font-style: normal; font-variant: normal; text-decoration: none; vertical-align: baseline; white-space: pre;\" aria-level=\"1\"><p dir=\"ltr\" style=\"line-height: 1.38; margin-top: 0pt; margin-bottom: 0pt;\" role=\"presentation\"><span style=\"font-size: 11pt; font-family: Arial,sans-serif; color: #000000; background-color: transparent; font-weight: 400; font-style: normal; font-variant: normal; text-decoration: none; vertical-align: baseline; white-space: pre-wrap;\">Un lieu de vie : accueil des nouveaux et nouvelles, cuisine collective, repas partag\u00e9s, caf\u00e9 associatif, bar \u00e0 prix libre, f\u00eates, jardin partag\u00e9 et collectif, chantiers participatifs, ateliers, conf\u00e9rences\u2026<\/span><\/p><\/li><li dir=\"ltr\" style=\"list-style-type: disc; font-size: 11pt; font-family: Arial,sans-serif; color: #000000; background-color: transparent; font-weight: 400; font-style: normal; font-variant: normal; text-decoration: none; vertical-align: baseline; white-space: pre;\" aria-level=\"1\"><p dir=\"ltr\" style=\"line-height: 1.38; margin-top: 0pt; margin-bottom: 0pt;\" role=\"presentation\"><span style=\"font-size: 11pt; font-family: Arial,sans-serif; color: #000000; background-color: transparent; font-weight: 400; font-style: normal; font-variant: normal; text-decoration: none; vertical-align: baseline; white-space: pre-wrap;\">Un lieu de travail : ateliers artisanaux (\u00c9crouvis), p\u00e9pini\u00e8re de projets, r\u00e9sidences d\u2019artistes et d\u2019artisan.e.s, accueil de r\u00e9unions ou d&rsquo;\u00e9v\u00e8nements de collectifs<\/span><\/p><\/li><li dir=\"ltr\" style=\"list-style-type: disc; font-size: 11pt; font-family: Arial,sans-serif; color: #000000; background-color: transparent; font-weight: 400; font-style: normal; font-variant: normal; text-decoration: none; vertical-align: baseline; white-space: pre;\" aria-level=\"1\"><p dir=\"ltr\" style=\"line-height: 1.38; margin-top: 0pt; margin-bottom: 0pt;\" role=\"presentation\"><span style=\"font-size: 11pt; font-family: Arial,sans-serif; color: #000000; background-color: transparent; font-weight: 400; font-style: normal; font-variant: normal; text-decoration: none; vertical-align: baseline; white-space: pre-wrap;\">Un lieu culturel : concerts, spectacles, d\u00e9bats, conf\u00e9rences, projections, \u00e9v\u00e9nements festifs, sc\u00e8nes ouvertes, expositions.<\/span><\/p><\/li><li dir=\"ltr\" style=\"list-style-type: disc; font-size: 11pt; font-family: Arial,sans-serif; color: #000000; background-color: transparent; font-weight: 400; font-style: normal; font-variant: normal; text-decoration: none; vertical-align: baseline; white-space: pre;\" aria-level=\"1\"><p dir=\"ltr\" style=\"line-height: 1.38; margin-top: 0pt; margin-bottom: 0pt;\" role=\"presentation\"><span style=\"font-size: 11pt; font-family: Arial,sans-serif; color: #000000; background-color: transparent; font-weight: 400; font-style: normal; font-variant: normal; text-decoration: none; vertical-align: baseline; white-space: pre-wrap;\">Un lieu ressource : pour des initiatives militantes, base arri\u00e8re des luttes et alternatives<\/span><\/p><\/li><li dir=\"ltr\" style=\"list-style-type: disc; font-size: 11pt; font-family: Arial,sans-serif; color: #000000; background-color: transparent; font-weight: 400; font-style: normal; font-variant: normal; text-decoration: none; vertical-align: baseline; white-space: pre;\" aria-level=\"1\"><p dir=\"ltr\" style=\"line-height: 1.38; margin-top: 0pt; margin-bottom: 0pt;\" role=\"presentation\"><span style=\"font-size: 11pt; font-family: Arial,sans-serif; color: #000000; background-color: transparent; font-weight: 400; font-style: normal; font-variant: normal; text-decoration: none; vertical-align: baseline; white-space: pre-wrap;\">Un lieu refuge : colocation solidaire, h\u00e9bergement d\u2019urgence, soutien administratif.<\/span><\/p><\/li><li dir=\"ltr\" style=\"list-style-type: disc; font-size: 11pt; font-family: Arial,sans-serif; color: #000000; background-color: transparent; font-weight: 400; font-style: normal; font-variant: normal; text-decoration: none; vertical-align: baseline; white-space: pre;\" aria-level=\"1\"><p dir=\"ltr\" style=\"line-height: 1.38; margin-top: 0pt; margin-bottom: 0pt;\" role=\"presentation\"><span style=\"font-size: 11pt; font-family: Arial,sans-serif; color: #000000; background-color: transparent; font-weight: 400; font-style: normal; font-variant: normal; text-decoration: none; vertical-align: baseline; white-space: pre-wrap;\">Un espace de partage et de r\u00e9cup\u00e9ration : friperie, mat\u00e9riauth\u00e8que, espace de r\u00e9paration<\/span><\/p><\/li><li dir=\"ltr\" style=\"list-style-type: disc; font-size: 11pt; font-family: Arial,sans-serif; color: #000000; background-color: transparent; font-weight: 400; font-style: normal; font-variant: normal; text-decoration: none; vertical-align: baseline; white-space: pre;\" aria-level=\"1\"><p dir=\"ltr\" style=\"line-height: 1.38; margin-top: 0pt; margin-bottom: 0pt;\" role=\"presentation\"><span style=\"font-size: 11pt; font-family: Arial,sans-serif; color: #000000; background-color: transparent; font-weight: 400; font-style: normal; font-variant: normal; text-decoration: none; vertical-align: baseline; white-space: pre-wrap;\">Un lieu d&rsquo;exp\u00e9rimentation pour d&rsquo;autres mani\u00e8res de faire, de partager le savoir et les connaissances diffuses \u00e0 travers l\u2019\u00e9change de techniques et processus, chantiers participatifs.<\/span><\/p><\/li><\/ul>\t\t\t\t\t\t\t\t<\/div>\n\t\t\t\t<\/div>\n\t\t\t\t\t<\/div>\n\t\t<\/div>\n\t\t\t\t\t<\/div>\n\t\t<\/section>\n\t\t\t\t<section class=\"elementor-section elementor-top-section elementor-element elementor-element-d653d38 elementor-section-boxed elementor-section-height-default elementor-section-height-default\" data-id=\"d653d38\" data-element_type=\"section\">\n\t\t\t\t\t\t<div class=\"elementor-container elementor-column-gap-default\">\n\t\t\t\t\t<div class=\"elementor-column elementor-col-100 elementor-top-column elementor-element elementor-element-27401fc\" data-id=\"27401fc\" data-element_type=\"column\">\n\t\t\t<div class=\"elementor-widget-wrap elementor-element-populated\">\n\t\t\t\t\t\t<div class=\"elementor-element elementor-element-ab535d6 elementor-widget elementor-widget-spacer\" data-id=\"ab535d6\" data-element_type=\"widget\" data-widget_type=\"spacer.default\">\n\t\t\t\t<div class=\"elementor-widget-container\">\n\t\t\t\t\t\t\t<div class=\"elementor-spacer\">\n\t\t\t<div class=\"elementor-spacer-inner\"><\/div>\n\t\t<\/div>\n\t\t\t\t\t\t<\/div>\n\t\t\t\t<\/div>\n\t\t\t\t\t<\/div>\n\t\t<\/div>\n\t\t\t\t\t<\/div>\n\t\t<\/section>\n\t\t\t\t<section class=\"elementor-section elementor-top-section elementor-element elementor-element-aef2135 elementor-section-boxed elementor-section-height-default elementor-section-height-default\" data-id=\"aef2135\" data-element_type=\"section\">\n\t\t\t\t\t\t<div class=\"elementor-container elementor-column-gap-default\">\n\t\t\t\t\t<div class=\"elementor-column elementor-col-100 elementor-top-column elementor-element elementor-element-29c50d8\" data-id=\"29c50d8\" data-element_type=\"column\">\n\t\t\t<div class=\"elementor-widget-wrap elementor-element-populated\">\n\t\t\t\t\t\t<div class=\"elementor-element elementor-element-2fff26d elementor-widget elementor-widget-heading\" data-id=\"2fff26d\" data-element_type=\"widget\" data-widget_type=\"heading.default\">\n\t\t\t\t<div class=\"elementor-widget-container\">\n\t\t\t\t\t<h2 class=\"elementor-heading-title elementor-size-default\">La gouvernance partag\u00e9e <\/h2>\t\t\t\t<\/div>\n\t\t\t\t<\/div>\n\t\t\t\t\t<\/div>\n\t\t<\/div>\n\t\t\t\t\t<\/div>\n\t\t<\/section>\n\t\t\t\t<section class=\"elementor-section elementor-top-section elementor-element elementor-element-a036218 elementor-section-boxed elementor-section-height-default elementor-section-height-default\" data-id=\"a036218\" data-element_type=\"section\" data-settings=\"{&quot;background_background&quot;:&quot;classic&quot;}\">\n\t\t\t\t\t\t\t<div class=\"elementor-background-overlay\"><\/div>\n\t\t\t\t\t\t\t<div class=\"elementor-container elementor-column-gap-default\">\n\t\t\t\t\t<div class=\"elementor-column elementor-col-50 elementor-top-column elementor-element elementor-element-76eefae\" data-id=\"76eefae\" data-element_type=\"column\">\n\t\t\t<div class=\"elementor-widget-wrap elementor-element-populated\">\n\t\t\t\t\t\t<div class=\"elementor-element elementor-element-5f879d8 elementor-widget elementor-widget-text-editor\" data-id=\"5f879d8\" data-element_type=\"widget\" data-widget_type=\"text-editor.default\">\n\t\t\t\t<div class=\"elementor-widget-container\">\n\t\t\t\t\t\t\t\t\t<p><span style=\"font-variant: normal; font-family: Arial, sans-serif; font-size: 11pt; font-style: normal; font-weight: 400; white-space-collapse: preserve; background-color: transparent; color: #000000;\">L\u2019association est r\u00e9gie par sa \u201cgouvernance partag\u00e9e\u201d, un mode de structuration qui participe \u00e0 mieux r\u00e9partir le pouvoir et \u00e0 d\u00e9finir les r\u00f4les et les responsabilit\u00e9s.<br \/><\/span><span style=\"font-variant: normal; font-family: Arial, sans-serif; font-size: 11pt; font-style: normal; font-weight: 400; white-space-collapse: preserve; background-color: transparent; color: #000000;\">Ce mod\u00e8le est <span style=\"font-family: Arial, sans-serif; font-size: 14.6667px; font-style: normal; font-variant-ligatures: normal; font-variant-caps: normal; font-weight: 400;\">fond\u00e9 sur l\u2019horizontalit\u00e9, l\u2019intelligence collective et l&rsquo;autogestion.<\/span><\/span><\/p><p><span style=\"background-color: transparent; color: #000000; font-family: Arial, sans-serif; font-size: 11pt; font-style: normal; font-variant-ligatures: normal; font-variant-caps: normal; font-weight: 400; white-space-collapse: preserve;\">Les b\u00e9n\u00e9voles de l\u2019association \u00e9lisent tous les ans 8 membres du coll\u00e8ge, par le biais d&rsquo;\u00e9lections sans candidat. Ses membres constituent les \u201cco-pr\u00e9sidents\u201d de l\u2019ECREVIS ; cependant, <\/span><span style=\"background-color: transparent; color: #000000; font-family: Arial, sans-serif; font-size: 11pt; font-style: normal; font-variant-ligatures: normal; font-variant-caps: normal; font-weight: 400; white-space-collapse: preserve;\">cette instance n\u2019est pas d\u00e9cisionnaire, elle repr\u00e9sente <\/span><span style=\"color: #000000; font-family: Arial, sans-serif; font-size: 14.6667px; font-style: normal; font-variant-ligatures: normal; font-variant-caps: normal; font-weight: 400; white-space-collapse: preserve;\">l\u2019association \u00e0 l\u2019ext\u00e9rieur, elle est <\/span><span style=\"background-color: transparent; color: #000000; font-family: Arial, sans-serif; font-size: 11pt; font-style: normal; font-variant-ligatures: normal; font-variant-caps: normal; font-weight: 400; white-space-collapse: preserve;\">simplement symbolique, repr\u00e9sentative. <\/span><\/p>\t\t\t\t\t\t\t\t<\/div>\n\t\t\t\t<\/div>\n\t\t\t\t\t<\/div>\n\t\t<\/div>\n\t\t\t\t<div class=\"elementor-column elementor-col-50 elementor-top-column elementor-element elementor-element-26b9b47\" data-id=\"26b9b47\" data-element_type=\"column\">\n\t\t\t<div class=\"elementor-widget-wrap elementor-element-populated\">\n\t\t\t\t\t\t<div class=\"elementor-element elementor-element-150b037 elementor-widget elementor-widget-text-editor\" data-id=\"150b037\" data-element_type=\"widget\" data-widget_type=\"text-editor.default\">\n\t\t\t\t<div class=\"elementor-widget-container\">\n\t\t\t\t\t\t\t\t\t<p><span style=\"font-weight: normal;\"><span style=\"font-size: 11pt; font-family: Arial, sans-serif; color: #000000; background-color: transparent; font-weight: 400; font-style: normal; font-variant: normal; white-space-collapse: preserve;\">Les d\u00e9cisions sont prises collectivement et dans les groupes de travail, au nombre de 15, l\u00e9gitimes pour prendre des d\u00e9cisions dans leur domaine d\u2019action et anim\u00e9s par des b\u00e9n\u00e9voles d\u00e9vou\u00e9<\/span><\/span><span style=\"color: #474747; font-family: 'Google Sans', Arial, sans-serif; font-size: 16px; font-style: normal; font-variant-ligatures: normal; font-variant-caps: normal; font-weight: 400;\">\u00b7<\/span><span style=\"background-color: transparent; color: #000000; font-family: Arial, sans-serif; font-size: 11pt; font-style: normal; font-variant-ligatures: normal; font-variant-caps: normal; font-weight: 400; white-space-collapse: preserve;\">es. <\/span><\/p><p><span style=\"background-color: transparent;\"><span style=\"color: #000000; font-family: Arial, sans-serif;\"><span style=\"font-size: 14.6667px; white-space-collapse: preserve;\">Cette gouvernance partag\u00e9e est \u00e0 la fois une ressource et une m\u00e9thode d\u2019apprentissage du vivre-ensemble pour l&rsquo;ECREVIS. Elle garantit le respect de notre vision tout en laissant place \u00e0 la diversit\u00e9 des voix. <\/span><\/span><\/span><\/p>\t\t\t\t\t\t\t\t<\/div>\n\t\t\t\t<\/div>\n\t\t\t\t\t<\/div>\n\t\t<\/div>\n\t\t\t\t\t<\/div>\n\t\t<\/section>\n\t\t\t\t<section class=\"elementor-section elementor-top-section elementor-element elementor-element-eac5eb2 elementor-section-boxed elementor-section-height-default elementor-section-height-default\" data-id=\"eac5eb2\" data-element_type=\"section\">\n\t\t\t\t\t\t<div class=\"elementor-container elementor-column-gap-default\">\n\t\t\t\t\t<div class=\"elementor-column elementor-col-100 elementor-top-column elementor-element elementor-element-331d86e\" data-id=\"331d86e\" data-element_type=\"column\">\n\t\t\t<div class=\"elementor-widget-wrap elementor-element-populated\">\n\t\t\t\t\t\t<div class=\"elementor-element elementor-element-56e7832 elementor-widget elementor-widget-spacer\" data-id=\"56e7832\" data-element_type=\"widget\" data-widget_type=\"spacer.default\">\n\t\t\t\t<div class=\"elementor-widget-container\">\n\t\t\t\t\t\t\t<div class=\"elementor-spacer\">\n\t\t\t<div class=\"elementor-spacer-inner\"><\/div>\n\t\t<\/div>\n\t\t\t\t\t\t<\/div>\n\t\t\t\t<\/div>\n\t\t\t\t\t<\/div>\n\t\t<\/div>\n\t\t\t\t\t<\/div>\n\t\t<\/section>\n\t\t\t\t<section class=\"elementor-section elementor-top-section elementor-element elementor-element-0d6d486 elementor-section-boxed elementor-section-height-default elementor-section-height-default\" data-id=\"0d6d486\" data-element_type=\"section\">\n\t\t\t\t\t\t<div class=\"elementor-container elementor-column-gap-default\">\n\t\t\t\t\t<div class=\"elementor-column elementor-col-100 elementor-top-column elementor-element elementor-element-ff57934\" data-id=\"ff57934\" data-element_type=\"column\">\n\t\t\t<div class=\"elementor-widget-wrap elementor-element-populated\">\n\t\t\t\t\t\t<div class=\"elementor-element elementor-element-c19abe9 elementor-widget elementor-widget-heading\" data-id=\"c19abe9\" data-element_type=\"widget\" data-widget_type=\"heading.default\">\n\t\t\t\t<div class=\"elementor-widget-container\">\n\t\t\t\t\t<h2 class=\"elementor-heading-title elementor-size-default\">Comment se finance l'ECREVIS ? <\/h2>\t\t\t\t<\/div>\n\t\t\t\t<\/div>\n\t\t\t\t\t<\/div>\n\t\t<\/div>\n\t\t\t\t\t<\/div>\n\t\t<\/section>\n\t\t\t\t<section class=\"elementor-section elementor-top-section elementor-element elementor-element-b55b57b elementor-section-boxed elementor-section-height-default elementor-section-height-default\" data-id=\"b55b57b\" data-element_type=\"section\">\n\t\t\t\t\t\t<div class=\"elementor-container elementor-column-gap-default\">\n\t\t\t\t\t<div class=\"elementor-column elementor-col-100 elementor-top-column elementor-element elementor-element-ae14d01\" data-id=\"ae14d01\" data-element_type=\"column\">\n\t\t\t<div class=\"elementor-widget-wrap elementor-element-populated\">\n\t\t\t\t\t\t<div class=\"elementor-element elementor-element-a2460f8 elementor-widget elementor-widget-text-editor\" data-id=\"a2460f8\" data-element_type=\"widget\" data-widget_type=\"text-editor.default\">\n\t\t\t\t<div class=\"elementor-widget-container\">\n\t\t\t\t\t\t\t\t\t<p dir=\"ltr\" style=\"line-height: 1.38; margin-top: 0pt; margin-bottom: 0pt;\"><span style=\"font-size: 11pt; font-family: Arial,sans-serif; color: #000000; background-color: transparent; font-weight: 400; font-style: normal; font-variant: normal; text-decoration: none; vertical-align: baseline; white-space: pre-wrap;\">Retrouve ici les comptes annuels de l&rsquo;ECREVIS afin de tout comprendre de son fonctionnement. <\/span><\/p><p dir=\"ltr\" style=\"line-height: 1.38; margin-top: 0pt; margin-bottom: 0pt;\"><span style=\"font-size: 11pt; font-family: Arial,sans-serif; color: #000000; background-color: transparent; font-weight: 400; font-style: normal; font-variant: normal; text-decoration: none; vertical-align: baseline; white-space: pre-wrap;\">\u00a0<\/span><\/p><p dir=\"ltr\" style=\"line-height: 1.38; margin-top: 0pt; margin-bottom: 0pt;\"><span style=\"color: #000000; font-family: Arial, sans-serif;\"><span style=\"font-size: 14.6667px; white-space-collapse: preserve;\">Les documents sont \u00e0 venir ! <\/span><\/span><\/p>\t\t\t\t\t\t\t\t<\/div>\n\t\t\t\t<\/div>\n\t\t\t\t\t<\/div>\n\t\t<\/div>\n\t\t\t\t\t<\/div>\n\t\t<\/section>\n\t\t\t\t<section class=\"elementor-section elementor-top-section elementor-element elementor-element-bc18c1c elementor-section-boxed elementor-section-height-default elementor-section-height-default\" data-id=\"bc18c1c\" data-element_type=\"section\">\n\t\t\t\t\t\t<div class=\"elementor-container elementor-column-gap-default\">\n\t\t\t\t\t<div class=\"elementor-column elementor-col-100 elementor-top-column elementor-element elementor-element-28aa226\" data-id=\"28aa226\" data-element_type=\"column\">\n\t\t\t<div class=\"elementor-widget-wrap elementor-element-populated\">\n\t\t\t\t\t\t<div class=\"elementor-element elementor-element-124f55e elementor-widget elementor-widget-spacer\" data-id=\"124f55e\" data-element_type=\"widget\" data-widget_type=\"spacer.default\">\n\t\t\t\t<div class=\"elementor-widget-container\">\n\t\t\t\t\t\t\t<div class=\"elementor-spacer\">\n\t\t\t<div class=\"elementor-spacer-inner\"><\/div>\n\t\t<\/div>\n\t\t\t\t\t\t<\/div>\n\t\t\t\t<\/div>\n\t\t\t\t\t<\/div>\n\t\t<\/div>\n\t\t\t\t\t<\/div>\n\t\t<\/section>\n\t\t\t\t<section class=\"elementor-section elementor-top-section elementor-element elementor-element-1295ccf elementor-section-boxed elementor-section-height-default elementor-section-height-default\" data-id=\"1295ccf\" data-element_type=\"section\">\n\t\t\t\t\t\t<div class=\"elementor-container elementor-column-gap-default\">\n\t\t\t\t\t<div class=\"elementor-column elementor-col-100 elementor-top-column elementor-element elementor-element-e4ae606\" data-id=\"e4ae606\" data-element_type=\"column\">\n\t\t\t<div class=\"elementor-widget-wrap elementor-element-populated\">\n\t\t\t\t\t\t<div class=\"elementor-element elementor-element-4850e6d elementor-widget elementor-widget-text-editor\" data-id=\"4850e6d\" data-element_type=\"widget\" data-widget_type=\"text-editor.default\">\n\t\t\t\t<div class=\"elementor-widget-container\">\n\t\t\t\t\t\t\t\t\t<p dir=\"ltr\" style=\"line-height: 1.38; margin-top: 0pt; margin-bottom: 0pt;\"><span style=\"font-size: 11pt; font-family: Arial,sans-serif; color: #000000; background-color: transparent; font-weight: 400; font-style: normal; font-variant: normal; text-decoration: none; vertical-align: baseline; white-space: pre-wrap;\">Si tout ce que tu as appris sur cette page te parle, si tu souhaites te joindre \u00e0 ce beau projet, tu peux visiter la page <a href=\"https:\/\/ecrevis.eco\/site\/devenir-benevole\/\">Devenir b\u00e9n\u00e9vole<\/a> ou visiter l&rsquo;<a href=\"https:\/\/ecrevis.eco\/site\/agenda\/\">Agenda<\/a> pour d\u00e9couvrir nos actualit\u00e9s et activit\u00e9s \u00e0 venir ! <\/span><\/p>\t\t\t\t\t\t\t\t<\/div>\n\t\t\t\t<\/div>\n\t\t\t\t\t<\/div>\n\t\t<\/div>\n\t\t\t\t\t<\/div>\n\t\t<\/section>\n\t\t\t\t<section class=\"elementor-section elementor-top-section elementor-element elementor-element-e2153ab elementor-section-boxed elementor-section-height-default elementor-section-height-default\" data-id=\"e2153ab\" data-element_type=\"section\">\n\t\t\t\t\t\t<div class=\"elementor-container elementor-column-gap-default\">\n\t\t\t\t\t<div class=\"elementor-column elementor-col-100 elementor-top-column elementor-element elementor-element-a34ce58\" data-id=\"a34ce58\" data-element_type=\"column\">\n\t\t\t<div class=\"elementor-widget-wrap elementor-element-populated\">\n\t\t\t\t\t\t<div class=\"elementor-element elementor-element-34c71a3 elementor-widget elementor-widget-spacer\" data-id=\"34c71a3\" data-element_type=\"widget\" data-widget_type=\"spacer.default\">\n\t\t\t\t<div class=\"elementor-widget-container\">\n\t\t\t\t\t\t\t<div class=\"elementor-spacer\">\n\t\t\t<div class=\"elementor-spacer-inner\"><\/div>\n\t\t<\/div>\n\t\t\t\t\t\t<\/div>\n\t\t\t\t<\/div>\n\t\t\t\t\t<\/div>\n\t\t<\/div>\n\t\t\t\t\t<\/div>\n\t\t<\/section>\n\t\t\t\t<\/div>\n\t\t","protected":false},"excerpt":{"rendered":"<p>Le fonctionnement interne L&rsquo;ECREVIS est un lieu \u00e0 part, dont le fonctionnement est unique. Voici une br\u00e8ve explication du fonctionnement interne : Le projet associatif Notre vision : un autre mod\u00e8le est possible Nous partons du constat que le monde actuel ne r\u00e9pond plus aux enjeux du vivant et qu\u2019un autre mod\u00e8le est possible, n\u00e9cessaire [&hellip;]<\/p>\n","protected":false},"author":20,"featured_media":0,"parent":0,"menu_order":0,"comment_status":"closed","ping_status":"closed","template":"","meta":{"ocean_post_layout":"","ocean_both_sidebars_style":"","ocean_both_sidebars_content_width":0,"ocean_both_sidebars_sidebars_width":0,"ocean_sidebar":"","ocean_second_sidebar":"","ocean_disable_margins":"enable","ocean_add_body_class":"","ocean_shortcode_before_top_bar":"","ocean_shortcode_after_top_bar":"","ocean_shortcode_before_header":"","ocean_shortcode_after_header":"","ocean_has_shortcode":"","ocean_shortcode_after_title":"","ocean_shortcode_before_footer_widgets":"","ocean_shortcode_after_footer_widgets":"","ocean_shortcode_before_footer_bottom":"","ocean_shortcode_after_footer_bottom":"","ocean_display_top_bar":"default","ocean_display_header":"default","ocean_header_style":"","ocean_center_header_left_menu":"","ocean_custom_header_template":"","ocean_custom_logo":0,"ocean_custom_retina_logo":0,"ocean_custom_logo_max_width":0,"ocean_custom_logo_tablet_max_width":0,"ocean_custom_logo_mobile_max_width":0,"ocean_custom_logo_max_height":0,"ocean_custom_logo_tablet_max_height":0,"ocean_custom_logo_mobile_max_height":0,"ocean_header_custom_menu":"","ocean_menu_typo_font_family":"","ocean_menu_typo_font_subset":"","ocean_menu_typo_font_size":0,"ocean_menu_typo_font_size_tablet":0,"ocean_menu_typo_font_size_mobile":0,"ocean_menu_typo_font_size_unit":"px","ocean_menu_typo_font_weight":"","ocean_menu_typo_font_weight_tablet":"","ocean_menu_typo_font_weight_mobile":"","ocean_menu_typo_transform":"","ocean_menu_typo_transform_tablet":"","ocean_menu_typo_transform_mobile":"","ocean_menu_typo_line_height":0,"ocean_menu_typo_line_height_tablet":0,"ocean_menu_typo_line_height_mobile":0,"ocean_menu_typo_line_height_unit":"","ocean_menu_typo_spacing":0,"ocean_menu_typo_spacing_tablet":0,"ocean_menu_typo_spacing_mobile":0,"ocean_menu_typo_spacing_unit":"","ocean_menu_link_color":"","ocean_menu_link_color_hover":"","ocean_menu_link_color_active":"","ocean_menu_link_background":"","ocean_menu_link_hover_background":"","ocean_menu_link_active_background":"","ocean_menu_social_links_bg":"","ocean_menu_social_hover_links_bg":"","ocean_menu_social_links_color":"","ocean_menu_social_hover_links_color":"","ocean_disable_title":"default","ocean_disable_heading":"default","ocean_post_title":"","ocean_post_subheading":"","ocean_post_title_style":"","ocean_post_title_background_color":"","ocean_post_title_background":0,"ocean_post_title_bg_image_position":"","ocean_post_title_bg_image_attachment":"","ocean_post_title_bg_image_repeat":"","ocean_post_title_bg_image_size":"","ocean_post_title_height":0,"ocean_post_title_bg_overlay":0.5,"ocean_post_title_bg_overlay_color":"","ocean_disable_breadcrumbs":"default","ocean_breadcrumbs_color":"","ocean_breadcrumbs_separator_color":"","ocean_breadcrumbs_links_color":"","ocean_breadcrumbs_links_hover_color":"","ocean_display_footer_widgets":"default","ocean_display_footer_bottom":"default","ocean_custom_footer_template":"","omw_enable_modal_window":"enable","footnotes":""},"yoast_head":"<!-- This site is optimized with the Yoast SEO plugin v24.5 - https:\/\/yoast.com\/wordpress\/plugins\/seo\/ -->\n<title>Le fonctionnement interne - L&#039;ECREVIS<\/title>\n<meta name=\"robots\" content=\"index, follow, max-snippet:-1, max-image-preview:large, max-video-preview:-1\" \/>\n<link rel=\"canonical\" href=\"https:\/\/ecrevis.eco\/site\/le-fonctionnement-interne\/\" \/>\n<meta property=\"og:locale\" content=\"fr_FR\" \/>\n<meta property=\"og:type\" content=\"article\" \/>\n<meta property=\"og:title\" content=\"Le fonctionnement interne - L&#039;ECREVIS\" \/>\n<meta property=\"og:description\" content=\"Le fonctionnement interne L&rsquo;ECREVIS est un lieu \u00e0 part, dont le fonctionnement est unique. Voici une br\u00e8ve explication du fonctionnement interne : Le projet associatif Notre vision : un autre mod\u00e8le est possible Nous partons du constat que le monde actuel ne r\u00e9pond plus aux enjeux du vivant et qu\u2019un autre mod\u00e8le est possible, n\u00e9cessaire [&hellip;]\" \/>\n<meta property=\"og:url\" content=\"https:\/\/ecrevis.eco\/site\/le-fonctionnement-interne\/\" \/>\n<meta property=\"og:site_name\" content=\"L&#039;ECREVIS\" \/>\n<meta property=\"article:publisher\" content=\"https:\/\/www.facebook.com\/ecrevis.annecy\" \/>\n<meta property=\"article:modified_time\" content=\"2025-07-03T13:26:57+00:00\" \/>\n<meta name=\"twitter:card\" content=\"summary_large_image\" \/>\n<meta name=\"twitter:label1\" content=\"Dur\u00e9e de lecture estim\u00e9e\" \/>\n\t<meta name=\"twitter:data1\" content=\"1 minute\" \/>\n<script type=\"application\/ld+json\" class=\"yoast-schema-graph\">{\"@context\":\"https:\/\/schema.org\",\"@graph\":[{\"@type\":\"WebPage\",\"@id\":\"https:\/\/ecrevis.eco\/site\/le-fonctionnement-interne\/\",\"url\":\"https:\/\/ecrevis.eco\/site\/le-fonctionnement-interne\/\",\"name\":\"Le fonctionnement interne - L&#039;ECREVIS\",\"isPartOf\":{\"@id\":\"https:\/\/ecrevis.eco\/site\/#website\"},\"datePublished\":\"2025-07-03T13:26:53+00:00\",\"dateModified\":\"2025-07-03T13:26:57+00:00\",\"breadcrumb\":{\"@id\":\"https:\/\/ecrevis.eco\/site\/le-fonctionnement-interne\/#breadcrumb\"},\"inLanguage\":\"fr-FR\",\"potentialAction\":[{\"@type\":\"ReadAction\",\"target\":[\"https:\/\/ecrevis.eco\/site\/le-fonctionnement-interne\/\"]}]},{\"@type\":\"BreadcrumbList\",\"@id\":\"https:\/\/ecrevis.eco\/site\/le-fonctionnement-interne\/#breadcrumb\",\"itemListElement\":[{\"@type\":\"ListItem\",\"position\":1,\"name\":\"Accueil\",\"item\":\"https:\/\/ecrevis.eco\/site\/\"},{\"@type\":\"ListItem\",\"position\":2,\"name\":\"Le fonctionnement interne\"}]},{\"@type\":\"WebSite\",\"@id\":\"https:\/\/ecrevis.eco\/site\/#website\",\"url\":\"https:\/\/ecrevis.eco\/site\/\",\"name\":\"L'ECREVIS\",\"description\":\"\",\"publisher\":{\"@id\":\"https:\/\/ecrevis.eco\/site\/#organization\"},\"potentialAction\":[{\"@type\":\"SearchAction\",\"target\":{\"@type\":\"EntryPoint\",\"urlTemplate\":\"https:\/\/ecrevis.eco\/site\/?s={search_term_string}\"},\"query-input\":{\"@type\":\"PropertyValueSpecification\",\"valueRequired\":true,\"valueName\":\"search_term_string\"}}],\"inLanguage\":\"fr-FR\"},{\"@type\":\"Organization\",\"@id\":\"https:\/\/ecrevis.eco\/site\/#organization\",\"name\":\"L'ECREVIS\",\"url\":\"https:\/\/ecrevis.eco\/site\/\",\"logo\":{\"@type\":\"ImageObject\",\"inLanguage\":\"fr-FR\",\"@id\":\"https:\/\/ecrevis.eco\/site\/#\/schema\/logo\/image\/\",\"url\":\"https:\/\/ecrevis.eco\/site\/wp-content\/uploads\/2019\/03\/cropped-LOGO-E-CRE-VIS-BLEU-1.jpg\",\"contentUrl\":\"https:\/\/ecrevis.eco\/site\/wp-content\/uploads\/2019\/03\/cropped-LOGO-E-CRE-VIS-BLEU-1.jpg\",\"width\":1529,\"height\":1174,\"caption\":\"L'ECREVIS\"},\"image\":{\"@id\":\"https:\/\/ecrevis.eco\/site\/#\/schema\/logo\/image\/\"},\"sameAs\":[\"https:\/\/www.facebook.com\/ecrevis.annecy\",\"https:\/\/www.instagram.com\/ecrevis.annecy\",\"https:\/\/www.linkedin.com\/company\/ecrevisannecy\/\"]}]}<\/script>\n<!-- \/ Yoast SEO plugin. -->","yoast_head_json":{"title":"Le fonctionnement interne - L&#039;ECREVIS","robots":{"index":"index","follow":"follow","max-snippet":"max-snippet:-1","max-image-preview":"max-image-preview:large","max-video-preview":"max-video-preview:-1"},"canonical":"https:\/\/ecrevis.eco\/site\/le-fonctionnement-interne\/","og_locale":"fr_FR","og_type":"article","og_title":"Le fonctionnement interne - L&#039;ECREVIS","og_description":"Le fonctionnement interne L&rsquo;ECREVIS est un lieu \u00e0 part, dont le fonctionnement est unique. Voici une br\u00e8ve explication du fonctionnement interne : Le projet associatif Notre vision : un autre mod\u00e8le est possible Nous partons du constat que le monde actuel ne r\u00e9pond plus aux enjeux du vivant et qu\u2019un autre mod\u00e8le est possible, n\u00e9cessaire [&hellip;]","og_url":"https:\/\/ecrevis.eco\/site\/le-fonctionnement-interne\/","og_site_name":"L&#039;ECREVIS","article_publisher":"https:\/\/www.facebook.com\/ecrevis.annecy","article_modified_time":"2025-07-03T13:26:57+00:00","twitter_card":"summary_large_image","twitter_misc":{"Dur\u00e9e de lecture estim\u00e9e":"1 minute"},"schema":{"@context":"https:\/\/schema.org","@graph":[{"@type":"WebPage","@id":"https:\/\/ecrevis.eco\/site\/le-fonctionnement-interne\/","url":"https:\/\/ecrevis.eco\/site\/le-fonctionnement-interne\/","name":"Le fonctionnement interne - L&#039;ECREVIS","isPartOf":{"@id":"https:\/\/ecrevis.eco\/site\/#website"},"datePublished":"2025-07-03T13:26:53+00:00","dateModified":"2025-07-03T13:26:57+00:00","breadcrumb":{"@id":"https:\/\/ecrevis.eco\/site\/le-fonctionnement-interne\/#breadcrumb"},"inLanguage":"fr-FR","potentialAction":[{"@type":"ReadAction","target":["https:\/\/ecrevis.eco\/site\/le-fonctionnement-interne\/"]}]},{"@type":"BreadcrumbList","@id":"https:\/\/ecrevis.eco\/site\/le-fonctionnement-interne\/#breadcrumb","itemListElement":[{"@type":"ListItem","position":1,"name":"Accueil","item":"https:\/\/ecrevis.eco\/site\/"},{"@type":"ListItem","position":2,"name":"Le fonctionnement interne"}]},{"@type":"WebSite","@id":"https:\/\/ecrevis.eco\/site\/#website","url":"https:\/\/ecrevis.eco\/site\/","name":"L'ECREVIS","description":"","publisher":{"@id":"https:\/\/ecrevis.eco\/site\/#organization"},"potentialAction":[{"@type":"SearchAction","target":{"@type":"EntryPoint","urlTemplate":"https:\/\/ecrevis.eco\/site\/?s={search_term_string}"},"query-input":{"@type":"PropertyValueSpecification","valueRequired":true,"valueName":"search_term_string"}}],"inLanguage":"fr-FR"},{"@type":"Organization","@id":"https:\/\/ecrevis.eco\/site\/#organization","name":"L'ECREVIS","url":"https:\/\/ecrevis.eco\/site\/","logo":{"@type":"ImageObject","inLanguage":"fr-FR","@id":"https:\/\/ecrevis.eco\/site\/#\/schema\/logo\/image\/","url":"https:\/\/ecrevis.eco\/site\/wp-content\/uploads\/2019\/03\/cropped-LOGO-E-CRE-VIS-BLEU-1.jpg","contentUrl":"https:\/\/ecrevis.eco\/site\/wp-content\/uploads\/2019\/03\/cropped-LOGO-E-CRE-VIS-BLEU-1.jpg","width":1529,"height":1174,"caption":"L'ECREVIS"},"image":{"@id":"https:\/\/ecrevis.eco\/site\/#\/schema\/logo\/image\/"},"sameAs":["https:\/\/www.facebook.com\/ecrevis.annecy","https:\/\/www.instagram.com\/ecrevis.annecy","https:\/\/www.linkedin.com\/company\/ecrevisannecy\/"]}]}},"_links":{"self":[{"href":"https:\/\/ecrevis.eco\/site\/wp-json\/wp\/v2\/pages\/6661"}],"collection":[{"href":"https:\/\/ecrevis.eco\/site\/wp-json\/wp\/v2\/pages"}],"about":[{"href":"https:\/\/ecrevis.eco\/site\/wp-json\/wp\/v2\/types\/page"}],"author":[{"embeddable":true,"href":"https:\/\/ecrevis.eco\/site\/wp-json\/wp\/v2\/users\/20"}],"replies":[{"embeddable":true,"href":"https:\/\/ecrevis.eco\/site\/wp-json\/wp\/v2\/comments?post=6661"}],"version-history":[{"count":49,"href":"https:\/\/ecrevis.eco\/site\/wp-json\/wp\/v2\/pages\/6661\/revisions"}],"predecessor-version":[{"id":6975,"href":"https:\/\/ecrevis.eco\/site\/wp-json\/wp\/v2\/pages\/6661\/revisions\/6975"}],"wp:attachment":[{"href":"https:\/\/ecrevis.eco\/site\/wp-json\/wp\/v2\/media?parent=6661"}],"curies":[{"name":"wp","href":"https:\/\/api.w.org\/{rel}","templated":true}]}}